{"id":2357,"date":"2016-05-06T09:41:13","date_gmt":"2016-05-06T07:41:13","guid":{"rendered":"http:\/\/novalimglutenfree.com\/hu\/obchod\/pekti-bezglutenovy-chlieb-konzumny-240g\/"},"modified":"2016-05-17T22:25:41","modified_gmt":"2016-05-17T20:25:41","slug":"pekti-glutenmentes-videki-kenyer-240g","status":"publish","type":"product","link":"https:\/\/novalimglutenfree.com\/hu\/obchod\/kenyer-sutemenyek-knedli-hu\/glutenmentes-kenyer-sutemenyek-knedli-hu\/pekti-glutenmentes-videki-kenyer-240g\/","title":{"rendered":"PEKTI-glut\u00e9nmentes vid\u00e9ki keny\u00e9r 240g"},"content":{"rendered":"<p><strong>PEKTI-BEZGLUT\u00c9NOV\u00dd CHLIEB KONZUMN\u00dd<\/strong> &#8211; bezlepkov\u00fd racion\u00e1lny chlieb jemnej \u0161trukt\u00fary &#8211; nov\u00e9 zlo\u017eenie. Balen\u00fd v ochrannej atmosf\u00e9re.<\/p>\n<p><strong>Trvanlivos\u0165<\/strong> 60 dn\u00ed<\/p>\n<p><strong>Balenie:<\/strong> 240g<\/p>\n<p><strong>Inform\u00e1cie o v\u00fdrobku:<\/strong> Zlo\u017eenie: voda, kukuri\u010dn\u00fd \u0161krob, zemiakov\u00fd \u0161krob, zemiakov\u00e1 m\u00faka, ry\u017eov\u00e1 m\u00faka, poh\u00e1nkov\u00e1 m\u00faka, hrachov\u00e1 bielkovina , rastlinn\u00e1 vl\u00e1knina, rastlinn\u00fd tuk, dextr\u00f3za, dro\u017edie, zahus\u0165ovadlo: E464; jedl\u00e1 so\u013e, fermentovan\u00fd cukor.<\/p>\n<p><strong>100 g v\u00fdrobku priemerne obsahuje:<\/strong> 4,8 g bielkov\u00edn, 59,6 g sacharidov a 2,4 g tukov<\/p>\n<p><strong>Energetick\u00e1 hodnota<\/strong>: 1167 kJ; 279 kcal<\/p>\n","protected":false},"excerpt":{"rendered":"<p>PEKTI-BEZGLUT\u00c9NOV\u00dd CHLIEB KONZUMN\u00dd &#8211; bezlepkov\u00fd racion\u00e1lny chlieb jemnej \u009atrukt\u00fary &#8211; nov\u00e9 zlo\u009eenie. Balen\u00fd v ochrannej atmosf\u00e9re.<\/p>\n","protected":false},"featured_media":3666,"comment_status":"closed","ping_status":"closed","template":"","meta":[],"yoast_head":"<!-- This site is optimized with the Yoast SEO plugin v15.7 - https:\/\/yoast.com\/wordpress\/plugins\/seo\/ -->\n<title>PEKTI-glut\u00e9nmentes vid\u00e9ki keny\u00e9r 240g - Novalim<\/title>\n<meta name=\"robots\" content=\"index, follow, max-snippet:-1, max-image-preview:large, max-video-preview:-1\" \/>\n<link rel=\"canonical\" href=\"https:\/\/www.novalimglutenfree.com\/hu\/obchod\/kenyer-sutemenyek-knedli-hu\/glutenmentes-kenyer-sutemenyek-knedli-hu\/pekti-glutenmentes-videki-kenyer-240g\/\" \/>\n<meta property=\"og:locale\" content=\"hu_HU\" \/>\n<meta property=\"og:type\" content=\"article\" \/>\n<meta property=\"og:title\" content=\"PEKTI-glut\u00e9nmentes vid\u00e9ki keny\u00e9r 240g - Novalim\" \/>\n<meta property=\"og:description\" content=\"PEKTI-BEZGLUT\u00c9NOV\u00dd CHLIEB KONZUMN\u00dd - bezlepkov\u00fd racion\u00e1lny chlieb jemnej \u009atrukt\u00fary - nov\u00e9 zlo\u009eenie. Balen\u00fd v ochrannej atmosf\u00e9re.\" \/>\n<meta property=\"og:url\" content=\"https:\/\/www.novalimglutenfree.com\/hu\/obchod\/kenyer-sutemenyek-knedli-hu\/glutenmentes-kenyer-sutemenyek-knedli-hu\/pekti-glutenmentes-videki-kenyer-240g\/\" \/>\n<meta property=\"og:site_name\" content=\"Novalim\" \/>\n<meta property=\"article:modified_time\" content=\"2016-05-17T20:25:41+00:00\" \/>\n<meta property=\"og:image\" content=\"https:\/\/novalimglutenfree.com\/wp-content\/uploads\/2016\/05\/Pekti-240g.jpg\" \/>\n\t<meta property=\"og:image:width\" content=\"413\" \/>\n\t<meta property=\"og:image:height\" content=\"618\" \/>\n<meta name=\"twitter:card\" content=\"summary\" \/>\n<script type=\"application\/ld+json\" class=\"yoast-schema-graph\">{\"@context\":\"https:\/\/schema.org\",\"@graph\":[{\"@type\":\"WebSite\",\"@id\":\"https:\/\/www.novalimglutenfree.com\/de\/#website\",\"url\":\"https:\/\/www.novalimglutenfree.com\/de\/\",\"name\":\"Novalim\",\"description\":\"Bezlepkov\\u00e9 potraviny, bezlepkov\\u00e9 recepty, celiakia, PKU\",\"potentialAction\":[{\"@type\":\"SearchAction\",\"target\":\"https:\/\/www.novalimglutenfree.com\/de\/?s={search_term_string}\",\"query-input\":\"required name=search_term_string\"}],\"inLanguage\":\"hu\"},{\"@type\":\"ImageObject\",\"@id\":\"https:\/\/www.novalimglutenfree.com\/hu\/obchod\/kenyer-sutemenyek-knedli-hu\/glutenmentes-kenyer-sutemenyek-knedli-hu\/pekti-glutenmentes-videki-kenyer-240g\/#primaryimage\",\"inLanguage\":\"hu\",\"url\":\"https:\/\/novalimglutenfree.com\/wp-content\/uploads\/2016\/05\/Pekti-240g.jpg\",\"width\":413,\"height\":618},{\"@type\":\"WebPage\",\"@id\":\"https:\/\/www.novalimglutenfree.com\/hu\/obchod\/kenyer-sutemenyek-knedli-hu\/glutenmentes-kenyer-sutemenyek-knedli-hu\/pekti-glutenmentes-videki-kenyer-240g\/#webpage\",\"url\":\"https:\/\/www.novalimglutenfree.com\/hu\/obchod\/kenyer-sutemenyek-knedli-hu\/glutenmentes-kenyer-sutemenyek-knedli-hu\/pekti-glutenmentes-videki-kenyer-240g\/\",\"name\":\"PEKTI-glut\\u00e9nmentes vid\\u00e9ki keny\\u00e9r 240g - Novalim\",\"isPartOf\":{\"@id\":\"https:\/\/www.novalimglutenfree.com\/de\/#website\"},\"primaryImageOfPage\":{\"@id\":\"https:\/\/www.novalimglutenfree.com\/hu\/obchod\/kenyer-sutemenyek-knedli-hu\/glutenmentes-kenyer-sutemenyek-knedli-hu\/pekti-glutenmentes-videki-kenyer-240g\/#primaryimage\"},\"datePublished\":\"2016-05-06T07:41:13+00:00\",\"dateModified\":\"2016-05-17T20:25:41+00:00\",\"inLanguage\":\"hu\",\"potentialAction\":[{\"@type\":\"ReadAction\",\"target\":[\"https:\/\/www.novalimglutenfree.com\/hu\/obchod\/kenyer-sutemenyek-knedli-hu\/glutenmentes-kenyer-sutemenyek-knedli-hu\/pekti-glutenmentes-videki-kenyer-240g\/\"]}]}]}<\/script>\n<!-- \/ Yoast SEO plugin. -->","_links":{"self":[{"href":"https:\/\/novalimglutenfree.com\/hu\/wp-json\/wp\/v2\/product\/2357"}],"collection":[{"href":"https:\/\/novalimglutenfree.com\/hu\/wp-json\/wp\/v2\/product"}],"about":[{"href":"https:\/\/novalimglutenfree.com\/hu\/wp-json\/wp\/v2\/types\/product"}],"replies":[{"embeddable":true,"href":"https:\/\/novalimglutenfree.com\/hu\/wp-json\/wp\/v2\/comments?post=2357"}],"version-history":[{"count":0,"href":"https:\/\/novalimglutenfree.com\/hu\/wp-json\/wp\/v2\/product\/2357\/revisions"}],"wp:featuredmedia":[{"embeddable":true,"href":"https:\/\/novalimglutenfree.com\/hu\/wp-json\/wp\/v2\/media\/3666"}],"wp:attachment":[{"href":"https:\/\/novalimglutenfree.com\/hu\/wp-json\/wp\/v2\/media?parent=2357"}],"curies":[{"name":"wp","href":"https:\/\/api.w.org\/{rel}","templated":true}]}}