{"id":2252,"date":"2016-05-06T09:41:00","date_gmt":"2016-05-06T07:41:00","guid":{"rendered":"http:\/\/novalimglutenfree.com\/hu\/obchod\/nizkobielkovinove-cestoviny-aprocel-kolienka\/"},"modified":"2016-05-31T11:30:32","modified_gmt":"2016-05-31T09:30:32","slug":"alacsony-feherjetartalmu-teszta-aprocel-csuelloek","status":"publish","type":"product","link":"https:\/\/novalimglutenfree.com\/hu\/obchod\/teszta-hu\/alacsony-feherjetartalmu-teszta-hu\/alacsony-feherjetartalmu-teszta-aprocel-csuelloek\/","title":{"rendered":"Alacsony feh\u00e9rjetartalm\u00fa t\u00e9szta APROCEL-cs\u00fcll\u00f6k"},"content":{"rendered":"<p>APROCEL\u00ae bejegyzett v\u00e9djegy alacsony feh\u00e9rjetartalm\u00fa sz\u00e1razt\u00e9szt\u00e1k sz\u00e1m\u00e1ra. Feh\u00e9rjetartalom maxim\u00e1lisan 0,5 g\/100 g, fenilalanin max. 20 mg\/100 g. Alacsony feh\u00e9rjetartalm\u00fa sz\u00e1razt\u00e9szt\u00e1k nagy v\u00e1laszt\u00e9kban vannak gy\u00e1rtva.<\/p>\n<p>A k\u00f6vetkez\u0151 alakokat k\u00edn\u00e1ljuk:<\/p>\n<p>c\u00e9rnamet\u00e9lt, bet\u0171t\u00e9szta, sz\u00e9lesmet\u00e9lt, kagyl\u00f3, szarvacska nagy \u00e9s kicsi, tarhonya, csig\u00e1k, spagetti. Az \u00f6sszes sz\u00e1razt\u00e9szt\u00e1nak 12 h\u00f3napos tart\u00f3ss\u00e1ga van.<\/p>\n<p>Csomagol\u00e1s: 250 g<\/p>\n<p>INFORM\u00c1CI\u00d3K A TERM\u00c9KR\u0150L <\/p>\n<p>\u00d6sszet\u00e9tel:<\/p>\n<p>kukoricakem\u00e9ny\u00edt\u0151, m\u00f3dos\u00edtott kukoricakem\u00e9ny\u00edt\u0151, emulg\u00e1l\u00f3szer E471, term\u00e9szeti szinez\u00e9k E100. <\/p>\n<p>100 g term\u00e9k \u00e1tlagosan tartalmaz:<\/p>\n<p>0,40 g feh\u00e9rj\u00e9t, 87,70 g sz\u00e9nhidr\u00e1tot \u00e9s 1,40 g zs\u00edrt.<\/p>\n<p>Enegia\u00e9rt\u00e9k:<\/p>\n<p>1520 kJ<\/p>\n","protected":false},"excerpt":{"rendered":"<p>APROCEL\u00ae bejegyzett v\u00e9djegy alacsony feh\u00e9rjetartalm\u00fa sz\u00e1razt\u00e9szt\u00e1k sz\u00e1m\u00e1ra. Feh\u00e9rjetartalom maxim\u00e1lisan 0,5 g\/100 g, fenilalanin max. 20 mg\/100 g. Alacsony feh\u00e9rjetartalm\u00fa sz\u00e1razt\u00e9szt\u00e1k nagy v\u00e1laszt\u00e9kban vannak gy\u00e1rtva.<\/p>\n","protected":false},"featured_media":2221,"comment_status":"closed","ping_status":"closed","template":"","meta":[],"yoast_head":"<!-- This site is optimized with the Yoast SEO plugin v15.7 - https:\/\/yoast.com\/wordpress\/plugins\/seo\/ -->\n<title>Alacsony feh\u00e9rjetartalm\u00fa t\u00e9szta APROCEL-cs\u00fcll\u00f6k - Novalim<\/title>\n<meta name=\"robots\" content=\"index, follow, max-snippet:-1, max-image-preview:large, max-video-preview:-1\" \/>\n<link rel=\"canonical\" href=\"https:\/\/www.novalimglutenfree.com\/hu\/obchod\/teszta-hu\/alacsony-feherjetartalmu-teszta-hu\/alacsony-feherjetartalmu-teszta-aprocel-csuelloek\/\" \/>\n<meta property=\"og:locale\" content=\"hu_HU\" \/>\n<meta property=\"og:type\" content=\"article\" \/>\n<meta property=\"og:title\" content=\"Alacsony feh\u00e9rjetartalm\u00fa t\u00e9szta APROCEL-cs\u00fcll\u00f6k - Novalim\" \/>\n<meta property=\"og:description\" content=\"APROCEL\u00ae bejegyzett v\u00e9djegy alacsony feh\u00e9rjetartalm\u00fa sz\u00e1razt\u00e9szt\u00e1k sz\u00e1m\u00e1ra. Feh\u00e9rjetartalom maxim\u00e1lisan 0,5 g\/100 g, fenilalanin max. 20 mg\/100 g. Alacsony feh\u00e9rjetartalm\u00fa sz\u00e1razt\u00e9szt\u00e1k nagy v\u00e1laszt\u00e9kban vannak gy\u00e1rtva.\" \/>\n<meta property=\"og:url\" content=\"https:\/\/www.novalimglutenfree.com\/hu\/obchod\/teszta-hu\/alacsony-feherjetartalmu-teszta-hu\/alacsony-feherjetartalmu-teszta-aprocel-csuelloek\/\" \/>\n<meta property=\"og:site_name\" content=\"Novalim\" \/>\n<meta property=\"article:modified_time\" content=\"2016-05-31T09:30:32+00:00\" \/>\n<meta property=\"og:image\" content=\"https:\/\/novalimglutenfree.com\/wp-content\/uploads\/2016\/05\/Aprocel-3.jpg\" \/>\n\t<meta property=\"og:image:width\" content=\"456\" \/>\n\t<meta property=\"og:image:height\" content=\"617\" \/>\n<meta name=\"twitter:card\" content=\"summary\" \/>\n<meta name=\"twitter:label1\" content=\"Becs\u00fclt olvas\u00e1si id\u0151\">\n\t<meta name=\"twitter:data1\" content=\"1 perc\">\n<script type=\"application\/ld+json\" class=\"yoast-schema-graph\">{\"@context\":\"https:\/\/schema.org\",\"@graph\":[{\"@type\":\"WebSite\",\"@id\":\"https:\/\/www.novalimglutenfree.com\/de\/#website\",\"url\":\"https:\/\/www.novalimglutenfree.com\/de\/\",\"name\":\"Novalim\",\"description\":\"Bezlepkov\\u00e9 potraviny, bezlepkov\\u00e9 recepty, celiakia, PKU\",\"potentialAction\":[{\"@type\":\"SearchAction\",\"target\":\"https:\/\/www.novalimglutenfree.com\/de\/?s={search_term_string}\",\"query-input\":\"required name=search_term_string\"}],\"inLanguage\":\"hu\"},{\"@type\":\"ImageObject\",\"@id\":\"https:\/\/www.novalimglutenfree.com\/hu\/obchod\/teszta-hu\/alacsony-feherjetartalmu-teszta-hu\/alacsony-feherjetartalmu-teszta-aprocel-csuelloek\/#primaryimage\",\"inLanguage\":\"hu\",\"url\":\"https:\/\/novalimglutenfree.com\/wp-content\/uploads\/2016\/05\/Aprocel-3.jpg\",\"width\":456,\"height\":617},{\"@type\":\"WebPage\",\"@id\":\"https:\/\/www.novalimglutenfree.com\/hu\/obchod\/teszta-hu\/alacsony-feherjetartalmu-teszta-hu\/alacsony-feherjetartalmu-teszta-aprocel-csuelloek\/#webpage\",\"url\":\"https:\/\/www.novalimglutenfree.com\/hu\/obchod\/teszta-hu\/alacsony-feherjetartalmu-teszta-hu\/alacsony-feherjetartalmu-teszta-aprocel-csuelloek\/\",\"name\":\"Alacsony feh\\u00e9rjetartalm\\u00fa t\\u00e9szta APROCEL-cs\\u00fcll\\u00f6k - Novalim\",\"isPartOf\":{\"@id\":\"https:\/\/www.novalimglutenfree.com\/de\/#website\"},\"primaryImageOfPage\":{\"@id\":\"https:\/\/www.novalimglutenfree.com\/hu\/obchod\/teszta-hu\/alacsony-feherjetartalmu-teszta-hu\/alacsony-feherjetartalmu-teszta-aprocel-csuelloek\/#primaryimage\"},\"datePublished\":\"2016-05-06T07:41:00+00:00\",\"dateModified\":\"2016-05-31T09:30:32+00:00\",\"inLanguage\":\"hu\",\"potentialAction\":[{\"@type\":\"ReadAction\",\"target\":[\"https:\/\/www.novalimglutenfree.com\/hu\/obchod\/teszta-hu\/alacsony-feherjetartalmu-teszta-hu\/alacsony-feherjetartalmu-teszta-aprocel-csuelloek\/\"]}]}]}<\/script>\n<!-- \/ Yoast SEO plugin. -->","_links":{"self":[{"href":"https:\/\/novalimglutenfree.com\/hu\/wp-json\/wp\/v2\/product\/2252"}],"collection":[{"href":"https:\/\/novalimglutenfree.com\/hu\/wp-json\/wp\/v2\/product"}],"about":[{"href":"https:\/\/novalimglutenfree.com\/hu\/wp-json\/wp\/v2\/types\/product"}],"replies":[{"embeddable":true,"href":"https:\/\/novalimglutenfree.com\/hu\/wp-json\/wp\/v2\/comments?post=2252"}],"version-history":[{"count":0,"href":"https:\/\/novalimglutenfree.com\/hu\/wp-json\/wp\/v2\/product\/2252\/revisions"}],"wp:featuredmedia":[{"embeddable":true,"href":"https:\/\/novalimglutenfree.com\/hu\/wp-json\/wp\/v2\/media\/2221"}],"wp:attachment":[{"href":"https:\/\/novalimglutenfree.com\/hu\/wp-json\/wp\/v2\/media?parent=2252"}],"curies":[{"name":"wp","href":"https:\/\/api.w.org\/{rel}","templated":true}]}}