{"id":2077,"date":"2017-02-22T23:48:48","date_gmt":"2016-05-06T07:40:34","guid":{"rendered":"http:\/\/novalimglutenfree.com\/obchod\/promix-ch\/"},"modified":"2016-05-17T22:20:14","modified_gmt":"2016-05-17T20:20:14","slug":"promix-ch-glutenmentes-kenyer-lisztkeverek","status":"publish","type":"product","link":"https:\/\/novalimglutenfree.com\/hu\/obchod\/liszt-hu\/glutenmentes-lisztkeverekek-hu\/promix-ch-glutenmentes-kenyer-lisztkeverek\/","title":{"rendered":"PROMIX -CH, glut\u00e9nmentes keny\u00e9r lisztkever\u00e9k"},"content":{"rendered":"<div id=\"Layer5\" class=\"bodystyle\">\n<div id=\"Layer5\" class=\"bodystyle\">\n<div id=\"Layer5\" class=\"bodystyle\"><strong>Promix \u00ae-CH<\/strong> &#8211; glut\u00e9nmentes liszt mix k\u00e9sz\u00fclt term\u00e9szetesen glut\u00e9n- \u00e9s b\u00fazamentes alapanyagok .<br \/> C\u00e9lja, hogy felk\u00e9sz\u00edtse a f\u00e9ny k\u00f6m\u00e9ny kenyeret. A kever\u00e9k\u00a0 tartalmaz cukrot, s\u00f3t \u00e9s a k\u00f6m\u00e9nyt. Kell hozz\u00e1 \u00e9leszt\u0151-\u00e9s zs\u00edr (v\u00edz). A t\u00e9szta akkor folyamat egy elektromos kever\u0151, vagy k\u00e9zzel, am\u00edg marad sima, f\u00e9nyes \u00e9s a hegym\u00e1sz\u00e1s.<\/p>\n<p>Csomagol\u00e1s: 1 kg<\/p>\n<\/div>\n<\/div>\n<\/div>\n<p>\u00a0<\/p>\n<h4>Term\u00e9k inform\u00e1ci\u00f3:<\/h4>\n<div id=\"Layer1\" class=\"bodystyle\">\n<div id=\"Layer1\" class=\"bodystyle\">\n<div id=\"Layer1\" class=\"bodystyle\"><strong>Hozz\u00e1val\u00f3k:<\/strong><br \/> burgonyakem\u00e9ny\u00edt\u0151, kukoricakem\u00e9ny\u00edt\u0151, burgonya liszt, m\u00f3dos\u00edtott kukoricakem\u00e9ny\u00edt\u0151, sz\u00f3jaliszt, sav\u00f3por, s\u0171r\u00edt\u0151anyagok: guar liszt \u00e9s E466;cukor, s\u00f3, emulge\u00e1l\u00f3szer E471, k\u00f6m\u00e9ny.<\/p>\n<p><strong>100 g term\u00e9k tartalmaz \u00e1tlagban:<\/strong><br \/> 1,4 g feh\u00e9rje, 87,5 g sz\u00e9nhidr\u00e1t \u00e9s 1,0 gramm zs\u00edrt.<\/p>\n<p><strong>Energia:<\/strong><br \/> 1561 kJ, 373,4 kcal<\/p>\n<\/div>\n<\/div>\n<\/div>\n","protected":false},"excerpt":{"rendered":"<div id=\"Layer5\" class=\"bodystyle\">\n<div id=\"Layer5\" class=\"bodystyle\">\n<div id=\"Layer5\" class=\"bodystyle\">\u00a0glut\u00e9nmentes liszt mix k\u00e9sz\u00fclt term\u00e9szetesen glut\u00e9n- \u00e9s b\u00fazamentes alapanyagok .<br \/> C\u00e9lja, hogy felk\u00e9sz\u00edtse a f\u00e9ny k\u00f6m\u00e9ny kenyeret. A kever\u00e9k\u00a0 tartalmaz cukrot, s\u00f3t \u00e9s a k\u00f6m\u00e9nyt. Kell hozz\u00e1 \u00e9leszt\u0151-\u00e9s zs\u00edr (v\u00edz). A t\u00e9szta akkor folyamat egy elektromos kever\u0151, vagy k\u00e9zzel, am\u00edg marad sima, f\u00e9nyes \u00e9s a hegym\u00e1sz\u00e1s.\u00a0<\/div>\n<\/div>\n<\/div>\n","protected":false},"featured_media":1046,"comment_status":"open","ping_status":"closed","template":"","meta":[],"yoast_head":"<!-- This site is optimized with the Yoast SEO plugin v15.7 - https:\/\/yoast.com\/wordpress\/plugins\/seo\/ -->\n<title>PROMIX -CH, glut\u00e9nmentes keny\u00e9r lisztkever\u00e9k - Novalim<\/title>\n<meta name=\"robots\" content=\"index, follow, max-snippet:-1, max-image-preview:large, max-video-preview:-1\" \/>\n<link rel=\"canonical\" href=\"https:\/\/novalimglutenfree.com\/hu\/obchod\/liszt-hu\/glutenmentes-lisztkeverekek-hu\/promix-ch-glutenmentes-kenyer-lisztkeverek\/\" \/>\n<meta property=\"og:locale\" content=\"hu_HU\" \/>\n<meta property=\"og:type\" content=\"article\" \/>\n<meta property=\"og:title\" content=\"PROMIX -CH, glut\u00e9nmentes keny\u00e9r lisztkever\u00e9k - Novalim\" \/>\n<meta property=\"og:description\" content=\"\u00a0glut\u00e9nmentes liszt mix k\u00e9sz\u00fclt term\u00e9szetesen glut\u00e9n- \u00e9s b\u00fazamentes alapanyagok . C\u00e9lja, hogy felk\u00e9sz\u00edtse a f\u00e9ny k\u00f6m\u00e9ny kenyeret. A kever\u00e9k\u00a0 tartalmaz cukrot, s\u00f3t \u00e9s a k\u00f6m\u00e9nyt. Kell hozz\u00e1 \u00e9leszt\u0151-\u00e9s zs\u00edr (v\u00edz). A t\u00e9szta akkor folyamat egy elektromos kever\u0151, vagy k\u00e9zzel, am\u00edg marad sima, f\u00e9nyes \u00e9s a hegym\u00e1sz\u00e1s.\u00a0\" \/>\n<meta property=\"og:url\" content=\"https:\/\/novalimglutenfree.com\/hu\/obchod\/liszt-hu\/glutenmentes-lisztkeverekek-hu\/promix-ch-glutenmentes-kenyer-lisztkeverek\/\" \/>\n<meta property=\"og:site_name\" content=\"Novalim\" \/>\n<meta property=\"article:modified_time\" content=\"2016-05-17T20:20:14+00:00\" \/>\n<meta property=\"og:image\" content=\"https:\/\/novalimglutenfree.com\/wp-content\/uploads\/2016\/05\/Promix_CH.jpg\" \/>\n\t<meta property=\"og:image:width\" content=\"413\" \/>\n\t<meta property=\"og:image:height\" content=\"618\" \/>\n<meta name=\"twitter:card\" content=\"summary\" \/>\n<meta name=\"twitter:label1\" content=\"Becs\u00fclt olvas\u00e1si id\u0151\">\n\t<meta name=\"twitter:data1\" content=\"1 perc\">\n<script type=\"application\/ld+json\" class=\"yoast-schema-graph\">{\"@context\":\"https:\/\/schema.org\",\"@graph\":[{\"@type\":\"WebSite\",\"@id\":\"https:\/\/www.novalimglutenfree.com\/de\/#website\",\"url\":\"https:\/\/www.novalimglutenfree.com\/de\/\",\"name\":\"Novalim\",\"description\":\"Bezlepkov\\u00e9 potraviny, bezlepkov\\u00e9 recepty, celiakia, PKU\",\"potentialAction\":[{\"@type\":\"SearchAction\",\"target\":\"https:\/\/www.novalimglutenfree.com\/de\/?s={search_term_string}\",\"query-input\":\"required name=search_term_string\"}],\"inLanguage\":\"hu\"},{\"@type\":\"ImageObject\",\"@id\":\"https:\/\/novalimglutenfree.com\/hu\/obchod\/liszt-hu\/glutenmentes-lisztkeverekek-hu\/promix-ch-glutenmentes-kenyer-lisztkeverek\/#primaryimage\",\"inLanguage\":\"hu\",\"url\":\"https:\/\/novalimglutenfree.com\/wp-content\/uploads\/2016\/05\/Promix_CH.jpg\",\"width\":413,\"height\":618},{\"@type\":\"WebPage\",\"@id\":\"https:\/\/novalimglutenfree.com\/hu\/obchod\/liszt-hu\/glutenmentes-lisztkeverekek-hu\/promix-ch-glutenmentes-kenyer-lisztkeverek\/#webpage\",\"url\":\"https:\/\/novalimglutenfree.com\/hu\/obchod\/liszt-hu\/glutenmentes-lisztkeverekek-hu\/promix-ch-glutenmentes-kenyer-lisztkeverek\/\",\"name\":\"PROMIX -CH, glut\\u00e9nmentes keny\\u00e9r lisztkever\\u00e9k - Novalim\",\"isPartOf\":{\"@id\":\"https:\/\/www.novalimglutenfree.com\/de\/#website\"},\"primaryImageOfPage\":{\"@id\":\"https:\/\/novalimglutenfree.com\/hu\/obchod\/liszt-hu\/glutenmentes-lisztkeverekek-hu\/promix-ch-glutenmentes-kenyer-lisztkeverek\/#primaryimage\"},\"datePublished\":\"2016-05-06T07:40:34+00:00\",\"dateModified\":\"2016-05-17T20:20:14+00:00\",\"inLanguage\":\"hu\",\"potentialAction\":[{\"@type\":\"ReadAction\",\"target\":[\"https:\/\/novalimglutenfree.com\/hu\/obchod\/liszt-hu\/glutenmentes-lisztkeverekek-hu\/promix-ch-glutenmentes-kenyer-lisztkeverek\/\"]}]}]}<\/script>\n<!-- \/ Yoast SEO plugin. -->","_links":{"self":[{"href":"https:\/\/novalimglutenfree.com\/hu\/wp-json\/wp\/v2\/product\/2077"}],"collection":[{"href":"https:\/\/novalimglutenfree.com\/hu\/wp-json\/wp\/v2\/product"}],"about":[{"href":"https:\/\/novalimglutenfree.com\/hu\/wp-json\/wp\/v2\/types\/product"}],"replies":[{"embeddable":true,"href":"https:\/\/novalimglutenfree.com\/hu\/wp-json\/wp\/v2\/comments?post=2077"}],"version-history":[{"count":0,"href":"https:\/\/novalimglutenfree.com\/hu\/wp-json\/wp\/v2\/product\/2077\/revisions"}],"wp:featuredmedia":[{"embeddable":true,"href":"https:\/\/novalimglutenfree.com\/hu\/wp-json\/wp\/v2\/media\/1046"}],"wp:attachment":[{"href":"https:\/\/novalimglutenfree.com\/hu\/wp-json\/wp\/v2\/media?parent=2077"}],"curies":[{"name":"wp","href":"https:\/\/api.w.org\/{rel}","templated":true}]}}