{"id":1937,"date":"2016-05-06T09:40:34","date_gmt":"2016-05-06T07:40:34","guid":{"rendered":"http:\/\/novalimglutenfree.com\/hu\/obchod\/bezlepkove-cestoviny-procelz-ni%c2%9dovky\/"},"modified":"2023-03-31T14:01:59","modified_gmt":"2023-03-31T12:01:59","slug":"glutenmentes-teszta-procel-cernametelt","status":"publish","type":"product","link":"https:\/\/novalimglutenfree.com\/hu\/obchod\/teszta-hu\/glutenmentes-teszta-hu\/glutenmentes-teszta-procel-cernametelt\/","title":{"rendered":"Glut\u00e9nmentes t\u00e9szta PROCEL -c\u00e9rnamet\u00e9lt"},"content":{"rendered":"<div id=\"Layer5\" class=\"bodystyle\"><strong>PROCEL \u00ae<\/strong>\u00a0&#8211; a standard sz\u00e1rszt\u00e9szt\u00e1k kukoricakem\u00e9ny\u00edt\u0151 alapon toj\u00e1sfeh\u00e9rje tartalommal \u00e9s kurkuma term\u00e9szetes fest\u00e9kkel<\/div>\n<div class=\"bodystyle\">\u00a0<\/div>\n<h4>Term\u00e9k inform\u00e1ci\u00f3:<\/h4>\n<div id=\"Layer1\" class=\"bodystyle\">\n<div id=\"Layer1\" class=\"bodystyle\">\n<div id=\"Layer1\" class=\"bodystyle\">\n<div id=\"Layer1\" class=\"bodystyle\">\n<div id=\"Layer1\" class=\"bodystyle\">\n<div id=\"Layer1\" class=\"bodystyle\">\n<div id=\"Layer1\" class=\"bodystyle\">\n<div id=\"Layer1\" class=\"bodystyle\">\n<div id=\"Layer1\" class=\"bodystyle\">\n<div id=\"Layer1\" class=\"bodystyle\">\n<div id=\"Layer1\" class=\"bodystyle\"><strong>Hozz\u00e1val\u00f3k:<\/strong><br \/>kukoricakem\u00e9ny\u00edt\u0151, m\u00f3dos\u00edtott kukoricakem\u00e9ny\u00edt\u0151, sz\u00e1r\u00edtott toj\u00e1sfeh\u00e9rje, emulge\u00e1l\u00f3szer E471, E100 term\u00e9szetes fest\u00e9k<\/p>\n<p><strong>100 g term\u00e9k tartalmaz \u00e1tlagban:<\/strong><br \/>1,30 g feh\u00e9rje, 86,60 g sz\u00e9nhidr\u00e1t, 1,40 g zs\u00edr<\/p>\n<p><strong>Energia:<\/strong><\/p>\n<\/div>\n<\/div>\n<\/div>\n<\/div>\n<\/div>\n<\/div>\n<\/div>\n<\/div>\n<\/div>\n<\/div>\n<\/div>\n<p>1559 kJ, 372,8 kcall<\/p>\n","protected":false},"excerpt":{"rendered":"<p>standard sz\u00e1rszt\u00e9szt\u00e1k kukoricakem\u00e9ny\u00edt\u0151 alapon toj\u00e1sfeh\u00e9rje tartalommal \u00e9s kurkuma term\u00e9szetes fest\u00e9kkel<\/p>\n","protected":false},"featured_media":10813,"comment_status":"closed","ping_status":"closed","template":"","meta":[],"yoast_head":"<!-- This site is optimized with the Yoast SEO plugin v15.7 - https:\/\/yoast.com\/wordpress\/plugins\/seo\/ -->\n<title>Glut\u00e9nmentes t\u00e9szta PROCEL -c\u00e9rnamet\u00e9lt - Novalim<\/title>\n<meta name=\"robots\" content=\"index, follow, max-snippet:-1, max-image-preview:large, max-video-preview:-1\" \/>\n<link rel=\"canonical\" href=\"https:\/\/www.novalimglutenfree.com\/hu\/obchod\/teszta-hu\/glutenmentes-teszta-hu\/glutenmentes-teszta-procel-cernametelt\/\" \/>\n<meta property=\"og:locale\" content=\"hu_HU\" \/>\n<meta property=\"og:type\" content=\"article\" \/>\n<meta property=\"og:title\" content=\"Glut\u00e9nmentes t\u00e9szta PROCEL -c\u00e9rnamet\u00e9lt - Novalim\" \/>\n<meta property=\"og:description\" content=\"standard sz\u00e1rszt\u00e9szt\u00e1k kukoricakem\u00e9ny\u00edt\u0151 alapon toj\u00e1sfeh\u00e9rje tartalommal \u00e9s kurkuma term\u00e9szetes fest\u00e9kkel\" \/>\n<meta property=\"og:url\" content=\"https:\/\/www.novalimglutenfree.com\/hu\/obchod\/teszta-hu\/glutenmentes-teszta-hu\/glutenmentes-teszta-procel-cernametelt\/\" \/>\n<meta property=\"og:site_name\" content=\"Novalim\" \/>\n<meta property=\"article:modified_time\" content=\"2023-03-31T12:01:59+00:00\" \/>\n<meta property=\"og:image\" content=\"https:\/\/novalimglutenfree.com\/wp-content\/uploads\/2016\/05\/NOVALIM_cestoviny_hruby-mockup_NITOVKY-1.jpg\" \/>\n\t<meta property=\"og:image:width\" content=\"1171\" \/>\n\t<meta property=\"og:image:height\" content=\"1240\" \/>\n<meta name=\"twitter:card\" content=\"summary\" \/>\n<script type=\"application\/ld+json\" class=\"yoast-schema-graph\">{\"@context\":\"https:\/\/schema.org\",\"@graph\":[{\"@type\":\"WebSite\",\"@id\":\"https:\/\/www.novalimglutenfree.com\/de\/#website\",\"url\":\"https:\/\/www.novalimglutenfree.com\/de\/\",\"name\":\"Novalim\",\"description\":\"Bezlepkov\\u00e9 potraviny, bezlepkov\\u00e9 recepty, celiakia, PKU\",\"potentialAction\":[{\"@type\":\"SearchAction\",\"target\":\"https:\/\/www.novalimglutenfree.com\/de\/?s={search_term_string}\",\"query-input\":\"required name=search_term_string\"}],\"inLanguage\":\"hu\"},{\"@type\":\"ImageObject\",\"@id\":\"https:\/\/www.novalimglutenfree.com\/hu\/obchod\/teszta-hu\/glutenmentes-teszta-hu\/glutenmentes-teszta-procel-cernametelt\/#primaryimage\",\"inLanguage\":\"hu\",\"url\":\"https:\/\/novalimglutenfree.com\/wp-content\/uploads\/2016\/05\/NOVALIM_cestoviny_hruby-mockup_NITOVKY-1.jpg\",\"width\":1171,\"height\":1240},{\"@type\":\"WebPage\",\"@id\":\"https:\/\/www.novalimglutenfree.com\/hu\/obchod\/teszta-hu\/glutenmentes-teszta-hu\/glutenmentes-teszta-procel-cernametelt\/#webpage\",\"url\":\"https:\/\/www.novalimglutenfree.com\/hu\/obchod\/teszta-hu\/glutenmentes-teszta-hu\/glutenmentes-teszta-procel-cernametelt\/\",\"name\":\"Glut\\u00e9nmentes t\\u00e9szta PROCEL -c\\u00e9rnamet\\u00e9lt - Novalim\",\"isPartOf\":{\"@id\":\"https:\/\/www.novalimglutenfree.com\/de\/#website\"},\"primaryImageOfPage\":{\"@id\":\"https:\/\/www.novalimglutenfree.com\/hu\/obchod\/teszta-hu\/glutenmentes-teszta-hu\/glutenmentes-teszta-procel-cernametelt\/#primaryimage\"},\"datePublished\":\"2016-05-06T07:40:34+00:00\",\"dateModified\":\"2023-03-31T12:01:59+00:00\",\"inLanguage\":\"hu\",\"potentialAction\":[{\"@type\":\"ReadAction\",\"target\":[\"https:\/\/www.novalimglutenfree.com\/hu\/obchod\/teszta-hu\/glutenmentes-teszta-hu\/glutenmentes-teszta-procel-cernametelt\/\"]}]}]}<\/script>\n<!-- \/ Yoast SEO plugin. -->","_links":{"self":[{"href":"https:\/\/novalimglutenfree.com\/hu\/wp-json\/wp\/v2\/product\/1937"}],"collection":[{"href":"https:\/\/novalimglutenfree.com\/hu\/wp-json\/wp\/v2\/product"}],"about":[{"href":"https:\/\/novalimglutenfree.com\/hu\/wp-json\/wp\/v2\/types\/product"}],"replies":[{"embeddable":true,"href":"https:\/\/novalimglutenfree.com\/hu\/wp-json\/wp\/v2\/comments?post=1937"}],"version-history":[{"count":0,"href":"https:\/\/novalimglutenfree.com\/hu\/wp-json\/wp\/v2\/product\/1937\/revisions"}],"wp:featuredmedia":[{"embeddable":true,"href":"https:\/\/novalimglutenfree.com\/hu\/wp-json\/wp\/v2\/media\/10813"}],"wp:attachment":[{"href":"https:\/\/novalimglutenfree.com\/hu\/wp-json\/wp\/v2\/media?parent=1937"}],"curies":[{"name":"wp","href":"https:\/\/api.w.org\/{rel}","templated":true}]}}