{"id":1849,"date":"2016-05-06T09:40:34","date_gmt":"2016-05-06T07:40:34","guid":{"rendered":"http:\/\/novalimglutenfree.com\/hu\/obchod\/bezlepkova-knedza-v-pra%c2%9aku\/"},"modified":"2024-01-26T14:37:23","modified_gmt":"2024-01-26T12:37:23","slug":"glutenmentes-knedli-poralakban","status":"publish","type":"product","link":"https:\/\/novalimglutenfree.com\/hu\/obchod\/liszt-hu\/glutenmentes-liszt-keszitmenyek-hu\/glutenmentes-knedli-poralakban\/","title":{"rendered":"Glut\u00e9nmentes KN\u00c9DLI poralakban"},"content":{"rendered":"<p><strong>INFORM\u00c1CI\u00d3K A TERM\u00c9KR\u0150L<\/strong> \u00d6sszet\u00e9tel: kukoricakem\u00e9ny\u00edt\u0151, burgonyakem\u00e9ny\u00edt\u0151, rizsliszt rizsliszt, kukoricaliszt, m\u00f3dos\u00edtott kukoricakem\u00e9ny\u00edt\u0151, burgonyaliszt, amarnatgy\u00f6ngy\u00f6k, sz\u00f3jaliszt, gu\u00e1rliszt E412, s\u00f3, emulg\u00e1l\u00f3szer E471, laz\u00edt\u00f3k E450, E500<\/p>\n<p><strong>Csomagol\u00e1s:<\/strong>\u00a0250 g<\/p>\n<p><strong>100 g term\u00e9k \u00e1tlagosan tartalmaz:<\/strong> 3,1 g feh\u00e9rj\u00e9t, 81,6 g sz\u00e9nhidr\u00e1tot \u00e9s 1,3 g zs\u00edrt.<\/p>\n<p><strong>Enegia\u00e9rt\u00e9k:<\/strong> 1499 kJ; 358,7 kcal<\/p>\n","protected":false},"excerpt":{"rendered":"<p>Glut\u00e9nmentes KN\u00c9DLI poralakban<\/p>\n","protected":false},"featured_media":11094,"comment_status":"closed","ping_status":"closed","template":"","meta":[],"yoast_head":"<!-- This site is optimized with the Yoast SEO plugin v15.7 - https:\/\/yoast.com\/wordpress\/plugins\/seo\/ -->\n<title>Glut\u00e9nmentes KN\u00c9DLI poralakban - Novalim<\/title>\n<meta name=\"robots\" content=\"index, follow, max-snippet:-1, max-image-preview:large, max-video-preview:-1\" \/>\n<link rel=\"canonical\" href=\"https:\/\/novalimglutenfree.com\/hu\/obchod\/liszt-hu\/glutenmentes-liszt-keszitmenyek-hu\/glutenmentes-knedli-poralakban\/\" \/>\n<meta property=\"og:locale\" content=\"hu_HU\" \/>\n<meta property=\"og:type\" content=\"article\" \/>\n<meta property=\"og:title\" content=\"Glut\u00e9nmentes KN\u00c9DLI poralakban - Novalim\" \/>\n<meta property=\"og:description\" content=\"Glut\u00e9nmentes KN\u00c9DLI poralakban\" \/>\n<meta property=\"og:url\" content=\"https:\/\/novalimglutenfree.com\/hu\/obchod\/liszt-hu\/glutenmentes-liszt-keszitmenyek-hu\/glutenmentes-knedli-poralakban\/\" \/>\n<meta property=\"og:site_name\" content=\"Novalim\" \/>\n<meta property=\"article:modified_time\" content=\"2024-01-26T12:37:23+00:00\" \/>\n<meta property=\"og:image\" content=\"https:\/\/novalimglutenfree.com\/wp-content\/uploads\/2016\/05\/knedla_m.png\" \/>\n\t<meta property=\"og:image:width\" content=\"603\" \/>\n\t<meta property=\"og:image:height\" content=\"796\" \/>\n<meta name=\"twitter:card\" content=\"summary\" \/>\n<script type=\"application\/ld+json\" class=\"yoast-schema-graph\">{\"@context\":\"https:\/\/schema.org\",\"@graph\":[{\"@type\":\"WebSite\",\"@id\":\"https:\/\/www.novalimglutenfree.com\/de\/#website\",\"url\":\"https:\/\/www.novalimglutenfree.com\/de\/\",\"name\":\"Novalim\",\"description\":\"Bezlepkov\\u00e9 potraviny, bezlepkov\\u00e9 recepty, celiakia, PKU\",\"potentialAction\":[{\"@type\":\"SearchAction\",\"target\":\"https:\/\/www.novalimglutenfree.com\/de\/?s={search_term_string}\",\"query-input\":\"required name=search_term_string\"}],\"inLanguage\":\"hu\"},{\"@type\":\"ImageObject\",\"@id\":\"https:\/\/novalimglutenfree.com\/hu\/obchod\/liszt-hu\/glutenmentes-liszt-keszitmenyek-hu\/glutenmentes-knedli-poralakban\/#primaryimage\",\"inLanguage\":\"hu\",\"url\":\"https:\/\/novalimglutenfree.com\/wp-content\/uploads\/2016\/05\/knedla_m.png\",\"width\":603,\"height\":796},{\"@type\":\"WebPage\",\"@id\":\"https:\/\/novalimglutenfree.com\/hu\/obchod\/liszt-hu\/glutenmentes-liszt-keszitmenyek-hu\/glutenmentes-knedli-poralakban\/#webpage\",\"url\":\"https:\/\/novalimglutenfree.com\/hu\/obchod\/liszt-hu\/glutenmentes-liszt-keszitmenyek-hu\/glutenmentes-knedli-poralakban\/\",\"name\":\"Glut\\u00e9nmentes KN\\u00c9DLI poralakban - Novalim\",\"isPartOf\":{\"@id\":\"https:\/\/www.novalimglutenfree.com\/de\/#website\"},\"primaryImageOfPage\":{\"@id\":\"https:\/\/novalimglutenfree.com\/hu\/obchod\/liszt-hu\/glutenmentes-liszt-keszitmenyek-hu\/glutenmentes-knedli-poralakban\/#primaryimage\"},\"datePublished\":\"2016-05-06T07:40:34+00:00\",\"dateModified\":\"2024-01-26T12:37:23+00:00\",\"inLanguage\":\"hu\",\"potentialAction\":[{\"@type\":\"ReadAction\",\"target\":[\"https:\/\/novalimglutenfree.com\/hu\/obchod\/liszt-hu\/glutenmentes-liszt-keszitmenyek-hu\/glutenmentes-knedli-poralakban\/\"]}]}]}<\/script>\n<!-- \/ Yoast SEO plugin. -->","_links":{"self":[{"href":"https:\/\/novalimglutenfree.com\/hu\/wp-json\/wp\/v2\/product\/1849"}],"collection":[{"href":"https:\/\/novalimglutenfree.com\/hu\/wp-json\/wp\/v2\/product"}],"about":[{"href":"https:\/\/novalimglutenfree.com\/hu\/wp-json\/wp\/v2\/types\/product"}],"replies":[{"embeddable":true,"href":"https:\/\/novalimglutenfree.com\/hu\/wp-json\/wp\/v2\/comments?post=1849"}],"version-history":[{"count":0,"href":"https:\/\/novalimglutenfree.com\/hu\/wp-json\/wp\/v2\/product\/1849\/revisions"}],"wp:featuredmedia":[{"embeddable":true,"href":"https:\/\/novalimglutenfree.com\/hu\/wp-json\/wp\/v2\/media\/11094"}],"wp:attachment":[{"href":"https:\/\/novalimglutenfree.com\/hu\/wp-json\/wp\/v2\/media?parent=1849"}],"curies":[{"name":"wp","href":"https:\/\/api.w.org\/{rel}","templated":true}]}}