{"id":1868,"date":"2016-05-07T21:06:43","date_gmt":"2016-05-07T19:06:43","guid":{"rendered":"http:\/\/novalimglutenfree.com\/hu\/o-novalim\/"},"modified":"2016-06-02T09:29:37","modified_gmt":"2016-06-02T07:29:37","slug":"mintegy-novalim","status":"publish","type":"page","link":"https:\/\/novalimglutenfree.com\/hu\/mintegy-novalim\/","title":{"rendered":"Mintegy Novalim"},"content":{"rendered":"<div id='av_section_1'  class='avia-section main_color avia-section-default avia-no-shadow  avia-bg-style-scroll  avia-builder-el-0  el_before_av_section  avia-builder-el-first   container_wrap sidebar_right' style=' '  ><div class='container' ><main  role=\"main\" itemprop=\"mainContentOfPage\"  class='template-page content  av-content-small alpha units'><div class='post-entry post-entry-type-page post-entry-1868'><div class='entry-content-wrapper clearfix'>\n<section class=\"av_textblock_section \"  itemscope=\"itemscope\" itemtype=\"https:\/\/schema.org\/CreativeWork\" ><div class='avia_textblock  '   itemprop=\"text\" ><h1>Mintegy Novalim<\/h1>\n<\/div><\/section>\n<div class=\"flex_column av_one_half  flex_column_div av-zero-column-padding first  avia-builder-el-2  el_after_av_textblock  el_before_av_one_half  column-top-margin\" style='border-radius:0px; '><div  class='avia-image-container  av-styling-    avia-builder-el-3  avia-builder-el-no-sibling  avia-align-center '  itemprop=\"image\" itemscope=\"itemscope\" itemtype=\"https:\/\/schema.org\/ImageObject\"  ><div class='avia-image-container-inner'><div class='avia-image-overlay-wrap'><img class='wp-image-1654 avia-img-lazy-loading-not-1654 avia_image' src=\"https:\/\/novalimglutenfree.com\/wp-content\/uploads\/2016\/05\/D75_2387_resize.jpg\" alt='' title='D75_2387_resize' height=\"430\" width=\"644\"  itemprop=\"thumbnailUrl\" srcset=\"https:\/\/novalimglutenfree.com\/wp-content\/uploads\/2016\/05\/D75_2387_resize.jpg 926w, https:\/\/novalimglutenfree.com\/wp-content\/uploads\/2016\/05\/D75_2387_resize-450x300.jpg 450w\" sizes=\"(max-width: 644px) 100vw, 644px\" \/><\/div><\/div><\/div><\/div><div class=\"flex_column av_one_half  flex_column_div av-zero-column-padding   avia-builder-el-4  el_after_av_one_half  avia-builder-el-last  column-top-margin\" style='border-radius:0px; '><section class=\"av_textblock_section \"  itemscope=\"itemscope\" itemtype=\"https:\/\/schema.org\/CreativeWork\" ><div class='avia_textblock  '   itemprop=\"text\" ><h3>Filoz\u00f3fi\u00e1nk<\/h3>\n<\/div><\/section><br \/>\n<section class=\"av_textblock_section \"  itemscope=\"itemscope\" itemtype=\"https:\/\/schema.org\/CreativeWork\" ><div class='avia_textblock  '   itemprop=\"text\" ><p><i>&#8220;Egyre jobb \u00e9s sz\u00e9lesebb k\u00f6r\u0171 \u00e9telek, \u00edzletes, \u00e9s a legjobb az eg\u00e9szs\u00e9gre&#8221;<\/i><\/p>\n<p>Novalim<\/p>\n<p>Ez a mott\u00f3ja a c\u00e9g, amely 1991 \u00f3ta szakosodott a termel\u00e9s glut\u00e9nmentes di\u00e9ta (glut\u00e9nmentes) \u00e9s alacsony feh\u00e9rjetartalm\u00fa \u00e9lelmiszerek. \u00c9p\u00edtett\u00fcnk k\u00fcl\u00f6n helyis\u00e9gben, ahol term\u00e9keket kiz\u00e1r\u00f3lag glut\u00e9nmentes term\u00e9kek. Az alkalmazottak a c\u00e9g sok \u00e9ves tapasztalattal rendelkezik az \u00e9lelmiszer-technol\u00f3gia, a mikrobiol\u00f3gia \u00e9s a kapcsol\u00f3d\u00f3 ter\u00fcleteken. A folyamatos kutat\u00e1s \u00e9s fejleszt\u00e9s \u00f6n\u00e1ll\u00f3an \u00e9s egy\u00fcttm\u0171k\u00f6dve jelent\u0151s kutat\u00e1si k\u00f6zpontok. Ez\u00e1ltal mi biztos\u00edtan\u00e1 a folyamatos termel\u00e9s az innov\u00e1ci\u00f3 \u00e9s a dinamikus fejl\u0151d\u00e9s a c\u00e9g.<\/p>\n<\/div><\/section><\/p><\/div>\n\n<\/div><\/div><\/main><!-- close content main element --><\/div><\/div><div id='av_section_2'  class='avia-section main_color avia-section-default avia-no-shadow  avia-bg-style-scroll  avia-builder-el-7  el_after_av_section  el_before_av_section   container_wrap sidebar_right' style=' '  ><div class='container' ><div class='template-page content  av-content-small alpha units'><div class='post-entry post-entry-type-page post-entry-1868'><div class='entry-content-wrapper clearfix'>\n<div class=\"flex_column av_one_half  flex_column_div av-zero-column-padding first  avia-builder-el-8  el_before_av_one_half  avia-builder-el-first  \" style='border-radius:0px; '><section class=\"av_textblock_section \"  itemscope=\"itemscope\" itemtype=\"https:\/\/schema.org\/CreativeWork\" ><div class='avia_textblock  '   itemprop=\"text\" ><h3>Mi t\u00f6rt\u00e9net\u00fcnk<\/h3>\n<\/div><\/section><br \/>\n<section class=\"av_textblock_section \"  itemscope=\"itemscope\" itemtype=\"https:\/\/schema.org\/CreativeWork\" ><div class='avia_textblock  '   itemprop=\"text\" ><p>Novalim c\u00e9g 1991-ben alakult \u00e9s szakosodott a fejleszt\u00e9s \u00e9s gy\u00e1rt\u00e1s a glut\u00e9nmentes (glut\u00e9nmentes) \u00e9s alacsony feh\u00e9rje term\u00e9k. Alap\u00edt\u00f3ja, Ing. Jozef Poprac, PhD., Felhaszn\u00e1lta sok\u00e9ves tapasztalattal a munka a kutat\u00e1s \u00e9s fejleszt\u00e9s az \u00e9lelmiszer-term\u00e9kek, \u00edgy a legk\u00fcl\u00f6nb\u00f6z\u0151bb min\u0151s\u00e9gi glut\u00e9nmentes \u00e9s alacsony feh\u00e9rjetartalm\u00fa term\u00e9kek Novalim c\u00e9g k\u00edn\u00e1l \u00fcgyfeleinek e-kereskedelem, a kiskereskedelmi \u00fczletek \u00e9s a gy\u00f3gyszert\u00e1rakban. \u00c1ll\u00e1spontja Szlov\u00e1kia Eur\u00f3pa sz\u00edv\u00e9ben lehet\u0151v\u00e9 teszi a v\u00e1llalat hat\u00e9konyan ell\u00e1tni az eur\u00f3pai piacon.<\/p>\n<\/div><\/section><\/p><\/div><div class=\"flex_column av_one_half  flex_column_div av-zero-column-padding   avia-builder-el-11  el_after_av_one_half  avia-builder-el-last  \" style='border-radius:0px; '><div  class='avia-image-container  av-styling-    avia-builder-el-12  avia-builder-el-no-sibling  avia-align-center '  itemprop=\"image\" itemscope=\"itemscope\" itemtype=\"https:\/\/schema.org\/ImageObject\"  ><div class='avia-image-container-inner'><div class='avia-image-overlay-wrap'><img class='wp-image-1650 avia-img-lazy-loading-not-1650 avia_image' src=\"https:\/\/novalimglutenfree.com\/wp-content\/uploads\/2016\/05\/Novalim_Team.jpg\" alt='' title='Novalim_Team' height=\"430\" width=\"644\"  itemprop=\"thumbnailUrl\" srcset=\"https:\/\/novalimglutenfree.com\/wp-content\/uploads\/2016\/05\/Novalim_Team.jpg 926w, https:\/\/novalimglutenfree.com\/wp-content\/uploads\/2016\/05\/Novalim_Team-450x300.jpg 450w\" sizes=\"(max-width: 644px) 100vw, 644px\" \/><\/div><\/div><\/div><\/div><\/div><\/div><\/div><!-- close content main div --><\/div><\/div><div id='av_section_3'  class='avia-section main_color avia-section-default avia-no-shadow  avia-bg-style-scroll  avia-builder-el-13  el_after_av_section  avia-builder-el-last   container_wrap sidebar_right' style=' '  ><div class='container' ><div class='template-page content  av-content-small alpha units'><div class='post-entry post-entry-type-page post-entry-1868'><div class='entry-content-wrapper clearfix'>\n<div class=\"flex_column av_one_half  flex_column_div av-zero-column-padding first  avia-builder-el-14  el_before_av_one_half  avia-builder-el-first  \" style='border-radius:0px; '><div  class='avia-image-container  av-styling-    avia-builder-el-15  avia-builder-el-no-sibling  avia-align-center '  itemprop=\"image\" itemscope=\"itemscope\" itemtype=\"https:\/\/schema.org\/ImageObject\"  ><div class='avia-image-container-inner'><div class='avia-image-overlay-wrap'><img class='wp-image-1660 avia-img-lazy-loading-not-1660 avia_image' src=\"https:\/\/novalimglutenfree.com\/wp-content\/uploads\/2016\/05\/Rolls.jpg\" alt='' title='Rolls' height=\"430\" width=\"645\"  itemprop=\"thumbnailUrl\" srcset=\"https:\/\/novalimglutenfree.com\/wp-content\/uploads\/2016\/05\/Rolls.jpg 927w, https:\/\/novalimglutenfree.com\/wp-content\/uploads\/2016\/05\/Rolls-450x300.jpg 450w\" sizes=\"(max-width: 645px) 100vw, 645px\" \/><\/div><\/div><\/div><\/div><div class=\"flex_column av_one_half  flex_column_div av-zero-column-padding   avia-builder-el-16  el_after_av_one_half  avia-builder-el-last  \" style='border-radius:0px; '><section class=\"av_textblock_section \"  itemscope=\"itemscope\" itemtype=\"https:\/\/schema.org\/CreativeWork\" ><div class='avia_textblock  '   itemprop=\"text\" ><h3>Min\u0151s\u00e9g\u0171 \u00f6sszetev\u0151ket<\/h3>\n<\/div><\/section><br \/>\n<section class=\"av_textblock_section \"  itemscope=\"itemscope\" itemtype=\"https:\/\/schema.org\/CreativeWork\" ><div class='avia_textblock  '   itemprop=\"text\" ><p>Hangs\u00falyozzuk a biztons\u00e1gi term\u00e9keink, \u00e9s ez\u00e9rt nem haszn\u00e1lhat\u00f3 b\u00fazakem\u00e9ny\u00edt\u0151, amely lehet marad\u00e9k sik\u00e9r hordoz\u00f3ja (glut\u00e9n). Tov\u00e1bb\u00e1, hogy a lehet\u0151 legnagyobb m\u00e9rt\u00e9kben haszn\u00e1ljuk a term\u00e9szeti er\u0151forr\u00e1sokat. Az els\u0151dleges \u00f6sszetev\u0151je a term\u00e9kek, mint a kukorica \u00e9s a burgonya-kem\u00e9ny\u00edt\u0151 \u00e9s a rizs, a kukorica \u00e9s sz\u00f3ja liszt.<\/p>\n<p>Rendszeres megfigyel\u00e9s\u00e9re a term\u00e9kek biztons\u00e1g\u00e1t a v\u00e1llalat bevezette az \u00fagynevezett Novalim. HACCP \u00e9s a c\u00e9g Bel-NOVAMANN International. Alapanyagok \u00e9s term\u00e9kek, s\u0151t vannak kit\u00e9ve folyamatos fel\u00fclvizsg\u00e1latot K\u00f6zeg\u00e9szs\u00e9g\u00fcgyi a Szlov\u00e1k K\u00f6zt\u00e1rsas\u00e1g.<\/p>\n<ul>\n<li>A m\u0171veletek szakosodott, hogy k\u00e9sz\u00edtsen csak glut\u00e9nmentes (glut\u00e9nmentes) term\u00e9kek<\/li>\n<li>Minden term\u00e9k\u00fcnk k\u00e9sz\u00fclt term\u00e9szetesen glut\u00e9nmentes \u00f6sszetev\u0151ket \u00e9s nep\u0161eni\u010dn\u00fdch<\/li>\n<\/ul>\n<\/div><\/section><\/p><\/div><\/div><\/div><\/div><!-- close content main div --><\/div><\/div><div id='after_section_3'  class='main_color av_default_container_wrap container_wrap sidebar_right' style=' '  ><div class='container' ><div class='template-page content  av-content-small alpha units'><div class='post-entry post-entry-type-page post-entry-1868'><div class='entry-content-wrapper clearfix'><\/p>\n","protected":false},"excerpt":{"rendered":"","protected":false},"author":3,"featured_media":0,"parent":0,"menu_order":0,"comment_status":"closed","ping_status":"closed","template":"","meta":[],"yoast_head":"<!-- This site is optimized with the Yoast SEO plugin v15.7 - https:\/\/yoast.com\/wordpress\/plugins\/seo\/ -->\n<title>Mintegy Novalim - Novalim<\/title>\n<meta name=\"description\" content=\"Ez a mott\u00f3ja a c\u00e9g, amely 1991 \u00f3ta szakosodott a termel\u00e9s glut\u00e9nmentes di\u00e9ta (glut\u00e9nmentes) \u00e9s alacsony feh\u00e9rjetartalm\u00fa \u00e9lelmiszerek.\" \/>\n<meta name=\"robots\" content=\"index, follow, max-snippet:-1, max-image-preview:large, max-video-preview:-1\" \/>\n<link rel=\"canonical\" href=\"https:\/\/novalimglutenfree.com\/hu\/mintegy-novalim\/\" \/>\n<meta property=\"og:locale\" content=\"hu_HU\" \/>\n<meta property=\"og:type\" content=\"article\" \/>\n<meta property=\"og:title\" content=\"Mintegy Novalim - Novalim\" \/>\n<meta property=\"og:description\" content=\"Ez a mott\u00f3ja a c\u00e9g, amely 1991 \u00f3ta szakosodott a termel\u00e9s glut\u00e9nmentes di\u00e9ta (glut\u00e9nmentes) \u00e9s alacsony feh\u00e9rjetartalm\u00fa \u00e9lelmiszerek.\" \/>\n<meta property=\"og:url\" content=\"https:\/\/novalimglutenfree.com\/hu\/mintegy-novalim\/\" \/>\n<meta property=\"og:site_name\" content=\"Novalim\" \/>\n<meta property=\"article:modified_time\" content=\"2016-06-02T07:29:37+00:00\" \/>\n<meta property=\"og:image\" content=\"http:\/\/novalimglutenfree.com\/wp-content\/uploads\/2016\/04\/Novalim_BANNER_B1_b.png\" \/>\n<meta name=\"twitter:card\" content=\"summary\" \/>\n<meta name=\"twitter:label1\" content=\"Becs\u00fclt olvas\u00e1si id\u0151\">\n\t<meta name=\"twitter:data1\" content=\"6 perc\">\n<script type=\"application\/ld+json\" class=\"yoast-schema-graph\">{\"@context\":\"https:\/\/schema.org\",\"@graph\":[{\"@type\":\"WebSite\",\"@id\":\"https:\/\/www.novalimglutenfree.com\/de\/#website\",\"url\":\"https:\/\/www.novalimglutenfree.com\/de\/\",\"name\":\"Novalim\",\"description\":\"Bezlepkov\\u00e9 potraviny, bezlepkov\\u00e9 recepty, celiakia, PKU\",\"potentialAction\":[{\"@type\":\"SearchAction\",\"target\":\"https:\/\/www.novalimglutenfree.com\/de\/?s={search_term_string}\",\"query-input\":\"required name=search_term_string\"}],\"inLanguage\":\"hu\"},{\"@type\":\"WebPage\",\"@id\":\"https:\/\/novalimglutenfree.com\/hu\/mintegy-novalim\/#webpage\",\"url\":\"https:\/\/novalimglutenfree.com\/hu\/mintegy-novalim\/\",\"name\":\"Mintegy Novalim - Novalim\",\"isPartOf\":{\"@id\":\"https:\/\/www.novalimglutenfree.com\/de\/#website\"},\"datePublished\":\"2016-05-07T19:06:43+00:00\",\"dateModified\":\"2016-06-02T07:29:37+00:00\",\"description\":\"Ez a mott\\u00f3ja a c\\u00e9g, amely 1991 \\u00f3ta szakosodott a termel\\u00e9s glut\\u00e9nmentes di\\u00e9ta (glut\\u00e9nmentes) \\u00e9s alacsony feh\\u00e9rjetartalm\\u00fa \\u00e9lelmiszerek.\",\"inLanguage\":\"hu\",\"potentialAction\":[{\"@type\":\"ReadAction\",\"target\":[\"https:\/\/novalimglutenfree.com\/hu\/mintegy-novalim\/\"]}]}]}<\/script>\n<!-- \/ Yoast SEO plugin. -->","_links":{"self":[{"href":"https:\/\/novalimglutenfree.com\/hu\/wp-json\/wp\/v2\/pages\/1868"}],"collection":[{"href":"https:\/\/novalimglutenfree.com\/hu\/wp-json\/wp\/v2\/pages"}],"about":[{"href":"https:\/\/novalimglutenfree.com\/hu\/wp-json\/wp\/v2\/types\/page"}],"author":[{"embeddable":true,"href":"https:\/\/novalimglutenfree.com\/hu\/wp-json\/wp\/v2\/users\/3"}],"replies":[{"embeddable":true,"href":"https:\/\/novalimglutenfree.com\/hu\/wp-json\/wp\/v2\/comments?post=1868"}],"version-history":[{"count":6,"href":"https:\/\/novalimglutenfree.com\/hu\/wp-json\/wp\/v2\/pages\/1868\/revisions"}],"predecessor-version":[{"id":3281,"href":"https:\/\/novalimglutenfree.com\/hu\/wp-json\/wp\/v2\/pages\/1868\/revisions\/3281"}],"wp:attachment":[{"href":"https:\/\/novalimglutenfree.com\/hu\/wp-json\/wp\/v2\/media?parent=1868"}],"curies":[{"name":"wp","href":"https:\/\/api.w.org\/{rel}","templated":true}]}}