{"id":2356,"date":"2016-05-06T09:41:13","date_gmt":"2016-05-06T07:41:13","guid":{"rendered":"http:\/\/novalimglutenfree.com\/de\/obchod\/pekti-bezglutenovy-chlieb-konzumny-240g\/"},"modified":"2018-09-21T09:35:52","modified_gmt":"2018-09-21T07:35:52","slug":"pekti-bezglutenovy-chlieb-konzumny-240g","status":"publish","type":"product","link":"https:\/\/novalimglutenfree.com\/de\/obchod\/brot-geback-knodel-de\/glutenfreies-brot-geback-knodel-de\/pekti-bezglutenovy-chlieb-konzumny-240g\/","title":{"rendered":"PEKTI-bezglut\u00e9nov\u00fd chlieb konzumn\u00fd, 240g"},"content":{"rendered":"<p>PEKTI-bezglut\u00e9nov\u00fd chlieb konzumn\u00fd &#8211; bezlepkov\u00fd racion\u00e1lny chlieb jemnej \u0161trukt\u00fary.<br \/>\nPotravina ur\u010den\u00e1 aj pre zvl\u00e1\u0161tnu v\u00fd\u017eivu, pre osoby s nezn\u00e1\u0161anlivos\u0165ou lepku. Vyroben\u00e1 z <strong>prirodzene bezlepkov\u00fdch<\/strong> a bezp\u0161eni\u010dn\u00fdch surov\u00edn.<\/p>\n<p>Balen\u00fd v ochrannej atmosf\u00e9re.<br \/>\nTrvanlivos\u0165 60 dn\u00ed<br \/>\nBalenie: 240g<\/p>\n<p><strong>Inform\u00e1cie o v\u00fdrobku:<\/strong><\/p>\n<p>Zlo\u017eenie: voda, kukuri\u010dn\u00fd \u0161krob, zemiakov\u00fd \u0161krob, ry\u017eov\u00e1 m\u00faka, poh\u00e1nkov\u00e1 m\u00faka, hrachov\u00e1 bielkovina, zemiakov\u00e1 m\u00faka, rastlinn\u00e1 vl\u00e1knina (jablkov\u00e1, psyllium), nestu\u017een\u00fd palmov\u00fd tuk, dextr\u00f3za, dro\u017edie, ry\u017eov\u00fd sirup, zahus\u0165ovadlo: hydroxypropyl-metyl celul\u00f3za, jedl\u00e1 so\u013e, fermentovan\u00fd cukor.<br \/>\n(glut\u00e9n &lt; 20 mg\/kg)<\/p>\n<p>100 g v\u00fdrobku priemerne obsahuje:<br \/>\n<strong>Energetick\u00e1 hodnota:<\/strong> 983 kJ, 235,2 kcal;<strong> Tuky:<\/strong> 2,4 g z toho 0,35 g nas\u00fdten\u00e9 mastn\u00e9 kyseliny; <strong>Sacharidy:<\/strong> 49,6,0 g z toho 3,2 g cukry; <strong>Vl\u00e1knina:<\/strong> 3,8 g; <strong>Bielkoviny:<\/strong> 3,8 g; <strong>So\u013e:<\/strong> 1,0 g;<\/p>\n<p>Pripravujeme na objedn\u00e1vku, pred\u013a\u017een\u00e1 dodacia doba.<\/p>\n","protected":false},"excerpt":{"rendered":"<p>PEKTI-bezglut\u00e9nov\u00fd chlieb konzumn\u00fd &#8211; bezlepkov\u00fd racion\u00e1lny chlieb jemnej \u0161trukt\u00fary.<br \/>\nPotravina ur\u010den\u00e1 aj pre zvl\u00e1\u0161tnu v\u00fd\u017eivu, pre osoby s nezn\u00e1\u0161anlivos\u0165ou lepku. Vyroben\u00e1 z <strong>prirodzene bezlepkov\u00fdch<\/strong> a bezp\u0161eni\u010dn\u00fdch surov\u00edn.<\/p>\n<p>Balen\u00fd v ochrannej atmosf\u00e9re.<br \/>\nTrvanlivos\u0165 60 dn\u00ed<br \/>\nBalenie: 240g<\/p>\n","protected":false},"featured_media":3665,"comment_status":"closed","ping_status":"closed","template":"","meta":[],"yoast_head":"<!-- This site is optimized with the Yoast SEO plugin v15.7 - https:\/\/yoast.com\/wordpress\/plugins\/seo\/ -->\n<title>PEKTI-bezglut\u00e9nov\u00fd chlieb konzumn\u00fd, 240g - Novalim<\/title>\n<meta name=\"robots\" content=\"index, follow, max-snippet:-1, max-image-preview:large, max-video-preview:-1\" \/>\n<link rel=\"canonical\" href=\"https:\/\/www.novalimglutenfree.com\/de\/obchod\/brot-geback-knodel-de\/glutenfreies-brot-geback-knodel-de\/pekti-bezglutenovy-chlieb-konzumny-240g\/\" \/>\n<meta property=\"og:locale\" content=\"de_DE\" \/>\n<meta property=\"og:type\" content=\"article\" \/>\n<meta property=\"og:title\" content=\"PEKTI-bezglut\u00e9nov\u00fd chlieb konzumn\u00fd, 240g - Novalim\" \/>\n<meta property=\"og:description\" content=\"PEKTI-bezglut\u00e9nov\u00fd chlieb konzumn\u00fd - bezlepkov\u00fd racion\u00e1lny chlieb jemnej \u0161trukt\u00fary. Potravina ur\u010den\u00e1 aj pre zvl\u00e1\u0161tnu v\u00fd\u017eivu, pre osoby s nezn\u00e1\u0161anlivos\u0165ou lepku. Vyroben\u00e1 z prirodzene bezlepkov\u00fdch a bezp\u0161eni\u010dn\u00fdch surov\u00edn.  Balen\u00fd v ochrannej atmosf\u00e9re. Trvanlivos\u0165 60 dn\u00ed Balenie: 240g\" \/>\n<meta property=\"og:url\" content=\"https:\/\/www.novalimglutenfree.com\/de\/obchod\/brot-geback-knodel-de\/glutenfreies-brot-geback-knodel-de\/pekti-bezglutenovy-chlieb-konzumny-240g\/\" \/>\n<meta property=\"og:site_name\" content=\"Novalim\" \/>\n<meta property=\"article:modified_time\" content=\"2018-09-21T07:35:52+00:00\" \/>\n<meta property=\"og:image\" content=\"https:\/\/novalimglutenfree.com\/wp-content\/uploads\/2016\/05\/Pekti-240g.jpg\" \/>\n\t<meta property=\"og:image:width\" content=\"413\" \/>\n\t<meta property=\"og:image:height\" content=\"618\" \/>\n<meta name=\"twitter:card\" content=\"summary\" \/>\n<meta name=\"twitter:label1\" content=\"Est. reading time\">\n\t<meta name=\"twitter:data1\" content=\"1 minute\">\n<script type=\"application\/ld+json\" class=\"yoast-schema-graph\">{\"@context\":\"https:\/\/schema.org\",\"@graph\":[{\"@type\":\"WebSite\",\"@id\":\"https:\/\/www.novalimglutenfree.com\/de\/#website\",\"url\":\"https:\/\/www.novalimglutenfree.com\/de\/\",\"name\":\"Novalim\",\"description\":\"Bezlepkov\\u00e9 potraviny, bezlepkov\\u00e9 recepty, celiakia, PKU\",\"potentialAction\":[{\"@type\":\"SearchAction\",\"target\":\"https:\/\/www.novalimglutenfree.com\/de\/?s={search_term_string}\",\"query-input\":\"required name=search_term_string\"}],\"inLanguage\":\"de-DE\"},{\"@type\":\"ImageObject\",\"@id\":\"https:\/\/www.novalimglutenfree.com\/de\/obchod\/brot-geback-knodel-de\/glutenfreies-brot-geback-knodel-de\/pekti-bezglutenovy-chlieb-konzumny-240g\/#primaryimage\",\"inLanguage\":\"de-DE\",\"url\":\"https:\/\/novalimglutenfree.com\/wp-content\/uploads\/2016\/05\/Pekti-240g.jpg\",\"width\":413,\"height\":618},{\"@type\":\"WebPage\",\"@id\":\"https:\/\/www.novalimglutenfree.com\/de\/obchod\/brot-geback-knodel-de\/glutenfreies-brot-geback-knodel-de\/pekti-bezglutenovy-chlieb-konzumny-240g\/#webpage\",\"url\":\"https:\/\/www.novalimglutenfree.com\/de\/obchod\/brot-geback-knodel-de\/glutenfreies-brot-geback-knodel-de\/pekti-bezglutenovy-chlieb-konzumny-240g\/\",\"name\":\"PEKTI-bezglut\\u00e9nov\\u00fd chlieb konzumn\\u00fd, 240g - Novalim\",\"isPartOf\":{\"@id\":\"https:\/\/www.novalimglutenfree.com\/de\/#website\"},\"primaryImageOfPage\":{\"@id\":\"https:\/\/www.novalimglutenfree.com\/de\/obchod\/brot-geback-knodel-de\/glutenfreies-brot-geback-knodel-de\/pekti-bezglutenovy-chlieb-konzumny-240g\/#primaryimage\"},\"datePublished\":\"2016-05-06T07:41:13+00:00\",\"dateModified\":\"2018-09-21T07:35:52+00:00\",\"inLanguage\":\"de-DE\",\"potentialAction\":[{\"@type\":\"ReadAction\",\"target\":[\"https:\/\/www.novalimglutenfree.com\/de\/obchod\/brot-geback-knodel-de\/glutenfreies-brot-geback-knodel-de\/pekti-bezglutenovy-chlieb-konzumny-240g\/\"]}]}]}<\/script>\n<!-- \/ Yoast SEO plugin. -->","_links":{"self":[{"href":"https:\/\/novalimglutenfree.com\/de\/wp-json\/wp\/v2\/product\/2356"}],"collection":[{"href":"https:\/\/novalimglutenfree.com\/de\/wp-json\/wp\/v2\/product"}],"about":[{"href":"https:\/\/novalimglutenfree.com\/de\/wp-json\/wp\/v2\/types\/product"}],"replies":[{"embeddable":true,"href":"https:\/\/novalimglutenfree.com\/de\/wp-json\/wp\/v2\/comments?post=2356"}],"version-history":[{"count":0,"href":"https:\/\/novalimglutenfree.com\/de\/wp-json\/wp\/v2\/product\/2356\/revisions"}],"wp:featuredmedia":[{"embeddable":true,"href":"https:\/\/novalimglutenfree.com\/de\/wp-json\/wp\/v2\/media\/3665"}],"wp:attachment":[{"href":"https:\/\/novalimglutenfree.com\/de\/wp-json\/wp\/v2\/media?parent=2356"}],"curies":[{"name":"wp","href":"https:\/\/api.w.org\/{rel}","templated":true}]}}