{"id":2235,"date":"2016-05-06T09:41:00","date_gmt":"2016-05-06T07:41:00","guid":{"rendered":"http:\/\/novalimglutenfree.com\/de\/obchod\/nizkobielkovinove-cestoviny-aprocel-ni%c2%9dtovky\/"},"modified":"2016-05-31T11:46:18","modified_gmt":"2016-05-31T09:46:18","slug":"eiweissarme-teigwaren-aprocel-fadennudeln","status":"publish","type":"product","link":"https:\/\/novalimglutenfree.com\/de\/obchod\/teigwaren-de\/eiweissarme-teigwaren-de\/eiweissarme-teigwaren-aprocel-fadennudeln\/","title":{"rendered":"Eiweissarme Teigwaren APROCEL-Fadennudeln"},"content":{"rendered":"<p>APROCEL\u00ae je registrovan\u00e1 ochrann\u00e1 zn\u00e1mka pre n\u00edzkobielkovinov\u00e9 cestoviny. Obsah bielkov\u00edn maxim\u00e1lne 0,5 g\/100 g, fenylalanin max. 20 mg\/100 g. N\u00edzkobielkovinov\u00e9 cestoviny sa vyr\u00e1baj\u00fa v \u0161irokom sortimente.<br \/>\nPon\u00fakame nasledovn\u00e9 tvary:<br \/>\nni\u0165ovky, abeceda, rezance, mu\u0161le, kolienka ve\u013ek\u00e9 a mal\u00e9, flia\u010dky ve\u013ek\u00e9 a mal\u00e9, tarho\u0148a, \u0161pir\u00e1ly, \u0161pagety.<br \/>\nV\u0161etky cestoviny maj\u00fa 12-mesa\u010dn\u00fa trvanlivos\u0165.<\/p>\n<p>Balenie: 250g<\/p>\n<p>Inform\u00e1cie o v\u00fdrobku:<\/p>\n<p>Zlo\u017eenie:<br \/>\nkukuri\u010dn\u00fd \u0161krob, upraven\u00fd kukuri\u010dn\u00fd \u0161krob, emulg\u00e1tor E471, pr\u00edrodn\u00e9 farbivo E100<br \/>\n100 g v\u00fdrobku priemerne obsahuje:<br \/>\n0,40 g bielkov\u00edn, 87,70 g sacharidov a 1,40 g tukov<\/p>\n<p>Energetick\u00e1 hodnota:<br \/>\n1520 kJ<\/p>\n","protected":false},"excerpt":{"rendered":"<p>Obsah bielkov\u00edn maxim\u00e1lne 0,5 g\/100 g, fenylalanin max. 20 mg\/100 g. N\u00edzkobielkovinov\u00e9 cestoviny sa vyr\u00e1baj\u00fa v \u009airokom sortimente.<\/p>\n","protected":false},"featured_media":2220,"comment_status":"closed","ping_status":"closed","template":"","meta":[],"yoast_head":"<!-- This site is optimized with the Yoast SEO plugin v15.7 - https:\/\/yoast.com\/wordpress\/plugins\/seo\/ -->\n<title>Eiweissarme Teigwaren APROCEL-Fadennudeln - Novalim<\/title>\n<meta name=\"robots\" content=\"index, follow, max-snippet:-1, max-image-preview:large, max-video-preview:-1\" \/>\n<link rel=\"canonical\" href=\"https:\/\/www.novalimglutenfree.com\/de\/obchod\/teigwaren-de\/eiweissarme-teigwaren-de\/eiweissarme-teigwaren-aprocel-fadennudeln\/\" \/>\n<meta property=\"og:locale\" content=\"de_DE\" \/>\n<meta property=\"og:type\" content=\"article\" \/>\n<meta property=\"og:title\" content=\"Eiweissarme Teigwaren APROCEL-Fadennudeln - Novalim\" \/>\n<meta property=\"og:description\" content=\"Obsah bielkov\u00edn maxim\u00e1lne 0,5 g\/100 g, fenylalanin max. 20 mg\/100 g. N\u00edzkobielkovinov\u00e9 cestoviny sa vyr\u00e1baj\u00fa v \u009airokom sortimente.\" \/>\n<meta property=\"og:url\" content=\"https:\/\/www.novalimglutenfree.com\/de\/obchod\/teigwaren-de\/eiweissarme-teigwaren-de\/eiweissarme-teigwaren-aprocel-fadennudeln\/\" \/>\n<meta property=\"og:site_name\" content=\"Novalim\" \/>\n<meta property=\"article:modified_time\" content=\"2016-05-31T09:46:18+00:00\" \/>\n<meta property=\"og:image\" content=\"https:\/\/novalimglutenfree.com\/wp-content\/uploads\/2016\/05\/Aprocel-3.jpg\" \/>\n\t<meta property=\"og:image:width\" content=\"456\" \/>\n\t<meta property=\"og:image:height\" content=\"617\" \/>\n<meta name=\"twitter:card\" content=\"summary\" \/>\n<meta name=\"twitter:label1\" content=\"Est. reading time\">\n\t<meta name=\"twitter:data1\" content=\"1 minute\">\n<script type=\"application\/ld+json\" class=\"yoast-schema-graph\">{\"@context\":\"https:\/\/schema.org\",\"@graph\":[{\"@type\":\"WebSite\",\"@id\":\"https:\/\/www.novalimglutenfree.com\/de\/#website\",\"url\":\"https:\/\/www.novalimglutenfree.com\/de\/\",\"name\":\"Novalim\",\"description\":\"Bezlepkov\\u00e9 potraviny, bezlepkov\\u00e9 recepty, celiakia, PKU\",\"potentialAction\":[{\"@type\":\"SearchAction\",\"target\":\"https:\/\/www.novalimglutenfree.com\/de\/?s={search_term_string}\",\"query-input\":\"required name=search_term_string\"}],\"inLanguage\":\"de-DE\"},{\"@type\":\"ImageObject\",\"@id\":\"https:\/\/www.novalimglutenfree.com\/de\/obchod\/teigwaren-de\/eiweissarme-teigwaren-de\/eiweissarme-teigwaren-aprocel-fadennudeln\/#primaryimage\",\"inLanguage\":\"de-DE\",\"url\":\"https:\/\/novalimglutenfree.com\/wp-content\/uploads\/2016\/05\/Aprocel-3.jpg\",\"width\":456,\"height\":617},{\"@type\":\"WebPage\",\"@id\":\"https:\/\/www.novalimglutenfree.com\/de\/obchod\/teigwaren-de\/eiweissarme-teigwaren-de\/eiweissarme-teigwaren-aprocel-fadennudeln\/#webpage\",\"url\":\"https:\/\/www.novalimglutenfree.com\/de\/obchod\/teigwaren-de\/eiweissarme-teigwaren-de\/eiweissarme-teigwaren-aprocel-fadennudeln\/\",\"name\":\"Eiweissarme Teigwaren APROCEL-Fadennudeln - Novalim\",\"isPartOf\":{\"@id\":\"https:\/\/www.novalimglutenfree.com\/de\/#website\"},\"primaryImageOfPage\":{\"@id\":\"https:\/\/www.novalimglutenfree.com\/de\/obchod\/teigwaren-de\/eiweissarme-teigwaren-de\/eiweissarme-teigwaren-aprocel-fadennudeln\/#primaryimage\"},\"datePublished\":\"2016-05-06T07:41:00+00:00\",\"dateModified\":\"2016-05-31T09:46:18+00:00\",\"inLanguage\":\"de-DE\",\"potentialAction\":[{\"@type\":\"ReadAction\",\"target\":[\"https:\/\/www.novalimglutenfree.com\/de\/obchod\/teigwaren-de\/eiweissarme-teigwaren-de\/eiweissarme-teigwaren-aprocel-fadennudeln\/\"]}]}]}<\/script>\n<!-- \/ Yoast SEO plugin. -->","_links":{"self":[{"href":"https:\/\/novalimglutenfree.com\/de\/wp-json\/wp\/v2\/product\/2235"}],"collection":[{"href":"https:\/\/novalimglutenfree.com\/de\/wp-json\/wp\/v2\/product"}],"about":[{"href":"https:\/\/novalimglutenfree.com\/de\/wp-json\/wp\/v2\/types\/product"}],"replies":[{"embeddable":true,"href":"https:\/\/novalimglutenfree.com\/de\/wp-json\/wp\/v2\/comments?post=2235"}],"version-history":[{"count":0,"href":"https:\/\/novalimglutenfree.com\/de\/wp-json\/wp\/v2\/product\/2235\/revisions"}],"wp:featuredmedia":[{"embeddable":true,"href":"https:\/\/novalimglutenfree.com\/de\/wp-json\/wp\/v2\/media\/2220"}],"wp:attachment":[{"href":"https:\/\/novalimglutenfree.com\/de\/wp-json\/wp\/v2\/media?parent=2235"}],"curies":[{"name":"wp","href":"https:\/\/api.w.org\/{rel}","templated":true}]}}