{"id":2042,"date":"2016-05-06T09:41:13","date_gmt":"2016-05-06T07:41:13","guid":{"rendered":"http:\/\/novalimglutenfree.com\/obchod\/promix-alfa\/"},"modified":"2016-05-17T22:15:25","modified_gmt":"2016-05-17T20:15:25","slug":"promix-alfa-universale-mineralisierte-glutenfreie-mehlmischung","status":"publish","type":"product","link":"https:\/\/novalimglutenfree.com\/de\/obchod\/mehl-de\/glutenfreie-mehlmischungen-de\/promix-alfa-universale-mineralisierte-glutenfreie-mehlmischung\/","title":{"rendered":"PROMIX-Alfa, universale mineralisierte glutenfreie Mehlmischung"},"content":{"rendered":"<p>Das vielseitige glutenfreies Mehl f\u00fcr die Herstellung von Backwaren und S\u00fc\u00dfwaren (Brot, Brot). Besonders geeignet f\u00fcr die Herstellung von Dampfnudeln und Kuchen, Strudel, Pizza und kleine salzige und s\u00fc\u00dfe Backwaren.<\/p>\n<p><strong>Produktinformationen:\u00a0<\/strong>Zutaten: Maisst\u00e4rke, Kartoffelst\u00e4rke, Reismehl, Sojamehl, Erbsenprotein, Guarkernmehl, Flohsamen Pflanzenfasern, Verdickungsmittel: Hydroxypropylmethylcellulose, einen Emulgator, Natriumstearoyllactylat, Mineralkomplex Algen.<\/p>\n<p><strong>100 g des Produktes enthalten durchschnittlich:\u00a0<\/strong>3,1 Gramm Protein; 84,8 g Kohlenhydrate 3,6 g Fett; 3,0 g Faser\u00a0180 mg Kalzium; 12 mg Magnesium und 72 Spurenelemente<\/p>\n<p><strong>Energiewert<\/strong>:\u00a01606 kJ; 384 kcal<\/p>\n","protected":false},"excerpt":{"rendered":"<p>Das vielseitige glutenfreies Mehl f\u00fcr die Herstellung von Backwaren und S\u00fc\u00dfwaren (Brot, Brot). Besonders geeignet f\u00fcr die Herstellung von Dampfnudeln und Kuchen, Strudel, Pizza und kleine salzige und s\u00fc\u00dfe Backwaren.<\/p>\n","protected":false},"featured_media":2043,"comment_status":"closed","ping_status":"closed","template":"","meta":[],"yoast_head":"<!-- This site is optimized with the Yoast SEO plugin v15.7 - https:\/\/yoast.com\/wordpress\/plugins\/seo\/ -->\n<title>PROMIX-Alfa, universale mineralisierte glutenfreie Mehlmischung - Novalim<\/title>\n<meta name=\"robots\" content=\"index, follow, max-snippet:-1, max-image-preview:large, max-video-preview:-1\" \/>\n<link rel=\"canonical\" href=\"https:\/\/www.novalimglutenfree.com\/de\/obchod\/mehl-de\/glutenfreie-mehlmischungen-de\/promix-alfa-universale-mineralisierte-glutenfreie-mehlmischung\/\" \/>\n<meta property=\"og:locale\" content=\"de_DE\" \/>\n<meta property=\"og:type\" content=\"article\" \/>\n<meta property=\"og:title\" content=\"PROMIX-Alfa, universale mineralisierte glutenfreie Mehlmischung - Novalim\" \/>\n<meta property=\"og:description\" content=\"Das vielseitige glutenfreies Mehl f\u00fcr die Herstellung von Backwaren und S\u00fc\u00dfwaren (Brot, Brot). Besonders geeignet f\u00fcr die Herstellung von Dampfnudeln und Kuchen, Strudel, Pizza und kleine salzige und s\u00fc\u00dfe Backwaren.\" \/>\n<meta property=\"og:url\" content=\"https:\/\/www.novalimglutenfree.com\/de\/obchod\/mehl-de\/glutenfreie-mehlmischungen-de\/promix-alfa-universale-mineralisierte-glutenfreie-mehlmischung\/\" \/>\n<meta property=\"og:site_name\" content=\"Novalim\" \/>\n<meta property=\"article:modified_time\" content=\"2016-05-17T20:15:25+00:00\" \/>\n<meta property=\"og:image\" content=\"https:\/\/novalimglutenfree.com\/wp-content\/uploads\/2016\/05\/Promix_Alfa.jpg\" \/>\n\t<meta property=\"og:image:width\" content=\"413\" \/>\n\t<meta property=\"og:image:height\" content=\"618\" \/>\n<meta name=\"twitter:card\" content=\"summary\" \/>\n<script type=\"application\/ld+json\" class=\"yoast-schema-graph\">{\"@context\":\"https:\/\/schema.org\",\"@graph\":[{\"@type\":\"WebSite\",\"@id\":\"https:\/\/www.novalimglutenfree.com\/de\/#website\",\"url\":\"https:\/\/www.novalimglutenfree.com\/de\/\",\"name\":\"Novalim\",\"description\":\"Bezlepkov\\u00e9 potraviny, bezlepkov\\u00e9 recepty, celiakia, PKU\",\"potentialAction\":[{\"@type\":\"SearchAction\",\"target\":\"https:\/\/www.novalimglutenfree.com\/de\/?s={search_term_string}\",\"query-input\":\"required name=search_term_string\"}],\"inLanguage\":\"de-DE\"},{\"@type\":\"ImageObject\",\"@id\":\"https:\/\/www.novalimglutenfree.com\/de\/obchod\/mehl-de\/glutenfreie-mehlmischungen-de\/promix-alfa-universale-mineralisierte-glutenfreie-mehlmischung\/#primaryimage\",\"inLanguage\":\"de-DE\",\"url\":\"https:\/\/novalimglutenfree.com\/wp-content\/uploads\/2016\/05\/Promix_Alfa.jpg\",\"width\":413,\"height\":618},{\"@type\":\"WebPage\",\"@id\":\"https:\/\/www.novalimglutenfree.com\/de\/obchod\/mehl-de\/glutenfreie-mehlmischungen-de\/promix-alfa-universale-mineralisierte-glutenfreie-mehlmischung\/#webpage\",\"url\":\"https:\/\/www.novalimglutenfree.com\/de\/obchod\/mehl-de\/glutenfreie-mehlmischungen-de\/promix-alfa-universale-mineralisierte-glutenfreie-mehlmischung\/\",\"name\":\"PROMIX-Alfa, universale mineralisierte glutenfreie Mehlmischung - Novalim\",\"isPartOf\":{\"@id\":\"https:\/\/www.novalimglutenfree.com\/de\/#website\"},\"primaryImageOfPage\":{\"@id\":\"https:\/\/www.novalimglutenfree.com\/de\/obchod\/mehl-de\/glutenfreie-mehlmischungen-de\/promix-alfa-universale-mineralisierte-glutenfreie-mehlmischung\/#primaryimage\"},\"datePublished\":\"2016-05-06T07:41:13+00:00\",\"dateModified\":\"2016-05-17T20:15:25+00:00\",\"inLanguage\":\"de-DE\",\"potentialAction\":[{\"@type\":\"ReadAction\",\"target\":[\"https:\/\/www.novalimglutenfree.com\/de\/obchod\/mehl-de\/glutenfreie-mehlmischungen-de\/promix-alfa-universale-mineralisierte-glutenfreie-mehlmischung\/\"]}]}]}<\/script>\n<!-- \/ Yoast SEO plugin. -->","_links":{"self":[{"href":"https:\/\/novalimglutenfree.com\/de\/wp-json\/wp\/v2\/product\/2042"}],"collection":[{"href":"https:\/\/novalimglutenfree.com\/de\/wp-json\/wp\/v2\/product"}],"about":[{"href":"https:\/\/novalimglutenfree.com\/de\/wp-json\/wp\/v2\/types\/product"}],"replies":[{"embeddable":true,"href":"https:\/\/novalimglutenfree.com\/de\/wp-json\/wp\/v2\/comments?post=2042"}],"version-history":[{"count":0,"href":"https:\/\/novalimglutenfree.com\/de\/wp-json\/wp\/v2\/product\/2042\/revisions"}],"wp:featuredmedia":[{"embeddable":true,"href":"https:\/\/novalimglutenfree.com\/de\/wp-json\/wp\/v2\/media\/2043"}],"wp:attachment":[{"href":"https:\/\/novalimglutenfree.com\/de\/wp-json\/wp\/v2\/media?parent=2042"}],"curies":[{"name":"wp","href":"https:\/\/api.w.org\/{rel}","templated":true}]}}