{"id":1863,"date":"2016-05-06T09:40:34","date_gmt":"2016-05-06T07:40:34","guid":{"rendered":"http:\/\/novalimglutenfree.com\/de\/obchod\/bezlepkova-struhanka-pecivova\/"},"modified":"2023-03-31T14:01:57","modified_gmt":"2023-03-31T12:01:57","slug":"glutenfreie-semmelbroesel","status":"publish","type":"product","link":"https:\/\/novalimglutenfree.com\/de\/obchod\/mehl-de\/glutenfreie-fertige-backmischungen-de\/glutenfreie-semmelbroesel\/","title":{"rendered":"Glutenfreie SEMMELBR\u00d6SEL"},"content":{"rendered":"<p><strong>Glutenfreie SEMMELBR\u00d6SEL<\/strong> &#8211; feine Semmelbr\u00f6sel, geeignet f\u00fcr die Beschichtung und Braten von Steaks, K\u00e4se, Gem\u00fcse und so weiter.<\/p>\n<p><strong>Verpackung<\/strong>: 350g<\/p>\n<p><strong>Produkt Information<\/strong>: Zutaten: Kartoffelst\u00e4rke, Maisst\u00e4rke, Reismehl, modifizierte Maisst\u00e4rke, Sojamehl, Soja\u00f6l, Guarkernmehl, E412, Emulgator E471, Verdickungsmittel E466, Hefe, Zucker, Salz, Essig<\/p>\n<p><strong>100 g des Produktes enthalten durchschnittlich<\/strong>: 2,0 g Protein, 82,5 Gramm Kohlenhydrate und 4,5 g Fett<\/p>\n<p><strong>Energie<\/strong>: 1618 kJ; 386,8 kcal<\/p>\n","protected":false},"excerpt":{"rendered":"<p>feine Semmelbr\u00f6sel, geeignet f\u00fcr die Beschichtung und Braten von Steaks, K\u00e4se, Gem\u00fcse und so weiter. <\/p>\n","protected":false},"featured_media":11103,"comment_status":"closed","ping_status":"closed","template":"","meta":[],"yoast_head":"<!-- This site is optimized with the Yoast SEO plugin v15.7 - https:\/\/yoast.com\/wordpress\/plugins\/seo\/ -->\n<title>Glutenfreie SEMMELBR\u00d6SEL - Novalim<\/title>\n<meta name=\"robots\" content=\"index, follow, max-snippet:-1, max-image-preview:large, max-video-preview:-1\" \/>\n<link rel=\"canonical\" href=\"https:\/\/novalimglutenfree.com\/de\/obchod\/mehl-de\/glutenfreie-fertige-backmischungen-de\/glutenfreie-semmelbroesel\/\" \/>\n<meta property=\"og:locale\" content=\"de_DE\" \/>\n<meta property=\"og:type\" content=\"article\" \/>\n<meta property=\"og:title\" content=\"Glutenfreie SEMMELBR\u00d6SEL - Novalim\" \/>\n<meta property=\"og:description\" content=\"feine Semmelbr\u00f6sel, geeignet f\u00fcr die Beschichtung und Braten von Steaks, K\u00e4se, Gem\u00fcse und so weiter.\" \/>\n<meta property=\"og:url\" content=\"https:\/\/novalimglutenfree.com\/de\/obchod\/mehl-de\/glutenfreie-fertige-backmischungen-de\/glutenfreie-semmelbroesel\/\" \/>\n<meta property=\"og:site_name\" content=\"Novalim\" \/>\n<meta property=\"article:modified_time\" content=\"2023-03-31T12:01:57+00:00\" \/>\n<meta property=\"og:image\" content=\"https:\/\/novalimglutenfree.com\/wp-content\/uploads\/2016\/05\/Struhanka_m.png\" \/>\n\t<meta property=\"og:image:width\" content=\"603\" \/>\n\t<meta property=\"og:image:height\" content=\"796\" \/>\n<meta name=\"twitter:card\" content=\"summary\" \/>\n<script type=\"application\/ld+json\" class=\"yoast-schema-graph\">{\"@context\":\"https:\/\/schema.org\",\"@graph\":[{\"@type\":\"WebSite\",\"@id\":\"https:\/\/www.novalimglutenfree.com\/de\/#website\",\"url\":\"https:\/\/www.novalimglutenfree.com\/de\/\",\"name\":\"Novalim\",\"description\":\"Bezlepkov\\u00e9 potraviny, bezlepkov\\u00e9 recepty, celiakia, PKU\",\"potentialAction\":[{\"@type\":\"SearchAction\",\"target\":\"https:\/\/www.novalimglutenfree.com\/de\/?s={search_term_string}\",\"query-input\":\"required name=search_term_string\"}],\"inLanguage\":\"de-DE\"},{\"@type\":\"ImageObject\",\"@id\":\"https:\/\/novalimglutenfree.com\/de\/obchod\/mehl-de\/glutenfreie-fertige-backmischungen-de\/glutenfreie-semmelbroesel\/#primaryimage\",\"inLanguage\":\"de-DE\",\"url\":\"https:\/\/novalimglutenfree.com\/wp-content\/uploads\/2016\/05\/Struhanka_m.png\",\"width\":603,\"height\":796},{\"@type\":\"WebPage\",\"@id\":\"https:\/\/novalimglutenfree.com\/de\/obchod\/mehl-de\/glutenfreie-fertige-backmischungen-de\/glutenfreie-semmelbroesel\/#webpage\",\"url\":\"https:\/\/novalimglutenfree.com\/de\/obchod\/mehl-de\/glutenfreie-fertige-backmischungen-de\/glutenfreie-semmelbroesel\/\",\"name\":\"Glutenfreie SEMMELBR\\u00d6SEL - Novalim\",\"isPartOf\":{\"@id\":\"https:\/\/www.novalimglutenfree.com\/de\/#website\"},\"primaryImageOfPage\":{\"@id\":\"https:\/\/novalimglutenfree.com\/de\/obchod\/mehl-de\/glutenfreie-fertige-backmischungen-de\/glutenfreie-semmelbroesel\/#primaryimage\"},\"datePublished\":\"2016-05-06T07:40:34+00:00\",\"dateModified\":\"2023-03-31T12:01:57+00:00\",\"inLanguage\":\"de-DE\",\"potentialAction\":[{\"@type\":\"ReadAction\",\"target\":[\"https:\/\/novalimglutenfree.com\/de\/obchod\/mehl-de\/glutenfreie-fertige-backmischungen-de\/glutenfreie-semmelbroesel\/\"]}]}]}<\/script>\n<!-- \/ Yoast SEO plugin. -->","_links":{"self":[{"href":"https:\/\/novalimglutenfree.com\/de\/wp-json\/wp\/v2\/product\/1863"}],"collection":[{"href":"https:\/\/novalimglutenfree.com\/de\/wp-json\/wp\/v2\/product"}],"about":[{"href":"https:\/\/novalimglutenfree.com\/de\/wp-json\/wp\/v2\/types\/product"}],"replies":[{"embeddable":true,"href":"https:\/\/novalimglutenfree.com\/de\/wp-json\/wp\/v2\/comments?post=1863"}],"version-history":[{"count":0,"href":"https:\/\/novalimglutenfree.com\/de\/wp-json\/wp\/v2\/product\/1863\/revisions"}],"wp:featuredmedia":[{"embeddable":true,"href":"https:\/\/novalimglutenfree.com\/de\/wp-json\/wp\/v2\/media\/11103"}],"wp:attachment":[{"href":"https:\/\/novalimglutenfree.com\/de\/wp-json\/wp\/v2\/media?parent=1863"}],"curies":[{"name":"wp","href":"https:\/\/api.w.org\/{rel}","templated":true}]}}