{"id":1346,"date":"2016-04-27T17:01:42","date_gmt":"2016-04-27T15:01:42","guid":{"rendered":"http:\/\/novalimglutenfree.com\/de\/uvod\/"},"modified":"2019-02-07T08:40:15","modified_gmt":"2019-02-07T06:40:15","slug":"uvod","status":"publish","type":"page","link":"https:\/\/novalimglutenfree.com\/de\/uvod\/","title":{"rendered":"Glutenfreie Novalim"},"content":{"rendered":"<div id='full_slider_1'  class='avia-fullwidth-slider main_color avia-shadow   avia-builder-el-0  el_before_av_layout_row  avia-builder-el-first   container_wrap sidebar_right' style=' '  ><div   data-size='large'  data-lightbox_size='large'  data-animation='fade'  data-conditional_play=''  data-ids='10286'  data-video_counter='0'  data-autoplay='true'  data-bg_slider='false'  data-slide_height=''  data-handle='av_slideshow_full'  data-interval='5'  data-class=' image_no_stretch'  data-el_id=''  data-css_id=''  data-scroll_down=''  data-control_layout='av-control-default'  data-custom_markup=''  data-perma_caption=''  data-autoplay_stopper='1'  data-image_attachment=''  data-min_height='0px'  data-lazy_loading='disabled'  data-src=''  data-position='center center'  data-repeat='repeat'  data-attach='scroll'  data-stretch='image_no_stretch'  class='avia-slideshow avia-slideshow-1  av-control-default av-default-height-applied avia-slideshow-large av_slideshow_full  image_no_stretch avia-fade-slider '  itemprop=\"image\" itemscope=\"itemscope\" itemtype=\"https:\/\/schema.org\/ImageObject\" ><ul class='avia-slideshow-inner ' style='padding-bottom: 52.2%;' ><li  class=' av-single-slide slide-1 ' ><div data-rel='slideshow-1' class='avia-slide-wrap '   ><img class=\"wp-image-10286 avia-img-lazy-loading-not-10286\"  src=\"https:\/\/novalimglutenfree.com\/wp-content\/uploads\/2019\/02\/front-Feb19.jpg\" width=\"1000\" height=\"522\" title='front Feb19' alt=''  itemprop=\"thumbnailUrl\" srcset=\"https:\/\/novalimglutenfree.com\/wp-content\/uploads\/2019\/02\/front-Feb19.jpg 1000w, https:\/\/novalimglutenfree.com\/wp-content\/uploads\/2019\/02\/front-Feb19-450x235.jpg 450w\" sizes=\"(max-width: 1000px) 100vw, 1000px\" \/><\/div><\/li><\/ul><\/div><\/div>\n<div id='av-layout-grid-1'  class='av-layout-grid-container entry-content-wrapper main_color av-flex-cells     avia-builder-el-1  el_after_av_slideshow_full  el_before_av_section  submenu-not-first container_wrap sidebar_right' style=' '  >\n<div class=\"flex_cell no_margin av_one_fourth  avia-builder-el-2  el_before_av_cell_one_fourth  avia-builder-el-first   \"  style='vertical-align:top; padding:30px; ' ><div class='flex_cell_inner' ><\/div><\/div><div class=\"flex_cell no_margin av_one_fourth  avia-builder-el-3  el_after_av_cell_one_fourth  el_before_av_cell_one_fourth   \"  style='vertical-align:top; padding:30px; ' ><div class='flex_cell_inner' ><\/div><\/div><div class=\"flex_cell no_margin av_one_fourth  avia-builder-el-4  el_after_av_cell_one_fourth  el_before_av_cell_one_fourth   \"  style='vertical-align:top; padding:30px; ' ><div class='flex_cell_inner' ><\/div><\/div><div class=\"flex_cell no_margin av_one_fourth  avia-builder-el-5  el_after_av_cell_one_fourth  avia-builder-el-last   \"  style='vertical-align:top; padding:30px; ' ><div class='flex_cell_inner' ><\/div><\/div>\n<\/div>\n<div id='av_section_1'  class='avia-section main_color avia-section-default avia-no-shadow  avia-bg-style-scroll  avia-builder-el-6  el_after_av_layout_row  el_before_av_section   container_wrap sidebar_right' style='background-color: #eae8e7;  '  ><div class='container' ><div class='template-page content  av-content-small alpha units'><div class='post-entry post-entry-type-page post-entry-1346'><div class='entry-content-wrapper clearfix'>\n<div class=\"flex_column av_one_fourth  flex_column_div av-zero-column-padding first  avia-builder-el-7  el_before_av_one_fourth  avia-builder-el-first  \" style='border-radius:0px; '><div  class='avia-image-container  av-styling-  noHover  av-overlay-hover-deactivate   avia-builder-el-8  avia-builder-el-no-sibling  avia-align-center '  itemprop=\"image\" itemscope=\"itemscope\" itemtype=\"https:\/\/schema.org\/ImageObject\"  ><div class='avia-image-container-inner'><div class='avia-image-overlay-wrap'><a href='https:\/\/novalimglutenfree.com\/de\/bezlepkove-vyrobky\/' class='avia_image'  ><div class='av-image-caption-overlay'><div class='av-caption-image-overlay-bg' style='opacity:0.2; background-color:#000000; '><\/div><div class='av-image-caption-overlay-position'><div class='av-image-caption-overlay-center' style='color:#ffffff; '><h2>Produkte<\/h2>\n<\/div><\/div><\/div><img width=\"463\" height=\"261\" class='wp-image-3287 avia-img-lazy-loading-not-3287 avia_image' src=\"https:\/\/novalimglutenfree.com\/wp-content\/uploads\/2016\/05\/CTA_produkty_blank.png\" alt='' title='CTA_produkty_blank'  itemprop=\"thumbnailUrl\" srcset=\"https:\/\/novalimglutenfree.com\/wp-content\/uploads\/2016\/05\/CTA_produkty_blank.png 463w, https:\/\/novalimglutenfree.com\/wp-content\/uploads\/2016\/05\/CTA_produkty_blank-450x254.png 450w\" sizes=\"(max-width: 463px) 100vw, 463px\" \/><\/a><\/div><\/div><\/div><\/div><div class=\"flex_column av_one_fourth  flex_column_div av-zero-column-padding   avia-builder-el-9  el_after_av_one_fourth  el_before_av_one_fourth  \" style='border-radius:0px; '><div  class='avia-image-container  av-styling-  noHover  av-overlay-hover-deactivate   avia-builder-el-10  avia-builder-el-no-sibling  avia-align-center '  itemprop=\"image\" itemscope=\"itemscope\" itemtype=\"https:\/\/schema.org\/ImageObject\"  ><div class='avia-image-container-inner'><div class='avia-image-overlay-wrap'><div class='av-image-caption-overlay'><div class='av-caption-image-overlay-bg' style='opacity:0.2; background-color:#000000; '><\/div><div class='av-image-caption-overlay-position'><div class='av-image-caption-overlay-center' style='color:#ffffff; '><h2>Rezepte<\/h2>\n<\/div><\/div><\/div><img class='wp-image-3297 avia-img-lazy-loading-not-3297 avia_image' src=\"https:\/\/novalimglutenfree.com\/wp-content\/uploads\/2016\/05\/CTA_recepty_blank.png\" alt='' title='CTA_recepty_blank' height=\"261\" width=\"463\"  itemprop=\"thumbnailUrl\" srcset=\"https:\/\/novalimglutenfree.com\/wp-content\/uploads\/2016\/05\/CTA_recepty_blank.png 463w, https:\/\/novalimglutenfree.com\/wp-content\/uploads\/2016\/05\/CTA_recepty_blank-450x254.png 450w\" sizes=\"(max-width: 463px) 100vw, 463px\" \/><\/div><\/div><\/div><\/div><div class=\"flex_column av_one_fourth  flex_column_div av-zero-column-padding   avia-builder-el-11  el_after_av_one_fourth  el_before_av_one_fourth  \" style='border-radius:0px; '><div  class='avia-image-container  av-styling-  noHover  av-overlay-hover-deactivate   avia-builder-el-12  avia-builder-el-no-sibling  avia-align-center '  itemprop=\"image\" itemscope=\"itemscope\" itemtype=\"https:\/\/schema.org\/ImageObject\"  ><div class='avia-image-container-inner'><div class='avia-image-overlay-wrap'><a href='https:\/\/novalimglutenfree.com\/de\/o-novalim\/' class='avia_image'  ><div class='av-image-caption-overlay'><div class='av-caption-image-overlay-bg' style='opacity:0.2; background-color:#000000; '><\/div><div class='av-image-caption-overlay-position'><div class='av-image-caption-overlay-center' style='color:#ffffff; '><h2>Unsere Geschichte<\/h2>\n<\/div><\/div><\/div><img width=\"463\" height=\"261\" class='wp-image-3301 avia-img-lazy-loading-not-3301 avia_image' src=\"https:\/\/novalimglutenfree.com\/wp-content\/uploads\/2016\/05\/CTA_pribeh_blank.png\" alt='' title='CTA_pribeh_blank'  itemprop=\"thumbnailUrl\" srcset=\"https:\/\/novalimglutenfree.com\/wp-content\/uploads\/2016\/05\/CTA_pribeh_blank.png 463w, https:\/\/novalimglutenfree.com\/wp-content\/uploads\/2016\/05\/CTA_pribeh_blank-450x254.png 450w\" sizes=\"(max-width: 463px) 100vw, 463px\" \/><\/a><\/div><\/div><\/div><\/div><div class=\"flex_column av_one_fourth  flex_column_div av-zero-column-padding   avia-builder-el-13  el_after_av_one_fourth  avia-builder-el-last  \" style='border-radius:0px; '><div  class='avia-image-container  av-styling-  noHover  av-overlay-hover-deactivate   avia-builder-el-14  avia-builder-el-no-sibling  avia-align-center '  itemprop=\"image\" itemscope=\"itemscope\" itemtype=\"https:\/\/schema.org\/ImageObject\"  ><div class='avia-image-container-inner'><div class='avia-image-overlay-wrap'><a href='https:\/\/novalimglutenfree.com\/de\/einkaufswagen\/' class='avia_image'  ><div class='av-image-caption-overlay'><div class='av-caption-image-overlay-bg' style='opacity:0.2; background-color:#000000; '><\/div><div class='av-image-caption-overlay-position'><div class='av-image-caption-overlay-center' style='color:#ffffff; '><h2>E-shop<\/h2>\n<\/div><\/div><\/div><img width=\"1004\" height=\"567\" class='wp-image-6846 avia-img-lazy-loading-not-6846 avia_image' src=\"https:\/\/novalimglutenfree.com\/wp-content\/uploads\/2016\/04\/shopcz.png\" alt='' title='shopcz'  itemprop=\"thumbnailUrl\" srcset=\"https:\/\/novalimglutenfree.com\/wp-content\/uploads\/2016\/04\/shopcz.png 1004w, https:\/\/novalimglutenfree.com\/wp-content\/uploads\/2016\/04\/shopcz-450x254.png 450w\" sizes=\"(max-width: 1004px) 100vw, 1004px\" \/><\/a><\/div><\/div><\/div><\/div>\n\n<\/div><\/div><\/div><!-- close content main div --><\/div><\/div><div id='av_section_2'  class='avia-section main_color avia-section-default avia-no-shadow  avia-bg-style-scroll  avia-builder-el-15  el_after_av_section  avia-builder-el-last   container_wrap sidebar_right' style='background-color: #eae8e7;  '  ><div class='container' ><div class='template-page content  av-content-small alpha units'><div class='post-entry post-entry-type-page post-entry-1346'><div class='entry-content-wrapper clearfix'>\n<section class=\"av_textblock_section \"  itemscope=\"itemscope\" itemtype=\"https:\/\/schema.org\/CreativeWork\" ><div class='avia_textblock  '   itemprop=\"text\" ><h2>Die beliebtesten Produkte<\/h2>\n<\/div><\/section>\n<div   data-autoplay='1'  data-interval='5'  data-animation='fade'  data-hoverpause='1'  class='template-shop avia-content-slider avia-content-slider-active avia-product-slider1 avia-content-slider-odd  avia-builder-el-17  el_after_av_textblock  avia-builder-el-last   shop_columns_5' ><div class='avia-content-slider-inner'><ul class=\"products slide-entry-wrap\"><li class=\"product type-product post-2097 status-publish first onbackorder product_cat-naturlich-glutenfreie-mehle-de has-post-thumbnail taxable shipping-taxable purchasable product-type-simple\">\n\t<div class='inner_product main_color wrapped_style noLightbox  av-product-class-'><div class='thumbnail_container'><img width=\"301\" height=\"450\" src=\"https:\/\/novalimglutenfree.com\/wp-content\/uploads\/2016\/05\/Amarantova_Muka-1.jpg\" class=\"wp-image-5389 avia-img-lazy-loading-5389 attachment-shop_catalog size-shop_catalog wp-post-image\" alt=\"\" loading=\"lazy\" \/><span class='cart-loading'><\/span><\/div><div class='inner_product_header'><div class='avia-arrow'><\/div><div class='inner_product_header_table'><div class='inner_product_header_cell'><\/div><\/div><\/div>\n\t\t\t<script>\n\t\t\t(function($) {\n\t\t\t\t$( '.products .post-2097 a' ).click( function() {\n\t\t\t\t\tif ( true === $(this).hasClass( 'add_to_cart_button' ) ) {\n\t\t\t\t\t\treturn;\n\t\t\t\t\t}\n\n\t\t\t\t\tga( 'ec:addProduct', {\n\t\t\t\t\t\t'id': '2097',\n\t\t\t\t\t\t'name': 'Amaranthmehl BIO',\n\t\t\t\t\t\t'category': 'naturlich-glutenfreie-mehle',\n\t\t\t\t\t\t'position': 1\n\t\t\t\t\t});\n\n\t\t\t\t\tga( 'ec:setAction', 'click', { list: 'Product List' });\n\t\t\t\t\tga( 'send', 'event', 'UX', 'click', ' Product List' );\n\t\t\t\t});\n\t\t\t})(jQuery);\n\t\t\t<\/script>\n\t\t<div class='avia_cart_buttons '><a href=\"?add-to-cart=2097\" data-quantity=\"1\" class=\"button product_type_simple add_to_cart_button ajax_add_to_cart\" data-product_id=\"2097\" data-product_sku=\"1314\" aria-label=\"&bdquo;Amaranthmehl BIO&ldquo; zu deinem Warenkorb hinzuf&uuml;gen\" rel=\"nofollow\" data-pys-event-id=\"69f1bd2939a2b\"><span aria-hidden='true' data-av_icon='\ue859' data-av_iconfont='entypo-fontello'><\/span> In den Warenkorb<\/a>\n<a class=\"button show_details_button\" href=\"https:\/\/novalimglutenfree.com\/de\/obchod\/mehl-de\/naturlich-glutenfreie-mehle-de\/amaranthmehl-bio\/\"><span aria-hidden='true' data-av_icon='\ue84b' data-av_iconfont='entypo-fontello'><\/span>  Details anzeigen<\/a> <span class='button-mini-delimiter'><\/span><\/div><\/div><\/li>\n<li class=\"product type-product post-3064 status-publish instock product_cat-bezlepkove-trvanlive-pecivo-de has-post-thumbnail taxable shipping-taxable purchasable product-type-simple\">\n\t<div class='inner_product main_color wrapped_style noLightbox  av-product-class-'><div class='thumbnail_container'><img width=\"301\" height=\"450\" src=\"https:\/\/novalimglutenfree.com\/wp-content\/uploads\/2016\/05\/Rez-choc.jpg\" class=\"wp-image-3060 avia-img-lazy-loading-3060 attachment-shop_catalog size-shop_catalog wp-post-image\" alt=\"\" loading=\"lazy\" \/><span class='cart-loading'><\/span><\/div><div class='inner_product_header'><div class='avia-arrow'><\/div><div class='inner_product_header_table'><div class='inner_product_header_cell'><\/div><\/div><\/div>\n\t\t\t<script>\n\t\t\t(function($) {\n\t\t\t\t$( '.products .post-3064 a' ).click( function() {\n\t\t\t\t\tif ( true === $(this).hasClass( 'add_to_cart_button' ) ) {\n\t\t\t\t\t\treturn;\n\t\t\t\t\t}\n\n\t\t\t\t\tga( 'ec:addProduct', {\n\t\t\t\t\t\t'id': '3064',\n\t\t\t\t\t\t'name': 'Bezlepkov\u00e9 obl\u00e1tkov\u00e9 rezy smotanov\u00e9',\n\t\t\t\t\t\t'category': 'Glutenfreie kekse',\n\t\t\t\t\t\t'position': 2\n\t\t\t\t\t});\n\n\t\t\t\t\tga( 'ec:setAction', 'click', { list: 'Product List' });\n\t\t\t\t\tga( 'send', 'event', 'UX', 'click', ' Product List' );\n\t\t\t\t});\n\t\t\t})(jQuery);\n\t\t\t<\/script>\n\t\t<div class='avia_cart_buttons '><a href=\"?add-to-cart=3064\" data-quantity=\"1\" class=\"button product_type_simple add_to_cart_button ajax_add_to_cart\" data-product_id=\"3064\" data-product_sku=\"4148\" aria-label=\"&bdquo;Bezlepkov&eacute; obl&aacute;tkov&eacute; rezy smotanov&eacute;&ldquo; zu deinem Warenkorb hinzuf&uuml;gen\" rel=\"nofollow\" data-pys-event-id=\"69f1bd293daa3\"><span aria-hidden='true' data-av_icon='\ue859' data-av_iconfont='entypo-fontello'><\/span> In den Warenkorb<\/a>\n<a class=\"button show_details_button\" href=\"https:\/\/novalimglutenfree.com\/de\/obchod\/keksy-muesli-sneky-de\/bezlepkove-trvanlive-pecivo-de\/bezlepkove-oblatkove-rezy-smotanove-2\/\"><span aria-hidden='true' data-av_icon='\ue84b' data-av_iconfont='entypo-fontello'><\/span>  Details anzeigen<\/a> <span class='button-mini-delimiter'><\/span><\/div><\/div><\/li>\n<li class=\"product type-product post-2092 status-publish onbackorder product_cat-naturlich-glutenfreie-mehle-de has-post-thumbnail taxable shipping-taxable purchasable product-type-simple\">\n\t<div class='inner_product main_color wrapped_style noLightbox  av-product-class-'><div class='thumbnail_container'><img width=\"450\" height=\"450\" src=\"https:\/\/novalimglutenfree.com\/wp-content\/uploads\/2017\/02\/09-2018_novalim_mockup_muka-POHANKOVA-450x450.jpg\" class=\"wp-image-9576 avia-img-lazy-loading-9576 attachment-shop_catalog size-shop_catalog wp-post-image\" alt=\"\" loading=\"lazy\" \/><span class='cart-loading'><\/span><\/div><div class='inner_product_header'><div class='avia-arrow'><\/div><div class='inner_product_header_table'><div class='inner_product_header_cell'><\/div><\/div><\/div>\n\t\t\t<script>\n\t\t\t(function($) {\n\t\t\t\t$( '.products .post-2092 a' ).click( function() {\n\t\t\t\t\tif ( true === $(this).hasClass( 'add_to_cart_button' ) ) {\n\t\t\t\t\t\treturn;\n\t\t\t\t\t}\n\n\t\t\t\t\tga( 'ec:addProduct', {\n\t\t\t\t\t\t'id': '2092',\n\t\t\t\t\t\t'name': 'Buchweizenmehl',\n\t\t\t\t\t\t'category': 'naturlich-glutenfreie-mehle',\n\t\t\t\t\t\t'position': 3\n\t\t\t\t\t});\n\n\t\t\t\t\tga( 'ec:setAction', 'click', { list: 'Product List' });\n\t\t\t\t\tga( 'send', 'event', 'UX', 'click', ' Product List' );\n\t\t\t\t});\n\t\t\t})(jQuery);\n\t\t\t<\/script>\n\t\t<div class='avia_cart_buttons '><a href=\"?add-to-cart=2092\" data-quantity=\"1\" class=\"button product_type_simple add_to_cart_button ajax_add_to_cart\" data-product_id=\"2092\" data-product_sku=\"1321\" aria-label=\"&bdquo;Buchweizenmehl&ldquo; zu deinem Warenkorb hinzuf&uuml;gen\" rel=\"nofollow\" data-pys-event-id=\"69f1bd293f828\"><span aria-hidden='true' data-av_icon='\ue859' data-av_iconfont='entypo-fontello'><\/span> In den Warenkorb<\/a>\n<a class=\"button show_details_button\" href=\"https:\/\/novalimglutenfree.com\/de\/obchod\/mehl-de\/naturlich-glutenfreie-mehle-de\/buchweizenmehl\/\"><span aria-hidden='true' data-av_icon='\ue84b' data-av_iconfont='entypo-fontello'><\/span>  Details anzeigen<\/a> <span class='button-mini-delimiter'><\/span><\/div><\/div><\/li>\n<li class=\"product type-product post-2009 status-publish onbackorder product_cat-bezlepkove-trvanlive-pecivo-de product_cat-keksy-muesli-sneky-de has-post-thumbnail taxable shipping-taxable purchasable product-type-simple\">\n\t<div class='inner_product main_color wrapped_style noLightbox  av-product-class-'><div class='thumbnail_container'><img width=\"301\" height=\"450\" src=\"https:\/\/novalimglutenfree.com\/wp-content\/uploads\/2016\/05\/Muslie.jpg\" class=\"wp-image-2002 avia-img-lazy-loading-2002 attachment-shop_catalog size-shop_catalog wp-post-image\" alt=\"\" loading=\"lazy\" \/><span class='cart-loading'><\/span><\/div><div class='inner_product_header'><div class='avia-arrow'><\/div><div class='inner_product_header_table'><div class='inner_product_header_cell'><\/div><\/div><\/div>\n\t\t\t<script>\n\t\t\t(function($) {\n\t\t\t\t$( '.products .post-2009 a' ).click( function() {\n\t\t\t\t\tif ( true === $(this).hasClass( 'add_to_cart_button' ) ) {\n\t\t\t\t\t\treturn;\n\t\t\t\t\t}\n\n\t\t\t\t\tga( 'ec:addProduct', {\n\t\t\t\t\t\t'id': '2009',\n\t\t\t\t\t\t'name': 'Glutenfreie granulierte M\u00fcsli mit Rosinen',\n\t\t\t\t\t\t'category': 'Glutenfreie kekse\/Keksy, m\u00fcsli, sneky',\n\t\t\t\t\t\t'position': 4\n\t\t\t\t\t});\n\n\t\t\t\t\tga( 'ec:setAction', 'click', { list: 'Product List' });\n\t\t\t\t\tga( 'send', 'event', 'UX', 'click', ' Product List' );\n\t\t\t\t});\n\t\t\t})(jQuery);\n\t\t\t<\/script>\n\t\t<div class='avia_cart_buttons '><a href=\"?add-to-cart=2009\" data-quantity=\"1\" class=\"button product_type_simple add_to_cart_button ajax_add_to_cart\" data-product_id=\"2009\" data-product_sku=\"4506\" aria-label=\"&bdquo;Glutenfreie granulierte M&uuml;sli mit Rosinen&ldquo; zu deinem Warenkorb hinzuf&uuml;gen\" rel=\"nofollow\" data-pys-event-id=\"69f1bd2941d21\"><span aria-hidden='true' data-av_icon='\ue859' data-av_iconfont='entypo-fontello'><\/span> In den Warenkorb<\/a>\n<a class=\"button show_details_button\" href=\"https:\/\/novalimglutenfree.com\/de\/obchod\/keksy-muesli-sneky-de\/bezlepkove-trvanlive-pecivo-de\/glutenfreie-granulierte-muesli-mit-rosinen\/\"><span aria-hidden='true' data-av_icon='\ue84b' data-av_iconfont='entypo-fontello'><\/span>  Details anzeigen<\/a> <span class='button-mini-delimiter'><\/span><\/div><\/div><\/li>\n<li class=\"product type-product post-1839 status-publish last onbackorder product_cat-glutenfreie-fertige-backmischungen-de product_cat-mehl-de has-post-thumbnail taxable shipping-taxable purchasable product-type-simple\">\n\t<div class='inner_product main_color wrapped_style noLightbox  av-product-class-'><div class='thumbnail_container'><img width=\"450\" height=\"450\" src=\"https:\/\/novalimglutenfree.com\/wp-content\/uploads\/2016\/05\/Babovka_m-1-450x450.png\" class=\"wp-image-11083 avia-img-lazy-loading-11083 attachment-shop_catalog size-shop_catalog wp-post-image\" alt=\"\" loading=\"lazy\" \/><span class='cart-loading'><\/span><\/div><div class='inner_product_header'><div class='avia-arrow'><\/div><div class='inner_product_header_table'><div class='inner_product_header_cell'><\/div><\/div><\/div>\n\t\t\t<script>\n\t\t\t(function($) {\n\t\t\t\t$( '.products .post-1839 a' ).click( function() {\n\t\t\t\t\tif ( true === $(this).hasClass( 'add_to_cart_button' ) ) {\n\t\t\t\t\t\treturn;\n\t\t\t\t\t}\n\n\t\t\t\t\tga( 'ec:addProduct', {\n\t\t\t\t\t\t'id': '1839',\n\t\t\t\t\t\t'name': 'Glutenfreie GUGELHUPF Mehlmischung',\n\t\t\t\t\t\t'category': 'glutenfreie-fertige-backmischungen\/Mehl',\n\t\t\t\t\t\t'position': 5\n\t\t\t\t\t});\n\n\t\t\t\t\tga( 'ec:setAction', 'click', { list: 'Product List' });\n\t\t\t\t\tga( 'send', 'event', 'UX', 'click', ' Product List' );\n\t\t\t\t});\n\t\t\t})(jQuery);\n\t\t\t<\/script>\n\t\t<div class='avia_cart_buttons '><a href=\"?add-to-cart=1839\" data-quantity=\"1\" class=\"button product_type_simple add_to_cart_button ajax_add_to_cart\" data-product_id=\"1839\" data-product_sku=\"1062\" aria-label=\"&bdquo;Glutenfreie GUGELHUPF Mehlmischung&ldquo; zu deinem Warenkorb hinzuf&uuml;gen\" rel=\"nofollow\" data-pys-event-id=\"69f1bd29441da\"><span aria-hidden='true' data-av_icon='\ue859' data-av_iconfont='entypo-fontello'><\/span> In den Warenkorb<\/a>\n<a class=\"button show_details_button\" href=\"https:\/\/novalimglutenfree.com\/de\/obchod\/mehl-de\/glutenfreie-fertige-backmischungen-de\/gugelhupf-mehlmischung\/\"><span aria-hidden='true' data-av_icon='\ue84b' data-av_iconfont='entypo-fontello'><\/span>  Details anzeigen<\/a> <span class='button-mini-delimiter'><\/span><\/div><\/div><\/li>\n<\/ul><ul class=\"products slide-entry-wrap\"><li class=\"product type-product post-1847 status-publish first onbackorder product_cat-glutenfreie-fertige-backmischungen-de product_cat-mehl-de has-post-thumbnail taxable shipping-taxable purchasable product-type-simple\">\n\t<div class='inner_product main_color wrapped_style noLightbox  av-product-class-'><div class='thumbnail_container'><img width=\"450\" height=\"450\" src=\"https:\/\/novalimglutenfree.com\/wp-content\/uploads\/2016\/05\/knedla_m-450x450.png\" class=\"wp-image-11093 avia-img-lazy-loading-11093 attachment-shop_catalog size-shop_catalog wp-post-image\" alt=\"\" loading=\"lazy\" \/><span class='cart-loading'><\/span><\/div><div class='inner_product_header'><div class='avia-arrow'><\/div><div class='inner_product_header_table'><div class='inner_product_header_cell'><\/div><\/div><\/div>\n\t\t\t<script>\n\t\t\t(function($) {\n\t\t\t\t$( '.products .post-1847 a' ).click( function() {\n\t\t\t\t\tif ( true === $(this).hasClass( 'add_to_cart_button' ) ) {\n\t\t\t\t\t\treturn;\n\t\t\t\t\t}\n\n\t\t\t\t\tga( 'ec:addProduct', {\n\t\t\t\t\t\t'id': '1847',\n\t\t\t\t\t\t'name': 'Glutenfreie KN\u00d6DEL Mehlmischung',\n\t\t\t\t\t\t'category': 'glutenfreie-fertige-backmischungen\/Mehl',\n\t\t\t\t\t\t'position': 6\n\t\t\t\t\t});\n\n\t\t\t\t\tga( 'ec:setAction', 'click', { list: 'Product List' });\n\t\t\t\t\tga( 'send', 'event', 'UX', 'click', ' Product List' );\n\t\t\t\t});\n\t\t\t})(jQuery);\n\t\t\t<\/script>\n\t\t<div class='avia_cart_buttons '><a href=\"?add-to-cart=1847\" data-quantity=\"1\" class=\"button product_type_simple add_to_cart_button ajax_add_to_cart\" data-product_id=\"1847\" data-product_sku=\"1116\" aria-label=\"&bdquo;Glutenfreie KN&Ouml;DEL Mehlmischung&ldquo; zu deinem Warenkorb hinzuf&uuml;gen\" rel=\"nofollow\" data-pys-event-id=\"69f1bd2945fc0\"><span aria-hidden='true' data-av_icon='\ue859' data-av_iconfont='entypo-fontello'><\/span> In den Warenkorb<\/a>\n<a class=\"button show_details_button\" href=\"https:\/\/novalimglutenfree.com\/de\/obchod\/mehl-de\/glutenfreie-fertige-backmischungen-de\/bezlepkova-knedza-v-pra%c2%9aku\/\"><span aria-hidden='true' data-av_icon='\ue84b' data-av_iconfont='entypo-fontello'><\/span>  Details anzeigen<\/a> <span class='button-mini-delimiter'><\/span><\/div><\/div><\/li>\n<li class=\"product type-product post-1855 status-publish onbackorder product_cat-glutenfreie-fertige-backmischungen-de product_cat-mehl-de has-post-thumbnail taxable shipping-taxable purchasable product-type-simple\">\n\t<div class='inner_product main_color wrapped_style noLightbox  av-product-class-'><div class='thumbnail_container'><img width=\"450\" height=\"450\" src=\"https:\/\/novalimglutenfree.com\/wp-content\/uploads\/2016\/05\/Pernik_m-450x450.png\" class=\"wp-image-11098 avia-img-lazy-loading-11098 attachment-shop_catalog size-shop_catalog wp-post-image\" alt=\"\" loading=\"lazy\" \/><span class='cart-loading'><\/span><\/div><div class='inner_product_header'><div class='avia-arrow'><\/div><div class='inner_product_header_table'><div class='inner_product_header_cell'><\/div><\/div><\/div>\n\t\t\t<script>\n\t\t\t(function($) {\n\t\t\t\t$( '.products .post-1855 a' ).click( function() {\n\t\t\t\t\tif ( true === $(this).hasClass( 'add_to_cart_button' ) ) {\n\t\t\t\t\t\treturn;\n\t\t\t\t\t}\n\n\t\t\t\t\tga( 'ec:addProduct', {\n\t\t\t\t\t\t'id': '1855',\n\t\t\t\t\t\t'name': 'Glutenfreie Lebkuchen Mehlmischung',\n\t\t\t\t\t\t'category': 'glutenfreie-fertige-backmischungen\/Mehl',\n\t\t\t\t\t\t'position': 7\n\t\t\t\t\t});\n\n\t\t\t\t\tga( 'ec:setAction', 'click', { list: 'Product List' });\n\t\t\t\t\tga( 'send', 'event', 'UX', 'click', ' Product List' );\n\t\t\t\t});\n\t\t\t})(jQuery);\n\t\t\t<\/script>\n\t\t<div class='avia_cart_buttons '><a href=\"?add-to-cart=1855\" data-quantity=\"1\" class=\"button product_type_simple add_to_cart_button ajax_add_to_cart\" data-product_id=\"1855\" data-product_sku=\"1123\" aria-label=\"&bdquo;Glutenfreie Lebkuchen Mehlmischung&ldquo; zu deinem Warenkorb hinzuf&uuml;gen\" rel=\"nofollow\" data-pys-event-id=\"69f1bd2947f1c\"><span aria-hidden='true' data-av_icon='\ue859' data-av_iconfont='entypo-fontello'><\/span> In den Warenkorb<\/a>\n<a class=\"button show_details_button\" href=\"https:\/\/novalimglutenfree.com\/de\/obchod\/mehl-de\/glutenfreie-fertige-backmischungen-de\/glutenfreie-lebkuchen-mehlmischung\/\"><span aria-hidden='true' data-av_icon='\ue84b' data-av_iconfont='entypo-fontello'><\/span>  Details anzeigen<\/a> <span class='button-mini-delimiter'><\/span><\/div><\/div><\/li>\n<li class=\"product type-product post-1851 status-publish onbackorder product_cat-glutenfreie-fertige-backmischungen-de product_cat-mehl-de has-post-thumbnail taxable shipping-taxable purchasable product-type-simple\">\n\t<div class='inner_product main_color wrapped_style noLightbox  av-product-class-'><div class='thumbnail_container'><img width=\"450\" height=\"450\" src=\"https:\/\/novalimglutenfree.com\/wp-content\/uploads\/2016\/05\/Muffin_m-450x450.png\" class=\"wp-image-11113 avia-img-lazy-loading-11113 attachment-shop_catalog size-shop_catalog wp-post-image\" alt=\"\" loading=\"lazy\" \/><span class='cart-loading'><\/span><\/div><div class='inner_product_header'><div class='avia-arrow'><\/div><div class='inner_product_header_table'><div class='inner_product_header_cell'><\/div><\/div><\/div>\n\t\t\t<script>\n\t\t\t(function($) {\n\t\t\t\t$( '.products .post-1851 a' ).click( function() {\n\t\t\t\t\tif ( true === $(this).hasClass( 'add_to_cart_button' ) ) {\n\t\t\t\t\t\treturn;\n\t\t\t\t\t}\n\n\t\t\t\t\tga( 'ec:addProduct', {\n\t\t\t\t\t\t'id': '1851',\n\t\t\t\t\t\t'name': 'Glutenfreie MUFFIN Mehlmischung',\n\t\t\t\t\t\t'category': 'glutenfreie-fertige-backmischungen\/Mehl',\n\t\t\t\t\t\t'position': 8\n\t\t\t\t\t});\n\n\t\t\t\t\tga( 'ec:setAction', 'click', { list: 'Product List' });\n\t\t\t\t\tga( 'send', 'event', 'UX', 'click', ' Product List' );\n\t\t\t\t});\n\t\t\t})(jQuery);\n\t\t\t<\/script>\n\t\t<div class='avia_cart_buttons '><a href=\"?add-to-cart=1851\" data-quantity=\"1\" class=\"button product_type_simple add_to_cart_button ajax_add_to_cart\" data-product_id=\"1851\" data-product_sku=\"1352\" aria-label=\"&bdquo;Glutenfreie MUFFIN Mehlmischung&ldquo; zu deinem Warenkorb hinzuf&uuml;gen\" rel=\"nofollow\" data-pys-event-id=\"69f1bd2949c2e\"><span aria-hidden='true' data-av_icon='\ue859' data-av_iconfont='entypo-fontello'><\/span> In den Warenkorb<\/a>\n<a class=\"button show_details_button\" href=\"https:\/\/novalimglutenfree.com\/de\/obchod\/mehl-de\/glutenfreie-fertige-backmischungen-de\/glutenfreie-muffin-mehlmischung\/\"><span aria-hidden='true' data-av_icon='\ue84b' data-av_iconfont='entypo-fontello'><\/span>  Details anzeigen<\/a> <span class='button-mini-delimiter'><\/span><\/div><\/div><\/li>\n<li class=\"product type-product post-1843 status-publish onbackorder product_cat-glutenfreie-fertige-backmischungen-de product_cat-mehl-de has-post-thumbnail taxable shipping-taxable purchasable product-type-simple\">\n\t<div class='inner_product main_color wrapped_style noLightbox  av-product-class-'><div class='thumbnail_container'><img width=\"450\" height=\"450\" src=\"https:\/\/novalimglutenfree.com\/wp-content\/uploads\/2016\/05\/Palacinky_m-450x450.png\" class=\"wp-image-11088 avia-img-lazy-loading-11088 attachment-shop_catalog size-shop_catalog wp-post-image\" alt=\"\" loading=\"lazy\" \/><span class='cart-loading'><\/span><\/div><div class='inner_product_header'><div class='avia-arrow'><\/div><div class='inner_product_header_table'><div class='inner_product_header_cell'><\/div><\/div><\/div>\n\t\t\t<script>\n\t\t\t(function($) {\n\t\t\t\t$( '.products .post-1843 a' ).click( function() {\n\t\t\t\t\tif ( true === $(this).hasClass( 'add_to_cart_button' ) ) {\n\t\t\t\t\t\treturn;\n\t\t\t\t\t}\n\n\t\t\t\t\tga( 'ec:addProduct', {\n\t\t\t\t\t\t'id': '1843',\n\t\t\t\t\t\t'name': 'Glutenfreie PFANNKUCHEN Mehlmischung',\n\t\t\t\t\t\t'category': 'glutenfreie-fertige-backmischungen\/Mehl',\n\t\t\t\t\t\t'position': 9\n\t\t\t\t\t});\n\n\t\t\t\t\tga( 'ec:setAction', 'click', { list: 'Product List' });\n\t\t\t\t\tga( 'send', 'event', 'UX', 'click', ' Product List' );\n\t\t\t\t});\n\t\t\t})(jQuery);\n\t\t\t<\/script>\n\t\t<div class='avia_cart_buttons '><a href=\"?add-to-cart=1843\" data-quantity=\"1\" class=\"button product_type_simple add_to_cart_button ajax_add_to_cart\" data-product_id=\"1843\" data-product_sku=\"1048\" aria-label=\"&bdquo;Glutenfreie PFANNKUCHEN Mehlmischung&ldquo; zu deinem Warenkorb hinzuf&uuml;gen\" rel=\"nofollow\" data-pys-event-id=\"69f1bd294b854\"><span aria-hidden='true' data-av_icon='\ue859' data-av_iconfont='entypo-fontello'><\/span> In den Warenkorb<\/a>\n<a class=\"button show_details_button\" href=\"https:\/\/novalimglutenfree.com\/de\/obchod\/mehl-de\/glutenfreie-fertige-backmischungen-de\/glutenfreie-pfannkuchen-mehlmischung\/\"><span aria-hidden='true' data-av_icon='\ue84b' data-av_iconfont='entypo-fontello'><\/span>  Details anzeigen<\/a> <span class='button-mini-delimiter'><\/span><\/div><\/div><\/li>\n<li class=\"product type-product post-1863 status-publish last onbackorder product_cat-glutenfreie-fertige-backmischungen-de product_cat-mehl-de has-post-thumbnail taxable shipping-taxable purchasable product-type-simple\">\n\t<div class='inner_product main_color wrapped_style noLightbox  av-product-class-'><div class='thumbnail_container'><img width=\"450\" height=\"450\" src=\"https:\/\/novalimglutenfree.com\/wp-content\/uploads\/2016\/05\/Struhanka_m-450x450.png\" class=\"wp-image-11103 avia-img-lazy-loading-11103 attachment-shop_catalog size-shop_catalog wp-post-image\" alt=\"\" loading=\"lazy\" \/><span class='cart-loading'><\/span><\/div><div class='inner_product_header'><div class='avia-arrow'><\/div><div class='inner_product_header_table'><div class='inner_product_header_cell'><\/div><\/div><\/div>\n\t\t\t<script>\n\t\t\t(function($) {\n\t\t\t\t$( '.products .post-1863 a' ).click( function() {\n\t\t\t\t\tif ( true === $(this).hasClass( 'add_to_cart_button' ) ) {\n\t\t\t\t\t\treturn;\n\t\t\t\t\t}\n\n\t\t\t\t\tga( 'ec:addProduct', {\n\t\t\t\t\t\t'id': '1863',\n\t\t\t\t\t\t'name': 'Glutenfreie SEMMELBR\u00d6SEL',\n\t\t\t\t\t\t'category': 'glutenfreie-fertige-backmischungen\/Mehl',\n\t\t\t\t\t\t'position': 10\n\t\t\t\t\t});\n\n\t\t\t\t\tga( 'ec:setAction', 'click', { list: 'Product List' });\n\t\t\t\t\tga( 'send', 'event', 'UX', 'click', ' Product List' );\n\t\t\t\t});\n\t\t\t})(jQuery);\n\t\t\t<\/script>\n\t\t<div class='avia_cart_buttons '><a href=\"?add-to-cart=1863\" data-quantity=\"1\" class=\"button product_type_simple add_to_cart_button ajax_add_to_cart\" data-product_id=\"1863\" data-product_sku=\"4247\" aria-label=\"&bdquo;Glutenfreie SEMMELBR&Ouml;SEL&ldquo; zu deinem Warenkorb hinzuf&uuml;gen\" rel=\"nofollow\" data-pys-event-id=\"69f1bd294d37f\"><span aria-hidden='true' data-av_icon='\ue859' data-av_iconfont='entypo-fontello'><\/span> In den Warenkorb<\/a>\n<a class=\"button show_details_button\" href=\"https:\/\/novalimglutenfree.com\/de\/obchod\/mehl-de\/glutenfreie-fertige-backmischungen-de\/glutenfreie-semmelbroesel\/\"><span aria-hidden='true' data-av_icon='\ue84b' data-av_iconfont='entypo-fontello'><\/span>  Details anzeigen<\/a> <span class='button-mini-delimiter'><\/span><\/div><\/div><\/li>\n<\/ul><ul class=\"products slide-entry-wrap\"><li class=\"product type-product post-1887 status-publish first onbackorder product_cat-glutenfreie-teigwaren-de product_cat-teigwaren-de has-post-thumbnail taxable shipping-taxable purchasable product-type-simple\">\n\t<div class='inner_product main_color wrapped_style noLightbox  av-product-class-'><div class='thumbnail_container'><img width=\"450\" height=\"450\" src=\"https:\/\/novalimglutenfree.com\/wp-content\/uploads\/2016\/05\/02-2019_NOVALIM_cestoviny_hruby-mockup_pismenka-450x450.png\" class=\"wp-image-11072 avia-img-lazy-loading-11072 attachment-shop_catalog size-shop_catalog wp-post-image\" alt=\"\" loading=\"lazy\" \/><span class='cart-loading'><\/span><\/div><div class='inner_product_header'><div class='avia-arrow'><\/div><div class='inner_product_header_table'><div class='inner_product_header_cell'><\/div><\/div><\/div>\n\t\t\t<script>\n\t\t\t(function($) {\n\t\t\t\t$( '.products .post-1887 a' ).click( function() {\n\t\t\t\t\tif ( true === $(this).hasClass( 'add_to_cart_button' ) ) {\n\t\t\t\t\t\treturn;\n\t\t\t\t\t}\n\n\t\t\t\t\tga( 'ec:addProduct', {\n\t\t\t\t\t\t'id': '1887',\n\t\t\t\t\t\t'name': 'Glutenfreie Teigwaren PROCEL -alphabet',\n\t\t\t\t\t\t'category': 'Glutenfreie teigwaren\/Teigwaren',\n\t\t\t\t\t\t'position': 11\n\t\t\t\t\t});\n\n\t\t\t\t\tga( 'ec:setAction', 'click', { list: 'Product List' });\n\t\t\t\t\tga( 'send', 'event', 'UX', 'click', ' Product List' );\n\t\t\t\t});\n\t\t\t})(jQuery);\n\t\t\t<\/script>\n\t\t<div class='avia_cart_buttons '><a href=\"?add-to-cart=1887\" data-quantity=\"1\" class=\"button product_type_simple add_to_cart_button ajax_add_to_cart\" data-product_id=\"1887\" data-product_sku=\"2038\" aria-label=\"&bdquo;Glutenfreie Teigwaren PROCEL -alphabet&ldquo; zu deinem Warenkorb hinzuf&uuml;gen\" rel=\"nofollow\" data-pys-event-id=\"69f1bd294ebd2\"><span aria-hidden='true' data-av_icon='\ue859' data-av_iconfont='entypo-fontello'><\/span> In den Warenkorb<\/a>\n<a class=\"button show_details_button\" href=\"https:\/\/novalimglutenfree.com\/de\/obchod\/teigwaren-de\/glutenfreie-teigwaren-de\/glutenfreie-teigwaren-procel-alphabet\/\"><span aria-hidden='true' data-av_icon='\ue84b' data-av_iconfont='entypo-fontello'><\/span>  Details anzeigen<\/a> <span class='button-mini-delimiter'><\/span><\/div><\/div><\/li>\n<li class=\"product type-product post-1936 status-publish onbackorder product_cat-glutenfreie-teigwaren-de product_cat-teigwaren-de has-post-thumbnail taxable shipping-taxable purchasable product-type-simple\">\n\t<div class='inner_product main_color wrapped_style noLightbox  av-product-class-'><div class='thumbnail_container'><img width=\"450\" height=\"450\" src=\"https:\/\/novalimglutenfree.com\/wp-content\/uploads\/2016\/05\/NOVALIM_cestoviny_hruby-mockup_NITOVKY-1-450x450.jpg\" class=\"wp-image-10812 avia-img-lazy-loading-10812 attachment-shop_catalog size-shop_catalog wp-post-image\" alt=\"\" loading=\"lazy\" \/><span class='cart-loading'><\/span><\/div><div class='inner_product_header'><div class='avia-arrow'><\/div><div class='inner_product_header_table'><div class='inner_product_header_cell'><\/div><\/div><\/div>\n\t\t\t<script>\n\t\t\t(function($) {\n\t\t\t\t$( '.products .post-1936 a' ).click( function() {\n\t\t\t\t\tif ( true === $(this).hasClass( 'add_to_cart_button' ) ) {\n\t\t\t\t\t\treturn;\n\t\t\t\t\t}\n\n\t\t\t\t\tga( 'ec:addProduct', {\n\t\t\t\t\t\t'id': '1936',\n\t\t\t\t\t\t'name': 'Glutenfreie Teigwaren PROCEL -Fadennudeln',\n\t\t\t\t\t\t'category': 'Glutenfreie teigwaren\/Teigwaren',\n\t\t\t\t\t\t'position': 12\n\t\t\t\t\t});\n\n\t\t\t\t\tga( 'ec:setAction', 'click', { list: 'Product List' });\n\t\t\t\t\tga( 'send', 'event', 'UX', 'click', ' Product List' );\n\t\t\t\t});\n\t\t\t})(jQuery);\n\t\t\t<\/script>\n\t\t<div class='avia_cart_buttons '><a href=\"?add-to-cart=1936\" data-quantity=\"1\" class=\"button product_type_simple add_to_cart_button ajax_add_to_cart\" data-product_id=\"1936\" data-product_sku=\"2007\" aria-label=\"&bdquo;Glutenfreie Teigwaren PROCEL -Fadennudeln&ldquo; zu deinem Warenkorb hinzuf&uuml;gen\" rel=\"nofollow\" data-pys-event-id=\"69f1bd29506a6\"><span aria-hidden='true' data-av_icon='\ue859' data-av_iconfont='entypo-fontello'><\/span> In den Warenkorb<\/a>\n<a class=\"button show_details_button\" href=\"https:\/\/novalimglutenfree.com\/de\/obchod\/teigwaren-de\/glutenfreie-teigwaren-de\/glutenfreie-teigwaren-procel-fadennudeln\/\"><span aria-hidden='true' data-av_icon='\ue84b' data-av_iconfont='entypo-fontello'><\/span>  Details anzeigen<\/a> <span class='button-mini-delimiter'><\/span><\/div><\/div><\/li>\n<li class=\"product type-product post-1899 status-publish onbackorder product_cat-glutenfreie-teigwaren-de product_cat-teigwaren-de has-post-thumbnail taxable shipping-taxable purchasable product-type-simple\">\n\t<div class='inner_product main_color wrapped_style noLightbox  av-product-class-'><div class='thumbnail_container'><img width=\"450\" height=\"450\" src=\"https:\/\/novalimglutenfree.com\/wp-content\/uploads\/2016\/05\/06-2019_NOVALIM_cestoviny_hruby-mockup_fliacky-1-450x450.png\" class=\"wp-image-10787 avia-img-lazy-loading-10787 attachment-shop_catalog size-shop_catalog wp-post-image\" alt=\"\" loading=\"lazy\" \/><span class='cart-loading'><\/span><\/div><div class='inner_product_header'><div class='avia-arrow'><\/div><div class='inner_product_header_table'><div class='inner_product_header_cell'><\/div><\/div><\/div>\n\t\t\t<script>\n\t\t\t(function($) {\n\t\t\t\t$( '.products .post-1899 a' ).click( function() {\n\t\t\t\t\tif ( true === $(this).hasClass( 'add_to_cart_button' ) ) {\n\t\t\t\t\t\treturn;\n\t\t\t\t\t}\n\n\t\t\t\t\tga( 'ec:addProduct', {\n\t\t\t\t\t\t'id': '1899',\n\t\t\t\t\t\t'name': 'Glutenfreie Teigwaren PROCEL -Fleckerl',\n\t\t\t\t\t\t'category': 'Glutenfreie teigwaren\/Teigwaren',\n\t\t\t\t\t\t'position': 13\n\t\t\t\t\t});\n\n\t\t\t\t\tga( 'ec:setAction', 'click', { list: 'Product List' });\n\t\t\t\t\tga( 'send', 'event', 'UX', 'click', ' Product List' );\n\t\t\t\t});\n\t\t\t})(jQuery);\n\t\t\t<\/script>\n\t\t<div class='avia_cart_buttons '><a href=\"?add-to-cart=1899\" data-quantity=\"1\" class=\"button product_type_simple add_to_cart_button ajax_add_to_cart\" data-product_id=\"1899\" data-product_sku=\"2199\" aria-label=\"&bdquo;Glutenfreie Teigwaren PROCEL -Fleckerl&ldquo; zu deinem Warenkorb hinzuf&uuml;gen\" rel=\"nofollow\" data-pys-event-id=\"69f1bd29520f6\"><span aria-hidden='true' data-av_icon='\ue859' data-av_iconfont='entypo-fontello'><\/span> In den Warenkorb<\/a>\n<a class=\"button show_details_button\" href=\"https:\/\/novalimglutenfree.com\/de\/obchod\/teigwaren-de\/glutenfreie-teigwaren-de\/glutenfreie-teigwaren-procel-fleckerl\/\"><span aria-hidden='true' data-av_icon='\ue84b' data-av_iconfont='entypo-fontello'><\/span>  Details anzeigen<\/a> <span class='button-mini-delimiter'><\/span><\/div><\/div><\/li>\n<li class=\"product type-product post-1891 status-publish onbackorder product_cat-glutenfreie-teigwaren-de product_cat-teigwaren-de has-post-thumbnail taxable shipping-taxable purchasable product-type-simple\">\n\t<div class='inner_product main_color wrapped_style noLightbox  av-product-class-'><div class='thumbnail_container'><img width=\"450\" height=\"450\" src=\"https:\/\/novalimglutenfree.com\/wp-content\/uploads\/2016\/05\/06-2019_NOVALIM_cestoviny_hruby-mockup_fliacky-velke-1-450x450.png\" class=\"wp-image-10782 avia-img-lazy-loading-10782 attachment-shop_catalog size-shop_catalog wp-post-image\" alt=\"\" loading=\"lazy\" \/><span class='cart-loading'><\/span><\/div><div class='inner_product_header'><div class='avia-arrow'><\/div><div class='inner_product_header_table'><div class='inner_product_header_cell'><\/div><\/div><\/div>\n\t\t\t<script>\n\t\t\t(function($) {\n\t\t\t\t$( '.products .post-1891 a' ).click( function() {\n\t\t\t\t\tif ( true === $(this).hasClass( 'add_to_cart_button' ) ) {\n\t\t\t\t\t\treturn;\n\t\t\t\t\t}\n\n\t\t\t\t\tga( 'ec:addProduct', {\n\t\t\t\t\t\t'id': '1891',\n\t\t\t\t\t\t'name': 'Glutenfreie Teigwaren PROCEL -gro\u00dfe Fleckerl',\n\t\t\t\t\t\t'category': 'Glutenfreie teigwaren\/Teigwaren',\n\t\t\t\t\t\t'position': 14\n\t\t\t\t\t});\n\n\t\t\t\t\tga( 'ec:setAction', 'click', { list: 'Product List' });\n\t\t\t\t\tga( 'send', 'event', 'UX', 'click', ' Product List' );\n\t\t\t\t});\n\t\t\t})(jQuery);\n\t\t\t<\/script>\n\t\t<div class='avia_cart_buttons '><a href=\"?add-to-cart=1891\" data-quantity=\"1\" class=\"button product_type_simple add_to_cart_button ajax_add_to_cart\" data-product_id=\"1891\" data-product_sku=\"2113\" aria-label=\"&bdquo;Glutenfreie Teigwaren PROCEL -gro&szlig;e Fleckerl&ldquo; zu deinem Warenkorb hinzuf&uuml;gen\" rel=\"nofollow\" data-pys-event-id=\"69f1bd2953c41\"><span aria-hidden='true' data-av_icon='\ue859' data-av_iconfont='entypo-fontello'><\/span> In den Warenkorb<\/a>\n<a class=\"button show_details_button\" href=\"https:\/\/novalimglutenfree.com\/de\/obchod\/teigwaren-de\/glutenfreie-teigwaren-de\/glutenfreie-teigwaren-procel-grosse-fleckerl\/\"><span aria-hidden='true' data-av_icon='\ue84b' data-av_iconfont='entypo-fontello'><\/span>  Details anzeigen<\/a> <span class='button-mini-delimiter'><\/span><\/div><\/div><\/li>\n<li class=\"product type-product post-1895 status-publish last onbackorder product_cat-glutenfreie-teigwaren-de product_cat-teigwaren-de has-post-thumbnail taxable shipping-taxable purchasable product-type-simple\">\n\t<div class='inner_product main_color wrapped_style noLightbox  av-product-class-'><div class='thumbnail_container'><img width=\"450\" height=\"450\" src=\"https:\/\/novalimglutenfree.com\/wp-content\/uploads\/2016\/05\/NOVALIM_cestoviny_hruby-mockup_KOLIENKAmale-1-450x450.jpg\" class=\"wp-image-10777 avia-img-lazy-loading-10777 attachment-shop_catalog size-shop_catalog wp-post-image\" alt=\"\" loading=\"lazy\" \/><span class='cart-loading'><\/span><\/div><div class='inner_product_header'><div class='avia-arrow'><\/div><div class='inner_product_header_table'><div class='inner_product_header_cell'><\/div><\/div><\/div>\n\t\t\t<script>\n\t\t\t(function($) {\n\t\t\t\t$( '.products .post-1895 a' ).click( function() {\n\t\t\t\t\tif ( true === $(this).hasClass( 'add_to_cart_button' ) ) {\n\t\t\t\t\t\treturn;\n\t\t\t\t\t}\n\n\t\t\t\t\tga( 'ec:addProduct', {\n\t\t\t\t\t\t'id': '1895',\n\t\t\t\t\t\t'name': 'Glutenfreie Teigwaren PROCEL -H\u00f6rnchen',\n\t\t\t\t\t\t'category': 'Glutenfreie teigwaren\/Teigwaren',\n\t\t\t\t\t\t'position': 15\n\t\t\t\t\t});\n\n\t\t\t\t\tga( 'ec:setAction', 'click', { list: 'Product List' });\n\t\t\t\t\tga( 'send', 'event', 'UX', 'click', ' Product List' );\n\t\t\t\t});\n\t\t\t})(jQuery);\n\t\t\t<\/script>\n\t\t<div class='avia_cart_buttons '><a href=\"?add-to-cart=1895\" data-quantity=\"1\" class=\"button product_type_simple add_to_cart_button ajax_add_to_cart\" data-product_id=\"1895\" data-product_sku=\"2182\" aria-label=\"&bdquo;Glutenfreie Teigwaren PROCEL -H&ouml;rnchen&ldquo; zu deinem Warenkorb hinzuf&uuml;gen\" rel=\"nofollow\" data-pys-event-id=\"69f1bd29554f1\"><span aria-hidden='true' data-av_icon='\ue859' data-av_iconfont='entypo-fontello'><\/span> In den Warenkorb<\/a>\n<a class=\"button show_details_button\" href=\"https:\/\/novalimglutenfree.com\/de\/obchod\/teigwaren-de\/glutenfreie-teigwaren-de\/glutenfreie-teigwaren-procel-hoernchen\/\"><span aria-hidden='true' data-av_icon='\ue84b' data-av_iconfont='entypo-fontello'><\/span>  Details anzeigen<\/a> <span class='button-mini-delimiter'><\/span><\/div><\/div><\/li>\n<\/ul><ul class=\"products slide-entry-wrap\"><li class=\"product type-product post-2111 status-publish first onbackorder product_cat-glutenfreie-teigwaren-de product_cat-teigwaren-de has-post-thumbnail taxable shipping-taxable purchasable product-type-simple\">\n\t<div class='inner_product main_color wrapped_style noLightbox  av-product-class-'><div class='thumbnail_container'><img width=\"450\" height=\"450\" src=\"https:\/\/novalimglutenfree.com\/wp-content\/uploads\/2016\/05\/NOVALIM_cestoviny_hruby-mockup_KOLIENKAvelke-1-450x450.jpg\" class=\"wp-image-10797 avia-img-lazy-loading-10797 attachment-shop_catalog size-shop_catalog wp-post-image\" alt=\"\" loading=\"lazy\" \/><span class='cart-loading'><\/span><\/div><div class='inner_product_header'><div class='avia-arrow'><\/div><div class='inner_product_header_table'><div class='inner_product_header_cell'><\/div><\/div><\/div>\n\t\t\t<script>\n\t\t\t(function($) {\n\t\t\t\t$( '.products .post-2111 a' ).click( function() {\n\t\t\t\t\tif ( true === $(this).hasClass( 'add_to_cart_button' ) ) {\n\t\t\t\t\t\treturn;\n\t\t\t\t\t}\n\n\t\t\t\t\tga( 'ec:addProduct', {\n\t\t\t\t\t\t'id': '2111',\n\t\t\t\t\t\t'name': 'Glutenfreie Teigwaren PROCEL -H\u00f6rnchen',\n\t\t\t\t\t\t'category': 'Glutenfreie teigwaren\/Teigwaren',\n\t\t\t\t\t\t'position': 16\n\t\t\t\t\t});\n\n\t\t\t\t\tga( 'ec:setAction', 'click', { list: 'Product List' });\n\t\t\t\t\tga( 'send', 'event', 'UX', 'click', ' Product List' );\n\t\t\t\t});\n\t\t\t})(jQuery);\n\t\t\t<\/script>\n\t\t<div class='avia_cart_buttons '><a href=\"?add-to-cart=2111\" data-quantity=\"1\" class=\"button product_type_simple add_to_cart_button ajax_add_to_cart\" data-product_id=\"2111\" data-product_sku=\"2212\" aria-label=\"&bdquo;Glutenfreie Teigwaren PROCEL -H&ouml;rnchen&ldquo; zu deinem Warenkorb hinzuf&uuml;gen\" rel=\"nofollow\" data-pys-event-id=\"69f1bd2956f79\"><span aria-hidden='true' data-av_icon='\ue859' data-av_iconfont='entypo-fontello'><\/span> In den Warenkorb<\/a>\n<a class=\"button show_details_button\" href=\"https:\/\/novalimglutenfree.com\/de\/obchod\/teigwaren-de\/glutenfreie-teigwaren-de\/glutenfreie-teigwaren-procel-hoernchen\/\"><span aria-hidden='true' data-av_icon='\ue84b' data-av_iconfont='entypo-fontello'><\/span>  Details anzeigen<\/a> <span class='button-mini-delimiter'><\/span><\/div><\/div><\/li>\n<li class=\"product type-product post-1951 status-publish onbackorder product_cat-glutenfreie-teigwaren-de product_cat-teigwaren-de has-post-thumbnail taxable shipping-taxable purchasable product-type-simple\">\n\t<div class='inner_product main_color wrapped_style noLightbox  av-product-class-'><div class='thumbnail_container'><img width=\"450\" height=\"450\" src=\"https:\/\/novalimglutenfree.com\/wp-content\/uploads\/2016\/05\/06-2019_NOVALIM_cestoviny_hruby-mockup_musle-1-450x450.png\" class=\"wp-image-10802 avia-img-lazy-loading-10802 attachment-shop_catalog size-shop_catalog wp-post-image\" alt=\"\" loading=\"lazy\" \/><span class='cart-loading'><\/span><\/div><div class='inner_product_header'><div class='avia-arrow'><\/div><div class='inner_product_header_table'><div class='inner_product_header_cell'><\/div><\/div><\/div>\n\t\t\t<script>\n\t\t\t(function($) {\n\t\t\t\t$( '.products .post-1951 a' ).click( function() {\n\t\t\t\t\tif ( true === $(this).hasClass( 'add_to_cart_button' ) ) {\n\t\t\t\t\t\treturn;\n\t\t\t\t\t}\n\n\t\t\t\t\tga( 'ec:addProduct', {\n\t\t\t\t\t\t'id': '1951',\n\t\t\t\t\t\t'name': 'Glutenfreie Teigwaren PROCEL -Muscheln',\n\t\t\t\t\t\t'category': 'Glutenfreie teigwaren\/Teigwaren',\n\t\t\t\t\t\t'position': 17\n\t\t\t\t\t});\n\n\t\t\t\t\tga( 'ec:setAction', 'click', { list: 'Product List' });\n\t\t\t\t\tga( 'send', 'event', 'UX', 'click', ' Product List' );\n\t\t\t\t});\n\t\t\t})(jQuery);\n\t\t\t<\/script>\n\t\t<div class='avia_cart_buttons '><a href=\"?add-to-cart=1951\" data-quantity=\"1\" class=\"button product_type_simple add_to_cart_button ajax_add_to_cart\" data-product_id=\"1951\" data-product_sku=\"2168\" aria-label=\"&bdquo;Glutenfreie Teigwaren PROCEL -Muscheln&ldquo; zu deinem Warenkorb hinzuf&uuml;gen\" rel=\"nofollow\" data-pys-event-id=\"69f1bd2958851\"><span aria-hidden='true' data-av_icon='\ue859' data-av_iconfont='entypo-fontello'><\/span> In den Warenkorb<\/a>\n<a class=\"button show_details_button\" href=\"https:\/\/novalimglutenfree.com\/de\/obchod\/teigwaren-de\/glutenfreie-teigwaren-de\/glutenfreie-teigwaren-procel-muscheln\/\"><span aria-hidden='true' data-av_icon='\ue84b' data-av_iconfont='entypo-fontello'><\/span>  Details anzeigen<\/a> <span class='button-mini-delimiter'><\/span><\/div><\/div><\/li>\n<li class=\"product type-product post-1883 status-publish onbackorder product_cat-glutenfreie-teigwaren-de product_cat-teigwaren-de has-post-thumbnail taxable shipping-taxable purchasable product-type-simple\">\n\t<div class='inner_product main_color wrapped_style noLightbox  av-product-class-'><div class='thumbnail_container'><img width=\"450\" height=\"450\" src=\"https:\/\/novalimglutenfree.com\/wp-content\/uploads\/2016\/05\/NOVALIM_cestoviny_hruby-mockup_REZANCE-1-450x450.jpg\" class=\"wp-image-10767 avia-img-lazy-loading-10767 attachment-shop_catalog size-shop_catalog wp-post-image\" alt=\"\" loading=\"lazy\" \/><span class='cart-loading'><\/span><\/div><div class='inner_product_header'><div class='avia-arrow'><\/div><div class='inner_product_header_table'><div class='inner_product_header_cell'><\/div><\/div><\/div>\n\t\t\t<script>\n\t\t\t(function($) {\n\t\t\t\t$( '.products .post-1883 a' ).click( function() {\n\t\t\t\t\tif ( true === $(this).hasClass( 'add_to_cart_button' ) ) {\n\t\t\t\t\t\treturn;\n\t\t\t\t\t}\n\n\t\t\t\t\tga( 'ec:addProduct', {\n\t\t\t\t\t\t'id': '1883',\n\t\t\t\t\t\t'name': 'Glutenfreie Teigwaren PROCEL -Nudeln',\n\t\t\t\t\t\t'category': 'Glutenfreie teigwaren\/Teigwaren',\n\t\t\t\t\t\t'position': 18\n\t\t\t\t\t});\n\n\t\t\t\t\tga( 'ec:setAction', 'click', { list: 'Product List' });\n\t\t\t\t\tga( 'send', 'event', 'UX', 'click', ' Product List' );\n\t\t\t\t});\n\t\t\t})(jQuery);\n\t\t\t<\/script>\n\t\t<div class='avia_cart_buttons '><a href=\"?add-to-cart=1883\" data-quantity=\"1\" class=\"button product_type_simple add_to_cart_button ajax_add_to_cart\" data-product_id=\"1883\" data-product_sku=\"2144\" aria-label=\"&bdquo;Glutenfreie Teigwaren PROCEL -Nudeln&ldquo; zu deinem Warenkorb hinzuf&uuml;gen\" rel=\"nofollow\" data-pys-event-id=\"69f1bd295a30c\"><span aria-hidden='true' data-av_icon='\ue859' data-av_iconfont='entypo-fontello'><\/span> In den Warenkorb<\/a>\n<a class=\"button show_details_button\" href=\"https:\/\/novalimglutenfree.com\/de\/obchod\/teigwaren-de\/glutenfreie-teigwaren-de\/glutenfreie-teigwaren-procel-nudeln\/\"><span aria-hidden='true' data-av_icon='\ue84b' data-av_iconfont='entypo-fontello'><\/span>  Details anzeigen<\/a> <span class='button-mini-delimiter'><\/span><\/div><\/div><\/li>\n<li class=\"product type-product post-1921 status-publish onbackorder product_cat-glutenfreie-teigwaren-de product_cat-teigwaren-de has-post-thumbnail taxable shipping-taxable purchasable product-type-simple\">\n\t<div class='inner_product main_color wrapped_style noLightbox  av-product-class-'><div class='thumbnail_container'><img width=\"450\" height=\"450\" src=\"https:\/\/novalimglutenfree.com\/wp-content\/uploads\/2016\/05\/06-2019_NOVALIM_cestoviny_hruby-mockup_spagety-1-450x450.png\" class=\"wp-image-10807 avia-img-lazy-loading-10807 attachment-shop_catalog size-shop_catalog wp-post-image\" alt=\"\" loading=\"lazy\" \/><span class='cart-loading'><\/span><\/div><div class='inner_product_header'><div class='avia-arrow'><\/div><div class='inner_product_header_table'><div class='inner_product_header_cell'><\/div><\/div><\/div>\n\t\t\t<script>\n\t\t\t(function($) {\n\t\t\t\t$( '.products .post-1921 a' ).click( function() {\n\t\t\t\t\tif ( true === $(this).hasClass( 'add_to_cart_button' ) ) {\n\t\t\t\t\t\treturn;\n\t\t\t\t\t}\n\n\t\t\t\t\tga( 'ec:addProduct', {\n\t\t\t\t\t\t'id': '1921',\n\t\t\t\t\t\t'name': 'Glutenfreie Teigwaren PROCEL -spaghetti',\n\t\t\t\t\t\t'category': 'Glutenfreie teigwaren\/Teigwaren',\n\t\t\t\t\t\t'position': 19\n\t\t\t\t\t});\n\n\t\t\t\t\tga( 'ec:setAction', 'click', { list: 'Product List' });\n\t\t\t\t\tga( 'send', 'event', 'UX', 'click', ' Product List' );\n\t\t\t\t});\n\t\t\t})(jQuery);\n\t\t\t<\/script>\n\t\t<div class='avia_cart_buttons '><a href=\"?add-to-cart=1921\" data-quantity=\"1\" class=\"button product_type_simple add_to_cart_button ajax_add_to_cart\" data-product_id=\"1921\" data-product_sku=\"2045\" aria-label=\"&bdquo;Glutenfreie Teigwaren PROCEL -spaghetti&ldquo; zu deinem Warenkorb hinzuf&uuml;gen\" rel=\"nofollow\" data-pys-event-id=\"69f1bd295be6b\"><span aria-hidden='true' data-av_icon='\ue859' data-av_iconfont='entypo-fontello'><\/span> In den Warenkorb<\/a>\n<a class=\"button show_details_button\" href=\"https:\/\/novalimglutenfree.com\/de\/obchod\/teigwaren-de\/glutenfreie-teigwaren-de\/glutenfreie-teigwaren-procel-spaghetti\/\"><span aria-hidden='true' data-av_icon='\ue84b' data-av_iconfont='entypo-fontello'><\/span>  Details anzeigen<\/a> <span class='button-mini-delimiter'><\/span><\/div><\/div><\/li>\n<li class=\"product type-product post-1880 status-publish last onbackorder product_cat-glutenfreie-teigwaren-de product_cat-teigwaren-de has-post-thumbnail taxable shipping-taxable purchasable product-type-simple\">\n\t<div class='inner_product main_color wrapped_style noLightbox  av-product-class-'><div class='thumbnail_container'><img width=\"450\" height=\"450\" src=\"https:\/\/novalimglutenfree.com\/wp-content\/uploads\/2016\/05\/02-2019_NOVALIM_cestoviny_hruby-mockup-3-450x450.jpg\" class=\"wp-image-10762 avia-img-lazy-loading-10762 attachment-shop_catalog size-shop_catalog wp-post-image\" alt=\"\" loading=\"lazy\" \/><span class='cart-loading'><\/span><\/div><div class='inner_product_header'><div class='avia-arrow'><\/div><div class='inner_product_header_table'><div class='inner_product_header_cell'><\/div><\/div><\/div>\n\t\t\t<script>\n\t\t\t(function($) {\n\t\t\t\t$( '.products .post-1880 a' ).click( function() {\n\t\t\t\t\tif ( true === $(this).hasClass( 'add_to_cart_button' ) ) {\n\t\t\t\t\t\treturn;\n\t\t\t\t\t}\n\n\t\t\t\t\tga( 'ec:addProduct', {\n\t\t\t\t\t\t'id': '1880',\n\t\t\t\t\t\t'name': 'Glutenfreie Teigwaren PROCEL -Spirelli',\n\t\t\t\t\t\t'category': 'Glutenfreie teigwaren\/Teigwaren',\n\t\t\t\t\t\t'position': 20\n\t\t\t\t\t});\n\n\t\t\t\t\tga( 'ec:setAction', 'click', { list: 'Product List' });\n\t\t\t\t\tga( 'send', 'event', 'UX', 'click', ' Product List' );\n\t\t\t\t});\n\t\t\t})(jQuery);\n\t\t\t<\/script>\n\t\t<div class='avia_cart_buttons '><a href=\"?add-to-cart=1880\" data-quantity=\"1\" class=\"button product_type_simple add_to_cart_button ajax_add_to_cart\" data-product_id=\"1880\" data-product_sku=\"2151\" aria-label=\"&bdquo;Glutenfreie Teigwaren PROCEL -Spirelli&ldquo; zu deinem Warenkorb hinzuf&uuml;gen\" rel=\"nofollow\" data-pys-event-id=\"69f1bd295d917\"><span aria-hidden='true' data-av_icon='\ue859' data-av_iconfont='entypo-fontello'><\/span> In den Warenkorb<\/a>\n<a class=\"button show_details_button\" href=\"https:\/\/novalimglutenfree.com\/de\/obchod\/teigwaren-de\/glutenfreie-teigwaren-de\/glutenfreie-teigwaren-procel-spirelli\/\"><span aria-hidden='true' data-av_icon='\ue84b' data-av_iconfont='entypo-fontello'><\/span>  Details anzeigen<\/a> <span class='button-mini-delimiter'><\/span><\/div><\/div><\/li>\n<\/ul><ul class=\"products slide-entry-wrap\"><li class=\"product type-product post-1903 status-publish first onbackorder product_cat-glutenfreie-teigwaren-de product_cat-teigwaren-de has-post-thumbnail taxable shipping-taxable purchasable product-type-simple\">\n\t<div class='inner_product main_color wrapped_style noLightbox  av-product-class-'><div class='thumbnail_container'><img width=\"450\" height=\"450\" src=\"https:\/\/novalimglutenfree.com\/wp-content\/uploads\/2016\/05\/06-2019_NOVALIM_cestoviny_hruby-mockup_tarhona-1-450x450.png\" class=\"wp-image-10792 avia-img-lazy-loading-10792 attachment-shop_catalog size-shop_catalog wp-post-image\" alt=\"\" loading=\"lazy\" \/><span class='cart-loading'><\/span><\/div><div class='inner_product_header'><div class='avia-arrow'><\/div><div class='inner_product_header_table'><div class='inner_product_header_cell'><\/div><\/div><\/div>\n\t\t\t<script>\n\t\t\t(function($) {\n\t\t\t\t$( '.products .post-1903 a' ).click( function() {\n\t\t\t\t\tif ( true === $(this).hasClass( 'add_to_cart_button' ) ) {\n\t\t\t\t\t\treturn;\n\t\t\t\t\t}\n\n\t\t\t\t\tga( 'ec:addProduct', {\n\t\t\t\t\t\t'id': '1903',\n\t\t\t\t\t\t'name': 'Glutenfreie Teigwaren PROCEL -Tarhonya-kleine Kugeln',\n\t\t\t\t\t\t'category': 'Glutenfreie teigwaren\/Teigwaren',\n\t\t\t\t\t\t'position': 21\n\t\t\t\t\t});\n\n\t\t\t\t\tga( 'ec:setAction', 'click', { list: 'Product List' });\n\t\t\t\t\tga( 'send', 'event', 'UX', 'click', ' Product List' );\n\t\t\t\t});\n\t\t\t})(jQuery);\n\t\t\t<\/script>\n\t\t<div class='avia_cart_buttons '><a href=\"?add-to-cart=1903\" data-quantity=\"1\" class=\"button product_type_simple add_to_cart_button ajax_add_to_cart\" data-product_id=\"1903\" data-product_sku=\"2205\" aria-label=\"&bdquo;Glutenfreie Teigwaren PROCEL -Tarhonya-kleine Kugeln&ldquo; zu deinem Warenkorb hinzuf&uuml;gen\" rel=\"nofollow\" data-pys-event-id=\"69f1bd295f3f5\"><span aria-hidden='true' data-av_icon='\ue859' data-av_iconfont='entypo-fontello'><\/span> In den Warenkorb<\/a>\n<a class=\"button show_details_button\" href=\"https:\/\/novalimglutenfree.com\/de\/obchod\/teigwaren-de\/glutenfreie-teigwaren-de\/glutenfreie-teigwaren-procel-tarhonya-kleine-kugeln\/\"><span aria-hidden='true' data-av_icon='\ue84b' data-av_iconfont='entypo-fontello'><\/span>  Details anzeigen<\/a> <span class='button-mini-delimiter'><\/span><\/div><\/div><\/li>\n<li class=\"product type-product post-3072 status-publish onbackorder product_cat-bezlepkove-trvanlive-pecivo-de has-post-thumbnail taxable shipping-taxable purchasable product-type-simple\">\n\t<div class='inner_product main_color wrapped_style noLightbox  av-product-class-'><div class='thumbnail_container'><img width=\"450\" height=\"450\" src=\"https:\/\/novalimglutenfree.com\/wp-content\/uploads\/2016\/05\/rev-coc-450x450.jpg\" class=\"wp-image-3076 avia-img-lazy-loading-3076 attachment-shop_catalog size-shop_catalog wp-post-image\" alt=\"\" loading=\"lazy\" \/><span class='cart-loading'><\/span><\/div><div class='inner_product_header'><div class='avia-arrow'><\/div><div class='inner_product_header_table'><div class='inner_product_header_cell'><\/div><\/div><\/div>\n\t\t\t<script>\n\t\t\t(function($) {\n\t\t\t\t$( '.products .post-3072 a' ).click( function() {\n\t\t\t\t\tif ( true === $(this).hasClass( 'add_to_cart_button' ) ) {\n\t\t\t\t\t\treturn;\n\t\t\t\t\t}\n\n\t\t\t\t\tga( 'ec:addProduct', {\n\t\t\t\t\t\t'id': '3072',\n\t\t\t\t\t\t'name': 'Glutenfreie Waffelschnitte mit Sahnef\u00fcllung',\n\t\t\t\t\t\t'category': 'Glutenfreie kekse',\n\t\t\t\t\t\t'position': 22\n\t\t\t\t\t});\n\n\t\t\t\t\tga( 'ec:setAction', 'click', { list: 'Product List' });\n\t\t\t\t\tga( 'send', 'event', 'UX', 'click', ' Product List' );\n\t\t\t\t});\n\t\t\t})(jQuery);\n\t\t\t<\/script>\n\t\t<div class='avia_cart_buttons '><a href=\"?add-to-cart=3072\" data-quantity=\"1\" class=\"button product_type_simple add_to_cart_button ajax_add_to_cart\" data-product_id=\"3072\" data-product_sku=\"4155\" aria-label=\"&bdquo;Glutenfreie Waffelschnitte mit Sahnef&uuml;llung&ldquo; zu deinem Warenkorb hinzuf&uuml;gen\" rel=\"nofollow\" data-pys-event-id=\"69f1bd296102b\"><span aria-hidden='true' data-av_icon='\ue859' data-av_iconfont='entypo-fontello'><\/span> In den Warenkorb<\/a>\n<a class=\"button show_details_button\" href=\"https:\/\/novalimglutenfree.com\/de\/obchod\/keksy-muesli-sneky-de\/bezlepkove-trvanlive-pecivo-de\/glutenfreie-waffelschnitte-mit-sahnefuellung\/\"><span aria-hidden='true' data-av_icon='\ue84b' data-av_iconfont='entypo-fontello'><\/span>  Details anzeigen<\/a> <span class='button-mini-delimiter'><\/span><\/div><\/div><\/li>\n<li class=\"product type-product post-1859 status-publish onbackorder product_cat-glutenfreie-fertige-backmischungen-de product_cat-mehl-de has-post-thumbnail taxable shipping-taxable purchasable product-type-simple\">\n\t<div class='inner_product main_color wrapped_style noLightbox  av-product-class-'><div class='thumbnail_container'><img width=\"450\" height=\"450\" src=\"https:\/\/novalimglutenfree.com\/wp-content\/uploads\/2016\/05\/krupica_m-450x450.png\" class=\"wp-image-11108 avia-img-lazy-loading-11108 attachment-shop_catalog size-shop_catalog wp-post-image\" alt=\"\" loading=\"lazy\" \/><span class='cart-loading'><\/span><\/div><div class='inner_product_header'><div class='avia-arrow'><\/div><div class='inner_product_header_table'><div class='inner_product_header_cell'><\/div><\/div><\/div>\n\t\t\t<script>\n\t\t\t(function($) {\n\t\t\t\t$( '.products .post-1859 a' ).click( function() {\n\t\t\t\t\tif ( true === $(this).hasClass( 'add_to_cart_button' ) ) {\n\t\t\t\t\t\treturn;\n\t\t\t\t\t}\n\n\t\t\t\t\tga( 'ec:addProduct', {\n\t\t\t\t\t\t'id': '1859',\n\t\t\t\t\t\t'name': 'Glutenfreies GRIESS',\n\t\t\t\t\t\t'category': 'glutenfreie-fertige-backmischungen\/Mehl',\n\t\t\t\t\t\t'position': 23\n\t\t\t\t\t});\n\n\t\t\t\t\tga( 'ec:setAction', 'click', { list: 'Product List' });\n\t\t\t\t\tga( 'send', 'event', 'UX', 'click', ' Product List' );\n\t\t\t\t});\n\t\t\t})(jQuery);\n\t\t\t<\/script>\n\t\t<div class='avia_cart_buttons '><a href=\"?add-to-cart=1859\" data-quantity=\"1\" class=\"button product_type_simple add_to_cart_button ajax_add_to_cart\" data-product_id=\"1859\" data-product_sku=\"2120\" aria-label=\"&bdquo;Glutenfreies GRIESS&ldquo; zu deinem Warenkorb hinzuf&uuml;gen\" rel=\"nofollow\" data-pys-event-id=\"69f1bd2962acc\"><span aria-hidden='true' data-av_icon='\ue859' data-av_iconfont='entypo-fontello'><\/span> In den Warenkorb<\/a>\n<a class=\"button show_details_button\" href=\"https:\/\/novalimglutenfree.com\/de\/obchod\/mehl-de\/glutenfreie-fertige-backmischungen-de\/glutenfreies-griess\/\"><span aria-hidden='true' data-av_icon='\ue84b' data-av_iconfont='entypo-fontello'><\/span>  Details anzeigen<\/a> <span class='button-mini-delimiter'><\/span><\/div><\/div><\/li>\n<li class=\"product type-product post-2087 status-publish onbackorder product_cat-naturlich-glutenfreie-mehle-de has-post-thumbnail taxable shipping-taxable purchasable product-type-simple\">\n\t<div class='inner_product main_color wrapped_style noLightbox  av-product-class-'><div class='thumbnail_container'><img width=\"301\" height=\"450\" src=\"https:\/\/novalimglutenfree.com\/wp-content\/uploads\/2016\/05\/Lanovy-Srot.jpg\" class=\"wp-image-2088 avia-img-lazy-loading-2088 attachment-shop_catalog size-shop_catalog wp-post-image\" alt=\"\" loading=\"lazy\" \/><span class='cart-loading'><\/span><\/div><div class='inner_product_header'><div class='avia-arrow'><\/div><div class='inner_product_header_table'><div class='inner_product_header_cell'><\/div><\/div><\/div>\n\t\t\t<script>\n\t\t\t(function($) {\n\t\t\t\t$( '.products .post-2087 a' ).click( function() {\n\t\t\t\t\tif ( true === $(this).hasClass( 'add_to_cart_button' ) ) {\n\t\t\t\t\t\treturn;\n\t\t\t\t\t}\n\n\t\t\t\t\tga( 'ec:addProduct', {\n\t\t\t\t\t\t'id': '2087',\n\t\t\t\t\t\t'name': 'Leinsamen-Schrott-ger\u00f6stet',\n\t\t\t\t\t\t'category': 'naturlich-glutenfreie-mehle',\n\t\t\t\t\t\t'position': 24\n\t\t\t\t\t});\n\n\t\t\t\t\tga( 'ec:setAction', 'click', { list: 'Product List' });\n\t\t\t\t\tga( 'send', 'event', 'UX', 'click', ' Product List' );\n\t\t\t\t});\n\t\t\t})(jQuery);\n\t\t\t<\/script>\n\t\t<div class='avia_cart_buttons '><a href=\"?add-to-cart=2087\" data-quantity=\"1\" class=\"button product_type_simple add_to_cart_button ajax_add_to_cart\" data-product_id=\"2087\" data-product_sku=\"1444\" aria-label=\"&bdquo;Leinsamen-Schrott-ger&ouml;stet&ldquo; zu deinem Warenkorb hinzuf&uuml;gen\" rel=\"nofollow\" data-pys-event-id=\"69f1bd296447e\"><span aria-hidden='true' data-av_icon='\ue859' data-av_iconfont='entypo-fontello'><\/span> In den Warenkorb<\/a>\n<a class=\"button show_details_button\" href=\"https:\/\/novalimglutenfree.com\/de\/obchod\/mehl-de\/naturlich-glutenfreie-mehle-de\/leinsamen-schrott-geroestet\/\"><span aria-hidden='true' data-av_icon='\ue84b' data-av_iconfont='entypo-fontello'><\/span>  Details anzeigen<\/a> <span class='button-mini-delimiter'><\/span><\/div><\/div><\/li>\n<li class=\"product type-product post-2031 status-publish last onbackorder product_cat-bezlepkove-trvanlive-pecivo-de product_cat-keksy-muesli-sneky-de has-post-thumbnail taxable shipping-taxable purchasable product-type-simple\">\n\t<div class='inner_product main_color wrapped_style noLightbox  av-product-class-'><div class='thumbnail_container'><img width=\"450\" height=\"450\" src=\"https:\/\/novalimglutenfree.com\/wp-content\/uploads\/2016\/05\/LimkyChoc-450x450.jpg\" class=\"wp-image-2024 avia-img-lazy-loading-2024 attachment-shop_catalog size-shop_catalog wp-post-image\" alt=\"\" loading=\"lazy\" \/><span class='cart-loading'><\/span><\/div><div class='inner_product_header'><div class='avia-arrow'><\/div><div class='inner_product_header_table'><div class='inner_product_header_cell'><\/div><\/div><\/div>\n\t\t\t<script>\n\t\t\t(function($) {\n\t\t\t\t$( '.products .post-2031 a' ).click( function() {\n\t\t\t\t\tif ( true === $(this).hasClass( 'add_to_cart_button' ) ) {\n\t\t\t\t\t\treturn;\n\t\t\t\t\t}\n\n\t\t\t\t\tga( 'ec:addProduct', {\n\t\t\t\t\t\t'id': '2031',\n\t\t\t\t\t\t'name': 'LIMKY-glutenfreie gef\u00fcllte Kakaokekse',\n\t\t\t\t\t\t'category': 'Glutenfreie kekse\/Keksy, m\u00fcsli, sneky',\n\t\t\t\t\t\t'position': 25\n\t\t\t\t\t});\n\n\t\t\t\t\tga( 'ec:setAction', 'click', { list: 'Product List' });\n\t\t\t\t\tga( 'send', 'event', 'UX', 'click', ' Product List' );\n\t\t\t\t});\n\t\t\t})(jQuery);\n\t\t\t<\/script>\n\t\t<div class='avia_cart_buttons '><a href=\"?add-to-cart=2031\" data-quantity=\"1\" class=\"button product_type_simple add_to_cart_button ajax_add_to_cart\" data-product_id=\"2031\" data-product_sku=\"4049\" aria-label=\"&bdquo;LIMKY-glutenfreie gef&uuml;llte Kakaokekse&ldquo; zu deinem Warenkorb hinzuf&uuml;gen\" rel=\"nofollow\" data-pys-event-id=\"69f1bd2966005\"><span aria-hidden='true' data-av_icon='\ue859' data-av_iconfont='entypo-fontello'><\/span> In den Warenkorb<\/a>\n<a class=\"button show_details_button\" href=\"https:\/\/novalimglutenfree.com\/de\/obchod\/keksy-muesli-sneky-de\/bezlepkove-trvanlive-pecivo-de\/limky-glutenfreie-gefuellte-kakaokekse\/\"><span aria-hidden='true' data-av_icon='\ue84b' data-av_iconfont='entypo-fontello'><\/span>  Details anzeigen<\/a> <span class='button-mini-delimiter'><\/span><\/div><\/div><\/li>\n<\/ul><ul class=\"products slide-entry-wrap\"><li class=\"product type-product post-2035 status-publish first onbackorder product_cat-bezlepkove-trvanlive-pecivo-de product_cat-keksy-muesli-sneky-de has-post-thumbnail taxable shipping-taxable purchasable product-type-simple\">\n\t<div class='inner_product main_color wrapped_style noLightbox  av-product-class-'><div class='thumbnail_container'><img width=\"450\" height=\"450\" src=\"https:\/\/novalimglutenfree.com\/wp-content\/uploads\/2016\/05\/LimkyChoc-450x450.jpg\" class=\"wp-image-2024 avia-img-lazy-loading-2024 attachment-shop_catalog size-shop_catalog wp-post-image\" alt=\"\" loading=\"lazy\" \/><span class='cart-loading'><\/span><\/div><div class='inner_product_header'><div class='avia-arrow'><\/div><div class='inner_product_header_table'><div class='inner_product_header_cell'><\/div><\/div><\/div>\n\t\t\t<script>\n\t\t\t(function($) {\n\t\t\t\t$( '.products .post-2035 a' ).click( function() {\n\t\t\t\t\tif ( true === $(this).hasClass( 'add_to_cart_button' ) ) {\n\t\t\t\t\t\treturn;\n\t\t\t\t\t}\n\n\t\t\t\t\tga( 'ec:addProduct', {\n\t\t\t\t\t\t'id': '2035',\n\t\t\t\t\t\t'name': 'LIMKY-glutenfreie gef\u00fcllte Kakaokekse',\n\t\t\t\t\t\t'category': 'Glutenfreie kekse\/Keksy, m\u00fcsli, sneky',\n\t\t\t\t\t\t'position': 26\n\t\t\t\t\t});\n\n\t\t\t\t\tga( 'ec:setAction', 'click', { list: 'Product List' });\n\t\t\t\t\tga( 'send', 'event', 'UX', 'click', ' Product List' );\n\t\t\t\t});\n\t\t\t})(jQuery);\n\t\t\t<\/script>\n\t\t<div class='avia_cart_buttons '><a href=\"?add-to-cart=2035\" data-quantity=\"1\" class=\"button product_type_simple add_to_cart_button ajax_add_to_cart\" data-product_id=\"2035\" data-product_sku=\"4056\" aria-label=\"&bdquo;LIMKY-glutenfreie gef&uuml;llte Kakaokekse&ldquo; zu deinem Warenkorb hinzuf&uuml;gen\" rel=\"nofollow\" data-pys-event-id=\"69f1bd2967ad2\"><span aria-hidden='true' data-av_icon='\ue859' data-av_iconfont='entypo-fontello'><\/span> In den Warenkorb<\/a>\n<a class=\"button show_details_button\" href=\"https:\/\/novalimglutenfree.com\/de\/obchod\/keksy-muesli-sneky-de\/bezlepkove-trvanlive-pecivo-de\/limky-glutenfreie-gefuellte-kakaokekse\/\"><span aria-hidden='true' data-av_icon='\ue84b' data-av_iconfont='entypo-fontello'><\/span>  Details anzeigen<\/a> <span class='button-mini-delimiter'><\/span><\/div><\/div><\/li>\n<li class=\"product type-product post-2018 status-publish onbackorder product_cat-bezlepkove-trvanlive-pecivo-de product_cat-keksy-muesli-sneky-de has-post-thumbnail taxable shipping-taxable purchasable product-type-simple\">\n\t<div class='inner_product main_color wrapped_style noLightbox  av-product-class-'><div class='thumbnail_container'><img width=\"450\" height=\"450\" src=\"https:\/\/novalimglutenfree.com\/wp-content\/uploads\/2016\/05\/LimkyVanilla-450x450.jpg\" class=\"wp-image-2019 avia-img-lazy-loading-2019 attachment-shop_catalog size-shop_catalog wp-post-image\" alt=\"\" loading=\"lazy\" \/><span class='cart-loading'><\/span><\/div><div class='inner_product_header'><div class='avia-arrow'><\/div><div class='inner_product_header_table'><div class='inner_product_header_cell'><\/div><\/div><\/div>\n\t\t\t<script>\n\t\t\t(function($) {\n\t\t\t\t$( '.products .post-2018 a' ).click( function() {\n\t\t\t\t\tif ( true === $(this).hasClass( 'add_to_cart_button' ) ) {\n\t\t\t\t\t\treturn;\n\t\t\t\t\t}\n\n\t\t\t\t\tga( 'ec:addProduct', {\n\t\t\t\t\t\t'id': '2018',\n\t\t\t\t\t\t'name': 'LIMKY-glutenfreie gef\u00fcllte Vanillekekse',\n\t\t\t\t\t\t'category': 'Glutenfreie kekse\/Keksy, m\u00fcsli, sneky',\n\t\t\t\t\t\t'position': 27\n\t\t\t\t\t});\n\n\t\t\t\t\tga( 'ec:setAction', 'click', { list: 'Product List' });\n\t\t\t\t\tga( 'send', 'event', 'UX', 'click', ' Product List' );\n\t\t\t\t});\n\t\t\t})(jQuery);\n\t\t\t<\/script>\n\t\t<div class='avia_cart_buttons '><a href=\"?add-to-cart=2018\" data-quantity=\"1\" class=\"button product_type_simple add_to_cart_button ajax_add_to_cart\" data-product_id=\"2018\" data-product_sku=\"4025\" aria-label=\"&bdquo;LIMKY-glutenfreie gef&uuml;llte Vanillekekse&ldquo; zu deinem Warenkorb hinzuf&uuml;gen\" rel=\"nofollow\" data-pys-event-id=\"69f1bd2969492\"><span aria-hidden='true' data-av_icon='\ue859' data-av_iconfont='entypo-fontello'><\/span> In den Warenkorb<\/a>\n<a class=\"button show_details_button\" href=\"https:\/\/novalimglutenfree.com\/de\/obchod\/keksy-muesli-sneky-de\/bezlepkove-trvanlive-pecivo-de\/limky-glutenfreie-gefuellte-vanillekekse\/\"><span aria-hidden='true' data-av_icon='\ue84b' data-av_iconfont='entypo-fontello'><\/span>  Details anzeigen<\/a> <span class='button-mini-delimiter'><\/span><\/div><\/div><\/li>\n<li class=\"product type-product post-2013 status-publish onbackorder product_cat-bezlepkove-trvanlive-pecivo-de product_cat-keksy-muesli-sneky-de has-post-thumbnail taxable shipping-taxable purchasable product-type-simple\">\n\t<div class='inner_product main_color wrapped_style noLightbox  av-product-class-'><div class='thumbnail_container'><img width=\"450\" height=\"450\" src=\"https:\/\/novalimglutenfree.com\/wp-content\/uploads\/2016\/05\/Limky_Vanilla-450x450.jpg\" class=\"wp-image-2038 avia-img-lazy-loading-2038 attachment-shop_catalog size-shop_catalog wp-post-image\" alt=\"\" loading=\"lazy\" \/><span class='cart-loading'><\/span><\/div><div class='inner_product_header'><div class='avia-arrow'><\/div><div class='inner_product_header_table'><div class='inner_product_header_cell'><\/div><\/div><\/div>\n\t\t\t<script>\n\t\t\t(function($) {\n\t\t\t\t$( '.products .post-2013 a' ).click( function() {\n\t\t\t\t\tif ( true === $(this).hasClass( 'add_to_cart_button' ) ) {\n\t\t\t\t\t\treturn;\n\t\t\t\t\t}\n\n\t\t\t\t\tga( 'ec:addProduct', {\n\t\t\t\t\t\t'id': '2013',\n\t\t\t\t\t\t'name': 'LIMKY-glutenfreie Vanille Kekse',\n\t\t\t\t\t\t'category': 'Glutenfreie kekse\/Keksy, m\u00fcsli, sneky',\n\t\t\t\t\t\t'position': 28\n\t\t\t\t\t});\n\n\t\t\t\t\tga( 'ec:setAction', 'click', { list: 'Product List' });\n\t\t\t\t\tga( 'send', 'event', 'UX', 'click', ' Product List' );\n\t\t\t\t});\n\t\t\t})(jQuery);\n\t\t\t<\/script>\n\t\t<div class='avia_cart_buttons '><a href=\"?add-to-cart=2013\" data-quantity=\"1\" class=\"button product_type_simple add_to_cart_button ajax_add_to_cart\" data-product_id=\"2013\" data-product_sku=\"4018\" aria-label=\"&bdquo;LIMKY-glutenfreie Vanille Kekse&ldquo; zu deinem Warenkorb hinzuf&uuml;gen\" rel=\"nofollow\" data-pys-event-id=\"69f1bd296afef\"><span aria-hidden='true' data-av_icon='\ue859' data-av_iconfont='entypo-fontello'><\/span> In den Warenkorb<\/a>\n<a class=\"button show_details_button\" href=\"https:\/\/novalimglutenfree.com\/de\/obchod\/keksy-muesli-sneky-de\/bezlepkove-trvanlive-pecivo-de\/limky-glutenfreie-vanille-kekse\/\"><span aria-hidden='true' data-av_icon='\ue84b' data-av_iconfont='entypo-fontello'><\/span>  Details anzeigen<\/a> <span class='button-mini-delimiter'><\/span><\/div><\/div><\/li>\n<li class=\"product type-product post-2107 status-publish onbackorder product_cat-mehl-de product_cat-naturlich-glutenfreie-mehle-de has-post-thumbnail taxable shipping-taxable purchasable product-type-simple\">\n\t<div class='inner_product main_color wrapped_style noLightbox  av-product-class-'><div class='thumbnail_container'><img width=\"450\" height=\"450\" src=\"https:\/\/novalimglutenfree.com\/wp-content\/uploads\/2017\/02\/09-2018_novalim_mockup_muka-KUKURICNA-450x450.jpg\" class=\"wp-image-9571 avia-img-lazy-loading-9571 attachment-shop_catalog size-shop_catalog wp-post-image\" alt=\"\" loading=\"lazy\" \/><span class='cart-loading'><\/span><\/div><div class='inner_product_header'><div class='avia-arrow'><\/div><div class='inner_product_header_table'><div class='inner_product_header_cell'><\/div><\/div><\/div>\n\t\t\t<script>\n\t\t\t(function($) {\n\t\t\t\t$( '.products .post-2107 a' ).click( function() {\n\t\t\t\t\tif ( true === $(this).hasClass( 'add_to_cart_button' ) ) {\n\t\t\t\t\t\treturn;\n\t\t\t\t\t}\n\n\t\t\t\t\tga( 'ec:addProduct', {\n\t\t\t\t\t\t'id': '2107',\n\t\t\t\t\t\t'name': 'Maismehl',\n\t\t\t\t\t\t'category': 'Mehl\/naturlich-glutenfreie-mehle',\n\t\t\t\t\t\t'position': 29\n\t\t\t\t\t});\n\n\t\t\t\t\tga( 'ec:setAction', 'click', { list: 'Product List' });\n\t\t\t\t\tga( 'send', 'event', 'UX', 'click', ' Product List' );\n\t\t\t\t});\n\t\t\t})(jQuery);\n\t\t\t<\/script>\n\t\t<div class='avia_cart_buttons '><a href=\"?add-to-cart=2107\" data-quantity=\"1\" class=\"button product_type_simple add_to_cart_button ajax_add_to_cart\" data-product_id=\"2107\" data-product_sku=\"1390\" aria-label=\"&bdquo;Maismehl&ldquo; zu deinem Warenkorb hinzuf&uuml;gen\" rel=\"nofollow\" data-pys-event-id=\"69f1bd296cb29\"><span aria-hidden='true' data-av_icon='\ue859' data-av_iconfont='entypo-fontello'><\/span> In den Warenkorb<\/a>\n<a class=\"button show_details_button\" href=\"https:\/\/novalimglutenfree.com\/de\/obchod\/mehl-de\/naturlich-glutenfreie-mehle-de\/maismehl\/\"><span aria-hidden='true' data-av_icon='\ue84b' data-av_iconfont='entypo-fontello'><\/span>  Details anzeigen<\/a> <span class='button-mini-delimiter'><\/span><\/div><\/div><\/li>\n<li class=\"product type-product post-3111 status-publish last onbackorder product_cat-glutenfreies-brot-geback-knodel-de has-post-thumbnail taxable shipping-taxable purchasable product-type-simple\">\n\t<div class='inner_product main_color wrapped_style noLightbox  av-product-class-'><div class='thumbnail_container'><img width=\"239\" height=\"300\" src=\"https:\/\/novalimglutenfree.com\/wp-content\/uploads\/2016\/05\/pekti-bezlepkove-bagetky-tmave-140g-80.thumb_300x300.jpg\" class=\"wp-image-3033 avia-img-lazy-loading-3033 attachment-shop_catalog size-shop_catalog wp-post-image\" alt=\"\" loading=\"lazy\" \/><span class='cart-loading'><\/span><\/div><div class='inner_product_header'><div class='avia-arrow'><\/div><div class='inner_product_header_table'><div class='inner_product_header_cell'><\/div><\/div><\/div>\n\t\t\t<script>\n\t\t\t(function($) {\n\t\t\t\t$( '.products .post-3111 a' ).click( function() {\n\t\t\t\t\tif ( true === $(this).hasClass( 'add_to_cart_button' ) ) {\n\t\t\t\t\t\treturn;\n\t\t\t\t\t}\n\n\t\t\t\t\tga( 'ec:addProduct', {\n\t\t\t\t\t\t'id': '3111',\n\t\t\t\t\t\t'name': 'PEKTI-bezglut\u00e9nov\u00e9 bagetky tmav\u00e9, 140g',\n\t\t\t\t\t\t'category': 'Glutenfreies-brot-geback-knodel',\n\t\t\t\t\t\t'position': 30\n\t\t\t\t\t});\n\n\t\t\t\t\tga( 'ec:setAction', 'click', { list: 'Product List' });\n\t\t\t\t\tga( 'send', 'event', 'UX', 'click', ' Product List' );\n\t\t\t\t});\n\t\t\t})(jQuery);\n\t\t\t<\/script>\n\t\t<div class='avia_cart_buttons '><a href=\"?add-to-cart=3111\" data-quantity=\"1\" class=\"button product_type_simple add_to_cart_button ajax_add_to_cart\" data-product_id=\"3111\" data-product_sku=\"4421\" aria-label=\"&bdquo;PEKTI-bezglut&eacute;nov&eacute; bagetky tmav&eacute;, 140g&ldquo; zu deinem Warenkorb hinzuf&uuml;gen\" rel=\"nofollow\" data-pys-event-id=\"69f1bd296e764\"><span aria-hidden='true' data-av_icon='\ue859' data-av_iconfont='entypo-fontello'><\/span> In den Warenkorb<\/a>\n<a class=\"button show_details_button\" href=\"https:\/\/novalimglutenfree.com\/de\/obchod\/brot-geback-knodel-de\/glutenfreies-brot-geback-knodel-de\/pekti-bezlepkove-bagetky-tmave-140g\/\"><span aria-hidden='true' data-av_icon='\ue84b' data-av_iconfont='entypo-fontello'><\/span>  Details anzeigen<\/a> <span class='button-mini-delimiter'><\/span><\/div><\/div><\/li>\n<\/ul><ul class=\"products slide-entry-wrap\"><li class=\"product type-product post-2356 status-publish first onbackorder product_cat-brot-geback-knodel-de product_cat-glutenfreies-brot-geback-knodel-de has-post-thumbnail taxable shipping-taxable purchasable product-type-simple\">\n\t<div class='inner_product main_color wrapped_style noLightbox  av-product-class-'><div class='thumbnail_container'><img width=\"301\" height=\"450\" src=\"https:\/\/novalimglutenfree.com\/wp-content\/uploads\/2016\/05\/Pekti-240g.jpg\" class=\"wp-image-3665 avia-img-lazy-loading-3665 attachment-shop_catalog size-shop_catalog wp-post-image\" alt=\"\" loading=\"lazy\" \/><span class='cart-loading'><\/span><\/div><div class='inner_product_header'><div class='avia-arrow'><\/div><div class='inner_product_header_table'><div class='inner_product_header_cell'><\/div><\/div><\/div>\n\t\t\t<script>\n\t\t\t(function($) {\n\t\t\t\t$( '.products .post-2356 a' ).click( function() {\n\t\t\t\t\tif ( true === $(this).hasClass( 'add_to_cart_button' ) ) {\n\t\t\t\t\t\treturn;\n\t\t\t\t\t}\n\n\t\t\t\t\tga( 'ec:addProduct', {\n\t\t\t\t\t\t'id': '2356',\n\t\t\t\t\t\t'name': 'PEKTI-bezglut\u00e9nov\u00fd chlieb konzumn\u00fd, 240g',\n\t\t\t\t\t\t'category': 'Brot-geback-knodel\/Glutenfreies-brot-geback-knodel',\n\t\t\t\t\t\t'position': 31\n\t\t\t\t\t});\n\n\t\t\t\t\tga( 'ec:setAction', 'click', { list: 'Product List' });\n\t\t\t\t\tga( 'send', 'event', 'UX', 'click', ' Product List' );\n\t\t\t\t});\n\t\t\t})(jQuery);\n\t\t\t<\/script>\n\t\t<div class='avia_cart_buttons '><a href=\"?add-to-cart=2356\" data-quantity=\"1\" class=\"button product_type_simple add_to_cart_button ajax_add_to_cart\" data-product_id=\"2356\" data-product_sku=\"4384\" aria-label=\"&bdquo;PEKTI-bezglut&eacute;nov&yacute; chlieb konzumn&yacute;, 240g&ldquo; zu deinem Warenkorb hinzuf&uuml;gen\" rel=\"nofollow\" data-pys-event-id=\"69f1bd297000d\"><span aria-hidden='true' data-av_icon='\ue859' data-av_iconfont='entypo-fontello'><\/span> In den Warenkorb<\/a>\n<a class=\"button show_details_button\" href=\"https:\/\/novalimglutenfree.com\/de\/obchod\/brot-geback-knodel-de\/glutenfreies-brot-geback-knodel-de\/pekti-bezglutenovy-chlieb-konzumny-240g\/\"><span aria-hidden='true' data-av_icon='\ue84b' data-av_iconfont='entypo-fontello'><\/span>  Details anzeigen<\/a> <span class='button-mini-delimiter'><\/span><\/div><\/div><\/li>\n<li class=\"product type-product post-2324 status-publish onbackorder product_cat-brot-geback-knodel-de product_cat-glutenfreies-brot-geback-knodel-de has-post-thumbnail taxable shipping-taxable purchasable product-type-simple\">\n\t<div class='inner_product main_color wrapped_style noLightbox  av-product-class-'><div class='thumbnail_container'><img width=\"301\" height=\"450\" src=\"https:\/\/novalimglutenfree.com\/wp-content\/uploads\/2016\/05\/Pekti.jpg\" class=\"wp-image-2313 avia-img-lazy-loading-2313 attachment-shop_catalog size-shop_catalog wp-post-image\" alt=\"\" loading=\"lazy\" \/><span class='cart-loading'><\/span><\/div><div class='inner_product_header'><div class='avia-arrow'><\/div><div class='inner_product_header_table'><div class='inner_product_header_cell'><\/div><\/div><\/div>\n\t\t\t<script>\n\t\t\t(function($) {\n\t\t\t\t$( '.products .post-2324 a' ).click( function() {\n\t\t\t\t\tif ( true === $(this).hasClass( 'add_to_cart_button' ) ) {\n\t\t\t\t\t\treturn;\n\t\t\t\t\t}\n\n\t\t\t\t\tga( 'ec:addProduct', {\n\t\t\t\t\t\t'id': '2324',\n\t\t\t\t\t\t'name': 'PEKTI-bezglut\u00e9nov\u00fd chlieb konzumn\u00fd, 400g',\n\t\t\t\t\t\t'category': 'Brot-geback-knodel\/Glutenfreies-brot-geback-knodel',\n\t\t\t\t\t\t'position': 32\n\t\t\t\t\t});\n\n\t\t\t\t\tga( 'ec:setAction', 'click', { list: 'Product List' });\n\t\t\t\t\tga( 'send', 'event', 'UX', 'click', ' Product List' );\n\t\t\t\t});\n\t\t\t})(jQuery);\n\t\t\t<\/script>\n\t\t<div class='avia_cart_buttons '><a href=\"?add-to-cart=2324\" data-quantity=\"1\" class=\"button product_type_simple add_to_cart_button ajax_add_to_cart\" data-product_id=\"2324\" data-product_sku=\"4377\" aria-label=\"&bdquo;PEKTI-bezglut&eacute;nov&yacute; chlieb konzumn&yacute;, 400g&ldquo; zu deinem Warenkorb hinzuf&uuml;gen\" rel=\"nofollow\" data-pys-event-id=\"69f1bd29719d1\"><span aria-hidden='true' data-av_icon='\ue859' data-av_iconfont='entypo-fontello'><\/span> In den Warenkorb<\/a>\n<a class=\"button show_details_button\" href=\"https:\/\/novalimglutenfree.com\/de\/obchod\/brot-geback-knodel-de\/glutenfreies-brot-geback-knodel-de\/pekti-bezlepkovy-chlieb-konzumny-400g\/\"><span aria-hidden='true' data-av_icon='\ue84b' data-av_iconfont='entypo-fontello'><\/span>  Details anzeigen<\/a> <span class='button-mini-delimiter'><\/span><\/div><\/div><\/li>\n<li class=\"product type-product post-1996 status-publish onbackorder product_cat-bezlepkove-trvanlive-pecivo-de product_cat-keksy-muesli-sneky-de has-post-thumbnail taxable shipping-taxable purchasable product-type-simple\">\n\t<div class='inner_product main_color wrapped_style noLightbox  av-product-class-'><div class='thumbnail_container'><img width=\"301\" height=\"450\" src=\"https:\/\/novalimglutenfree.com\/wp-content\/uploads\/2016\/05\/Permonky.jpg\" class=\"wp-image-1997 avia-img-lazy-loading-1997 attachment-shop_catalog size-shop_catalog wp-post-image\" alt=\"\" loading=\"lazy\" \/><span class='cart-loading'><\/span><\/div><div class='inner_product_header'><div class='avia-arrow'><\/div><div class='inner_product_header_table'><div class='inner_product_header_cell'><\/div><\/div><\/div>\n\t\t\t<script>\n\t\t\t(function($) {\n\t\t\t\t$( '.products .post-1996 a' ).click( function() {\n\t\t\t\t\tif ( true === $(this).hasClass( 'add_to_cart_button' ) ) {\n\t\t\t\t\t\treturn;\n\t\t\t\t\t}\n\n\t\t\t\t\tga( 'ec:addProduct', {\n\t\t\t\t\t\t'id': '1996',\n\t\t\t\t\t\t'name': 'PERMONKY-glutenfreie Lebkuchenkekse',\n\t\t\t\t\t\t'category': 'Glutenfreie kekse\/Keksy, m\u00fcsli, sneky',\n\t\t\t\t\t\t'position': 33\n\t\t\t\t\t});\n\n\t\t\t\t\tga( 'ec:setAction', 'click', { list: 'Product List' });\n\t\t\t\t\tga( 'send', 'event', 'UX', 'click', ' Product List' );\n\t\t\t\t});\n\t\t\t})(jQuery);\n\t\t\t<\/script>\n\t\t<div class='avia_cart_buttons '><a href=\"?add-to-cart=1996\" data-quantity=\"1\" class=\"button product_type_simple add_to_cart_button ajax_add_to_cart\" data-product_id=\"1996\" data-product_sku=\"4070\" aria-label=\"&bdquo;PERMONKY-glutenfreie Lebkuchenkekse&ldquo; zu deinem Warenkorb hinzuf&uuml;gen\" rel=\"nofollow\" data-pys-event-id=\"69f1bd29732c0\"><span aria-hidden='true' data-av_icon='\ue859' data-av_iconfont='entypo-fontello'><\/span> In den Warenkorb<\/a>\n<a class=\"button show_details_button\" href=\"https:\/\/novalimglutenfree.com\/de\/obchod\/keksy-muesli-sneky-de\/bezlepkove-trvanlive-pecivo-de\/permonky-glutenfreie-lebkuchenkekse\/\"><span aria-hidden='true' data-av_icon='\ue84b' data-av_iconfont='entypo-fontello'><\/span>  Details anzeigen<\/a> <span class='button-mini-delimiter'><\/span><\/div><\/div><\/li>\n<li class=\"product type-product post-2047 status-publish onbackorder product_cat-glutenfreie-mehlmischungen-de product_cat-mehl-de has-post-thumbnail taxable shipping-taxable purchasable product-type-simple\">\n\t<div class='inner_product main_color wrapped_style noLightbox  av-product-class-'><div class='thumbnail_container'><img width=\"301\" height=\"450\" src=\"https:\/\/novalimglutenfree.com\/wp-content\/uploads\/2016\/05\/Promix_CH_Special.jpg\" class=\"wp-image-2292 avia-img-lazy-loading-2292 attachment-shop_catalog size-shop_catalog wp-post-image\" alt=\"\" loading=\"lazy\" \/><span class='cart-loading'><\/span><\/div><div class='inner_product_header'><div class='avia-arrow'><\/div><div class='inner_product_header_table'><div class='inner_product_header_cell'><\/div><\/div><\/div>\n\t\t\t<script>\n\t\t\t(function($) {\n\t\t\t\t$( '.products .post-2047 a' ).click( function() {\n\t\t\t\t\tif ( true === $(this).hasClass( 'add_to_cart_button' ) ) {\n\t\t\t\t\t\treturn;\n\t\t\t\t\t}\n\n\t\t\t\t\tga( 'ec:addProduct', {\n\t\t\t\t\t\t'id': '2047',\n\t\t\t\t\t\t'name': 'PROMIX  CH-Special, glutenfreie Brotbackmischung',\n\t\t\t\t\t\t'category': 'glutenfreie-mehlmischungen\/Mehl',\n\t\t\t\t\t\t'position': 34\n\t\t\t\t\t});\n\n\t\t\t\t\tga( 'ec:setAction', 'click', { list: 'Product List' });\n\t\t\t\t\tga( 'send', 'event', 'UX', 'click', ' Product List' );\n\t\t\t\t});\n\t\t\t})(jQuery);\n\t\t\t<\/script>\n\t\t<div class='avia_cart_buttons '><a href=\"?add-to-cart=2047\" data-quantity=\"1\" class=\"button product_type_simple add_to_cart_button ajax_add_to_cart\" data-product_id=\"2047\" data-product_sku=\"1253\" aria-label=\"&bdquo;PROMIX  CH-Special, glutenfreie Brotbackmischung&ldquo; zu deinem Warenkorb hinzuf&uuml;gen\" rel=\"nofollow\" data-pys-event-id=\"69f1bd2974b11\"><span aria-hidden='true' data-av_icon='\ue859' data-av_iconfont='entypo-fontello'><\/span> In den Warenkorb<\/a>\n<a class=\"button show_details_button\" href=\"https:\/\/novalimglutenfree.com\/de\/obchod\/mehl-de\/glutenfreie-mehlmischungen-de\/promix-ch-special-glutenfreie-brotbackmischung\/\"><span aria-hidden='true' data-av_icon='\ue84b' data-av_iconfont='entypo-fontello'><\/span>  Details anzeigen<\/a> <span class='button-mini-delimiter'><\/span><\/div><\/div><\/li>\n<li class=\"product type-product post-2052 status-publish last onbackorder product_cat-glutenfreie-mehlmischungen-de product_cat-mehl-de has-post-thumbnail taxable shipping-taxable purchasable product-type-simple\">\n\t<div class='inner_product main_color wrapped_style noLightbox  av-product-class-'><div class='thumbnail_container'><img width=\"450\" height=\"450\" src=\"https:\/\/novalimglutenfree.com\/wp-content\/uploads\/2016\/05\/PKspeci-scaled-450x450.jpg\" class=\"wp-image-9607 avia-img-lazy-loading-9607 attachment-shop_catalog size-shop_catalog wp-post-image\" alt=\"\" loading=\"lazy\" \/><span class='cart-loading'><\/span><\/div><div class='inner_product_header'><div class='avia-arrow'><\/div><div class='inner_product_header_table'><div class='inner_product_header_cell'><\/div><\/div><\/div>\n\t\t\t<script>\n\t\t\t(function($) {\n\t\t\t\t$( '.products .post-2052 a' ).click( function() {\n\t\t\t\t\tif ( true === $(this).hasClass( 'add_to_cart_button' ) ) {\n\t\t\t\t\t\treturn;\n\t\t\t\t\t}\n\n\t\t\t\t\tga( 'ec:addProduct', {\n\t\t\t\t\t\t'id': '2052',\n\t\t\t\t\t\t'name': 'PROMIX  PK-Special, glutenfreie Gab\u00e4ckmehlmischung',\n\t\t\t\t\t\t'category': 'glutenfreie-mehlmischungen\/Mehl',\n\t\t\t\t\t\t'position': 35\n\t\t\t\t\t});\n\n\t\t\t\t\tga( 'ec:setAction', 'click', { list: 'Product List' });\n\t\t\t\t\tga( 'send', 'event', 'UX', 'click', ' Product List' );\n\t\t\t\t});\n\t\t\t})(jQuery);\n\t\t\t<\/script>\n\t\t<div class='avia_cart_buttons '><a href=\"?add-to-cart=2052\" data-quantity=\"1\" class=\"button product_type_simple add_to_cart_button ajax_add_to_cart\" data-product_id=\"2052\" data-product_sku=\"1260\" aria-label=\"&bdquo;PROMIX  PK-Special, glutenfreie Gab&auml;ckmehlmischung&ldquo; zu deinem Warenkorb hinzuf&uuml;gen\" rel=\"nofollow\" data-pys-event-id=\"69f1bd29765aa\"><span aria-hidden='true' data-av_icon='\ue859' data-av_iconfont='entypo-fontello'><\/span> In den Warenkorb<\/a>\n<a class=\"button show_details_button\" href=\"https:\/\/novalimglutenfree.com\/de\/obchod\/mehl-de\/glutenfreie-mehlmischungen-de\/promix-pk-special-glutenfreie-gabaeckmehlmischung\/\"><span aria-hidden='true' data-av_icon='\ue84b' data-av_iconfont='entypo-fontello'><\/span>  Details anzeigen<\/a> <span class='button-mini-delimiter'><\/span><\/div><\/div><\/li>\n<\/ul><ul class=\"products slide-entry-wrap\"><li class=\"product type-product post-2078 status-publish first onbackorder product_cat-glutenfreie-mehlmischungen-de product_cat-mehl-de has-post-thumbnail taxable shipping-taxable purchasable product-type-simple\">\n\t<div class='inner_product main_color wrapped_style noLightbox  av-product-class-'><div class='thumbnail_container'><img width=\"301\" height=\"450\" src=\"https:\/\/novalimglutenfree.com\/wp-content\/uploads\/2016\/05\/Promix_CH.jpg\" class=\"wp-image-2079 avia-img-lazy-loading-2079 attachment-shop_catalog size-shop_catalog wp-post-image\" alt=\"\" loading=\"lazy\" \/><span class='cart-loading'><\/span><\/div><div class='inner_product_header'><div class='avia-arrow'><\/div><div class='inner_product_header_table'><div class='inner_product_header_cell'><\/div><\/div><\/div>\n\t\t\t<script>\n\t\t\t(function($) {\n\t\t\t\t$( '.products .post-2078 a' ).click( function() {\n\t\t\t\t\tif ( true === $(this).hasClass( 'add_to_cart_button' ) ) {\n\t\t\t\t\t\treturn;\n\t\t\t\t\t}\n\n\t\t\t\t\tga( 'ec:addProduct', {\n\t\t\t\t\t\t'id': '2078',\n\t\t\t\t\t\t'name': 'PROMIX -CH, glutenfreie Brotmehlmischung',\n\t\t\t\t\t\t'category': 'glutenfreie-mehlmischungen\/Mehl',\n\t\t\t\t\t\t'position': 36\n\t\t\t\t\t});\n\n\t\t\t\t\tga( 'ec:setAction', 'click', { list: 'Product List' });\n\t\t\t\t\tga( 'send', 'event', 'UX', 'click', ' Product List' );\n\t\t\t\t});\n\t\t\t})(jQuery);\n\t\t\t<\/script>\n\t\t<div class='avia_cart_buttons '><a href=\"?add-to-cart=2078\" data-quantity=\"1\" class=\"button product_type_simple add_to_cart_button ajax_add_to_cart\" data-product_id=\"2078\" data-product_sku=\"1000\" aria-label=\"&bdquo;PROMIX -CH, glutenfreie Brotmehlmischung&ldquo; zu deinem Warenkorb hinzuf&uuml;gen\" rel=\"nofollow\" data-pys-event-id=\"69f1bd2977f23\"><span aria-hidden='true' data-av_icon='\ue859' data-av_iconfont='entypo-fontello'><\/span> In den Warenkorb<\/a>\n<a class=\"button show_details_button\" href=\"https:\/\/novalimglutenfree.com\/de\/obchod\/mehl-de\/glutenfreie-mehlmischungen-de\/promix-ch-glutenfreie-brotmehlmischung\/\"><span aria-hidden='true' data-av_icon='\ue84b' data-av_iconfont='entypo-fontello'><\/span>  Details anzeigen<\/a> <span class='button-mini-delimiter'><\/span><\/div><\/div><\/li>\n<li class=\"product type-product post-2060 status-publish onbackorder product_cat-glutenfreie-mehlmischungen-de has-post-thumbnail taxable shipping-taxable purchasable product-type-simple\">\n\t<div class='inner_product main_color wrapped_style noLightbox  av-product-class-'><div class='thumbnail_container'><img width=\"301\" height=\"450\" src=\"https:\/\/novalimglutenfree.com\/wp-content\/uploads\/2016\/05\/Promix_Forte.jpg\" class=\"wp-image-2061 avia-img-lazy-loading-2061 attachment-shop_catalog size-shop_catalog wp-post-image\" alt=\"\" loading=\"lazy\" \/><span class='cart-loading'><\/span><\/div><div class='inner_product_header'><div class='avia-arrow'><\/div><div class='inner_product_header_table'><div class='inner_product_header_cell'><\/div><\/div><\/div>\n\t\t\t<script>\n\t\t\t(function($) {\n\t\t\t\t$( '.products .post-2060 a' ).click( function() {\n\t\t\t\t\tif ( true === $(this).hasClass( 'add_to_cart_button' ) ) {\n\t\t\t\t\t\treturn;\n\t\t\t\t\t}\n\n\t\t\t\t\tga( 'ec:addProduct', {\n\t\t\t\t\t\t'id': '2060',\n\t\t\t\t\t\t'name': 'PROMIX -forte, starke glutenfreie Mehlmischung',\n\t\t\t\t\t\t'category': 'glutenfreie-mehlmischungen',\n\t\t\t\t\t\t'position': 37\n\t\t\t\t\t});\n\n\t\t\t\t\tga( 'ec:setAction', 'click', { list: 'Product List' });\n\t\t\t\t\tga( 'send', 'event', 'UX', 'click', ' Product List' );\n\t\t\t\t});\n\t\t\t})(jQuery);\n\t\t\t<\/script>\n\t\t<div class='avia_cart_buttons '><a href=\"?add-to-cart=2060\" data-quantity=\"1\" class=\"button product_type_simple add_to_cart_button ajax_add_to_cart\" data-product_id=\"2060\" data-product_sku=\"1130\" aria-label=\"&bdquo;PROMIX -forte, starke glutenfreie Mehlmischung&ldquo; zu deinem Warenkorb hinzuf&uuml;gen\" rel=\"nofollow\" data-pys-event-id=\"69f1bd29796ee\"><span aria-hidden='true' data-av_icon='\ue859' data-av_iconfont='entypo-fontello'><\/span> In den Warenkorb<\/a>\n<a class=\"button show_details_button\" href=\"https:\/\/novalimglutenfree.com\/de\/obchod\/mehl-de\/glutenfreie-mehlmischungen-de\/promix-forte-starke-glutenfreie-mehlmischung\/\"><span aria-hidden='true' data-av_icon='\ue84b' data-av_iconfont='entypo-fontello'><\/span>  Details anzeigen<\/a> <span class='button-mini-delimiter'><\/span><\/div><\/div><\/li>\n<li class=\"product type-product post-2065 status-publish instock product_cat-glutenfreie-mehlmischungen-de has-post-thumbnail taxable shipping-taxable purchasable product-type-simple\">\n\t<div class='inner_product main_color wrapped_style noLightbox  av-product-class-'><div class='thumbnail_container'><img width=\"301\" height=\"450\" src=\"https:\/\/novalimglutenfree.com\/wp-content\/uploads\/2016\/05\/Promix_T.jpg\" class=\"wp-image-2066 avia-img-lazy-loading-2066 attachment-shop_catalog size-shop_catalog wp-post-image\" alt=\"\" loading=\"lazy\" \/><span class='cart-loading'><\/span><\/div><div class='inner_product_header'><div class='avia-arrow'><\/div><div class='inner_product_header_table'><div class='inner_product_header_cell'><\/div><\/div><\/div>\n\t\t\t<script>\n\t\t\t(function($) {\n\t\t\t\t$( '.products .post-2065 a' ).click( function() {\n\t\t\t\t\tif ( true === $(this).hasClass( 'add_to_cart_button' ) ) {\n\t\t\t\t\t\treturn;\n\t\t\t\t\t}\n\n\t\t\t\t\tga( 'ec:addProduct', {\n\t\t\t\t\t\t'id': '2065',\n\t\t\t\t\t\t'name': 'PROMIX -T universale glutenfreie dunkle Mehlmischung',\n\t\t\t\t\t\t'category': 'glutenfreie-mehlmischungen',\n\t\t\t\t\t\t'position': 38\n\t\t\t\t\t});\n\n\t\t\t\t\tga( 'ec:setAction', 'click', { list: 'Product List' });\n\t\t\t\t\tga( 'send', 'event', 'UX', 'click', ' Product List' );\n\t\t\t\t});\n\t\t\t})(jQuery);\n\t\t\t<\/script>\n\t\t<div class='avia_cart_buttons '><a href=\"?add-to-cart=2065\" data-quantity=\"1\" class=\"button product_type_simple add_to_cart_button ajax_add_to_cart\" data-product_id=\"2065\" data-product_sku=\"1031\" aria-label=\"&bdquo;PROMIX -T universale glutenfreie dunkle Mehlmischung&ldquo; zu deinem Warenkorb hinzuf&uuml;gen\" rel=\"nofollow\" data-pys-event-id=\"69f1bd297ad35\"><span aria-hidden='true' data-av_icon='\ue859' data-av_iconfont='entypo-fontello'><\/span> In den Warenkorb<\/a>\n<a class=\"button show_details_button\" href=\"https:\/\/novalimglutenfree.com\/de\/obchod\/mehl-de\/glutenfreie-mehlmischungen-de\/promix-t-universale-glutenfreie-dunkle-mehlmischung\/\"><span aria-hidden='true' data-av_icon='\ue84b' data-av_iconfont='entypo-fontello'><\/span>  Details anzeigen<\/a> <span class='button-mini-delimiter'><\/span><\/div><\/div><\/li>\n<li class=\"product type-product post-2084 status-publish instock product_cat-glutenfreie-mehlmischungen-de has-post-thumbnail taxable shipping-taxable purchasable product-type-simple\">\n\t<div class='inner_product main_color wrapped_style noLightbox  av-product-class-'><div class='thumbnail_container'><img width=\"271\" height=\"448\" src=\"https:\/\/novalimglutenfree.com\/wp-content\/uploads\/2016\/05\/promix-vital-bezlepkova-jadrova-muka-tmava-79.jpg\" class=\"wp-image-2085 avia-img-lazy-loading-2085 attachment-shop_catalog size-shop_catalog wp-post-image\" alt=\"\" loading=\"lazy\" \/><span class='cart-loading'><\/span><\/div><div class='inner_product_header'><div class='avia-arrow'><\/div><div class='inner_product_header_table'><div class='inner_product_header_cell'><\/div><\/div><\/div>\n\t\t\t<script>\n\t\t\t(function($) {\n\t\t\t\t$( '.products .post-2084 a' ).click( function() {\n\t\t\t\t\tif ( true === $(this).hasClass( 'add_to_cart_button' ) ) {\n\t\t\t\t\t\treturn;\n\t\t\t\t\t}\n\n\t\t\t\t\tga( 'ec:addProduct', {\n\t\t\t\t\t\t'id': '2084',\n\t\t\t\t\t\t'name': 'PROMIX -Vital,',\n\t\t\t\t\t\t'category': 'glutenfreie-mehlmischungen',\n\t\t\t\t\t\t'position': 39\n\t\t\t\t\t});\n\n\t\t\t\t\tga( 'ec:setAction', 'click', { list: 'Product List' });\n\t\t\t\t\tga( 'send', 'event', 'UX', 'click', ' Product List' );\n\t\t\t\t});\n\t\t\t})(jQuery);\n\t\t\t<\/script>\n\t\t<div class='avia_cart_buttons '><a href=\"?add-to-cart=2084\" data-quantity=\"1\" class=\"button product_type_simple add_to_cart_button ajax_add_to_cart\" data-product_id=\"2084\" data-product_sku=\"1277\" aria-label=\"&bdquo;PROMIX -Vital,&ldquo; zu deinem Warenkorb hinzuf&uuml;gen\" rel=\"nofollow\" data-pys-event-id=\"69f1bd297bfa3\"><span aria-hidden='true' data-av_icon='\ue859' data-av_iconfont='entypo-fontello'><\/span> In den Warenkorb<\/a>\n<a class=\"button show_details_button\" href=\"https:\/\/novalimglutenfree.com\/de\/obchod\/mehl-de\/glutenfreie-mehlmischungen-de\/promix-vital\/\"><span aria-hidden='true' data-av_icon='\ue84b' data-av_iconfont='entypo-fontello'><\/span>  Details anzeigen<\/a> <span class='button-mini-delimiter'><\/span><\/div><\/div><\/li>\n<li class=\"product type-product post-2074 status-publish last onbackorder product_cat-glutenfreie-mehlmischungen-de product_cat-mehl-de has-post-thumbnail taxable shipping-taxable purchasable product-type-simple\">\n\t<div class='inner_product main_color wrapped_style noLightbox  av-product-class-'><div class='thumbnail_container'><img width=\"301\" height=\"450\" src=\"https:\/\/novalimglutenfree.com\/wp-content\/uploads\/2016\/05\/Promix_PK.jpg\" class=\"wp-image-2075 avia-img-lazy-loading-2075 attachment-shop_catalog size-shop_catalog wp-post-image\" alt=\"\" loading=\"lazy\" \/><span class='cart-loading'><\/span><\/div><div class='inner_product_header'><div class='avia-arrow'><\/div><div class='inner_product_header_table'><div class='inner_product_header_cell'><\/div><\/div><\/div>\n\t\t\t<script>\n\t\t\t(function($) {\n\t\t\t\t$( '.products .post-2074 a' ).click( function() {\n\t\t\t\t\tif ( true === $(this).hasClass( 'add_to_cart_button' ) ) {\n\t\t\t\t\t\treturn;\n\t\t\t\t\t}\n\n\t\t\t\t\tga( 'ec:addProduct', {\n\t\t\t\t\t\t'id': '2074',\n\t\t\t\t\t\t'name': 'PROMIX PK-Special, glutenfreie Gab\u00e4ckmehlmischung',\n\t\t\t\t\t\t'category': 'glutenfreie-mehlmischungen\/Mehl',\n\t\t\t\t\t\t'position': 40\n\t\t\t\t\t});\n\n\t\t\t\t\tga( 'ec:setAction', 'click', { list: 'Product List' });\n\t\t\t\t\tga( 'send', 'event', 'UX', 'click', ' Product List' );\n\t\t\t\t});\n\t\t\t})(jQuery);\n\t\t\t<\/script>\n\t\t<div class='avia_cart_buttons '><a href=\"?add-to-cart=2074\" data-quantity=\"1\" class=\"button product_type_simple add_to_cart_button ajax_add_to_cart\" data-product_id=\"2074\" data-product_sku=\"1017\" aria-label=\"&bdquo;PROMIX PK-Special, glutenfreie Gab&auml;ckmehlmischung&ldquo; zu deinem Warenkorb hinzuf&uuml;gen\" rel=\"nofollow\" data-pys-event-id=\"69f1bd297d078\"><span aria-hidden='true' data-av_icon='\ue859' data-av_iconfont='entypo-fontello'><\/span> In den Warenkorb<\/a>\n<a class=\"button show_details_button\" href=\"https:\/\/novalimglutenfree.com\/de\/obchod\/mehl-de\/glutenfreie-mehlmischungen-de\/promix-pk-special-glutenfreie\/\"><span aria-hidden='true' data-av_icon='\ue84b' data-av_iconfont='entypo-fontello'><\/span>  Details anzeigen<\/a> <span class='button-mini-delimiter'><\/span><\/div><\/div><\/li>\n<\/ul><ul class=\"products slide-entry-wrap\"><li class=\"product type-product post-2069 status-publish first instock product_cat-glutenfreie-mehlmischungen-de has-post-thumbnail taxable shipping-taxable purchasable product-type-simple\">\n\t<div class='inner_product main_color wrapped_style noLightbox  av-product-class-'><div class='thumbnail_container'><img width=\"301\" height=\"450\" src=\"https:\/\/novalimglutenfree.com\/wp-content\/uploads\/2016\/05\/Promix_Uni.jpg\" class=\"wp-image-2070 avia-img-lazy-loading-2070 attachment-shop_catalog size-shop_catalog wp-post-image\" alt=\"\" loading=\"lazy\" \/><span class='cart-loading'><\/span><\/div><div class='inner_product_header'><div class='avia-arrow'><\/div><div class='inner_product_header_table'><div class='inner_product_header_cell'><\/div><\/div><\/div>\n\t\t\t<script>\n\t\t\t(function($) {\n\t\t\t\t$( '.products .post-2069 a' ).click( function() {\n\t\t\t\t\tif ( true === $(this).hasClass( 'add_to_cart_button' ) ) {\n\t\t\t\t\t\treturn;\n\t\t\t\t\t}\n\n\t\t\t\t\tga( 'ec:addProduct', {\n\t\t\t\t\t\t'id': '2069',\n\t\t\t\t\t\t'name': 'PROMIX UNI, universale glutenfreie mehlmischung',\n\t\t\t\t\t\t'category': 'glutenfreie-mehlmischungen',\n\t\t\t\t\t\t'position': 41\n\t\t\t\t\t});\n\n\t\t\t\t\tga( 'ec:setAction', 'click', { list: 'Product List' });\n\t\t\t\t\tga( 'send', 'event', 'UX', 'click', ' Product List' );\n\t\t\t\t});\n\t\t\t})(jQuery);\n\t\t\t<\/script>\n\t\t<div class='avia_cart_buttons '><a href=\"?add-to-cart=2069\" data-quantity=\"1\" class=\"button product_type_simple add_to_cart_button ajax_add_to_cart\" data-product_id=\"2069\" data-product_sku=\"1024\" aria-label=\"&bdquo;PROMIX UNI, universale glutenfreie mehlmischung&ldquo; zu deinem Warenkorb hinzuf&uuml;gen\" rel=\"nofollow\" data-pys-event-id=\"69f1bd297eb05\"><span aria-hidden='true' data-av_icon='\ue859' data-av_iconfont='entypo-fontello'><\/span> In den Warenkorb<\/a>\n<a class=\"button show_details_button\" href=\"https:\/\/novalimglutenfree.com\/de\/obchod\/mehl-de\/glutenfreie-mehlmischungen-de\/promix-uni-universale-glutenfreie-mehlmischung\/\"><span aria-hidden='true' data-av_icon='\ue84b' data-av_iconfont='entypo-fontello'><\/span>  Details anzeigen<\/a> <span class='button-mini-delimiter'><\/span><\/div><\/div><\/li>\n<li class=\"product type-product post-2042 status-publish instock product_cat-glutenfreie-mehlmischungen-de product_cat-mehl-de has-post-thumbnail featured taxable shipping-taxable purchasable product-type-simple\">\n\t<div class='inner_product main_color wrapped_style noLightbox  av-product-class-'><div class='thumbnail_container'><img width=\"301\" height=\"450\" src=\"https:\/\/novalimglutenfree.com\/wp-content\/uploads\/2016\/05\/Promix_Alfa.jpg\" class=\"wp-image-2043 avia-img-lazy-loading-2043 attachment-shop_catalog size-shop_catalog wp-post-image\" alt=\"\" loading=\"lazy\" \/><span class='cart-loading'><\/span><\/div><div class='inner_product_header'><div class='avia-arrow'><\/div><div class='inner_product_header_table'><div class='inner_product_header_cell'><\/div><\/div><\/div>\n\t\t\t<script>\n\t\t\t(function($) {\n\t\t\t\t$( '.products .post-2042 a' ).click( function() {\n\t\t\t\t\tif ( true === $(this).hasClass( 'add_to_cart_button' ) ) {\n\t\t\t\t\t\treturn;\n\t\t\t\t\t}\n\n\t\t\t\t\tga( 'ec:addProduct', {\n\t\t\t\t\t\t'id': '2042',\n\t\t\t\t\t\t'name': 'PROMIX-Alfa, universale mineralisierte glutenfreie Mehlmischung',\n\t\t\t\t\t\t'category': 'glutenfreie-mehlmischungen\/Mehl',\n\t\t\t\t\t\t'position': 42\n\t\t\t\t\t});\n\n\t\t\t\t\tga( 'ec:setAction', 'click', { list: 'Product List' });\n\t\t\t\t\tga( 'send', 'event', 'UX', 'click', ' Product List' );\n\t\t\t\t});\n\t\t\t})(jQuery);\n\t\t\t<\/script>\n\t\t<div class='avia_cart_buttons '><a href=\"?add-to-cart=2042\" data-quantity=\"1\" class=\"button product_type_simple add_to_cart_button ajax_add_to_cart\" data-product_id=\"2042\" data-product_sku=\"1307\" aria-label=\"&bdquo;PROMIX-Alfa, universale mineralisierte glutenfreie Mehlmischung&ldquo; zu deinem Warenkorb hinzuf&uuml;gen\" rel=\"nofollow\" data-pys-event-id=\"69f1bd298047e\"><span aria-hidden='true' data-av_icon='\ue859' data-av_iconfont='entypo-fontello'><\/span> In den Warenkorb<\/a>\n<a class=\"button show_details_button\" href=\"https:\/\/novalimglutenfree.com\/de\/obchod\/mehl-de\/glutenfreie-mehlmischungen-de\/promix-alfa-universale-mineralisierte-glutenfreie-mehlmischung\/\"><span aria-hidden='true' data-av_icon='\ue84b' data-av_iconfont='entypo-fontello'><\/span>  Details anzeigen<\/a> <span class='button-mini-delimiter'><\/span><\/div><\/div><\/li>\n<li class=\"product type-product post-1835 status-publish onbackorder product_cat-glutenfreie-mehlmischungen-de product_cat-mehl-de has-post-thumbnail taxable shipping-taxable purchasable product-type-simple\">\n\t<div class='inner_product main_color wrapped_style noLightbox  av-product-class-'><div class='thumbnail_container'><img width=\"301\" height=\"450\" src=\"https:\/\/novalimglutenfree.com\/wp-content\/uploads\/2016\/05\/Promix_Beta.jpg\" class=\"wp-image-1836 avia-img-lazy-loading-1836 attachment-shop_catalog size-shop_catalog wp-post-image\" alt=\"\" loading=\"lazy\" \/><span class='cart-loading'><\/span><\/div><div class='inner_product_header'><div class='avia-arrow'><\/div><div class='inner_product_header_table'><div class='inner_product_header_cell'><\/div><\/div><\/div>\n\t\t\t<script>\n\t\t\t(function($) {\n\t\t\t\t$( '.products .post-1835 a' ).click( function() {\n\t\t\t\t\tif ( true === $(this).hasClass( 'add_to_cart_button' ) ) {\n\t\t\t\t\t\treturn;\n\t\t\t\t\t}\n\n\t\t\t\t\tga( 'ec:addProduct', {\n\t\t\t\t\t\t'id': '1835',\n\t\t\t\t\t\t'name': 'PROMIX-Beta, rationelle mineralisierte glutenfreie Mehlmischung',\n\t\t\t\t\t\t'category': 'glutenfreie-mehlmischungen\/Mehl',\n\t\t\t\t\t\t'position': 43\n\t\t\t\t\t});\n\n\t\t\t\t\tga( 'ec:setAction', 'click', { list: 'Product List' });\n\t\t\t\t\tga( 'send', 'event', 'UX', 'click', ' Product List' );\n\t\t\t\t});\n\t\t\t})(jQuery);\n\t\t\t<\/script>\n\t\t<div class='avia_cart_buttons '><a href=\"?add-to-cart=1835\" data-quantity=\"1\" class=\"button product_type_simple add_to_cart_button ajax_add_to_cart\" data-product_id=\"1835\" data-product_sku=\"1413\" aria-label=\"&bdquo;PROMIX-Beta, rationelle mineralisierte glutenfreie Mehlmischung&ldquo; zu deinem Warenkorb hinzuf&uuml;gen\" rel=\"nofollow\" data-pys-event-id=\"69f1bd2981f3a\"><span aria-hidden='true' data-av_icon='\ue859' data-av_iconfont='entypo-fontello'><\/span> In den Warenkorb<\/a>\n<a class=\"button show_details_button\" href=\"https:\/\/novalimglutenfree.com\/de\/obchod\/mehl-de\/glutenfreie-mehlmischungen-de\/promix-beta-rationelle-mineralisierte-glutenfreie-mehlmischung\/\"><span aria-hidden='true' data-av_icon='\ue84b' data-av_iconfont='entypo-fontello'><\/span>  Details anzeigen<\/a> <span class='button-mini-delimiter'><\/span><\/div><\/div><\/li>\n<li class=\"product type-product post-2055 status-publish onbackorder product_cat-glutenfreie-mehlmischungen-de has-post-thumbnail taxable shipping-taxable purchasable product-type-simple\">\n\t<div class='inner_product main_color wrapped_style noLightbox  av-product-class-'><div class='thumbnail_container'><img width=\"301\" height=\"450\" src=\"https:\/\/novalimglutenfree.com\/wp-content\/uploads\/2016\/05\/Uni-Komfort.jpg\" class=\"wp-image-2289 avia-img-lazy-loading-2289 attachment-shop_catalog size-shop_catalog wp-post-image\" alt=\"\" loading=\"lazy\" \/><span class='cart-loading'><\/span><\/div><div class='inner_product_header'><div class='avia-arrow'><\/div><div class='inner_product_header_table'><div class='inner_product_header_cell'><\/div><\/div><\/div>\n\t\t\t<script>\n\t\t\t(function($) {\n\t\t\t\t$( '.products .post-2055 a' ).click( function() {\n\t\t\t\t\tif ( true === $(this).hasClass( 'add_to_cart_button' ) ) {\n\t\t\t\t\t\treturn;\n\t\t\t\t\t}\n\n\t\t\t\t\tga( 'ec:addProduct', {\n\t\t\t\t\t\t'id': '2055',\n\t\t\t\t\t\t'name': 'PROMIX-UNI KOMFORT, glutenfreie Brotmehlmischung',\n\t\t\t\t\t\t'category': 'glutenfreie-mehlmischungen',\n\t\t\t\t\t\t'position': 44\n\t\t\t\t\t});\n\n\t\t\t\t\tga( 'ec:setAction', 'click', { list: 'Product List' });\n\t\t\t\t\tga( 'send', 'event', 'UX', 'click', ' Product List' );\n\t\t\t\t});\n\t\t\t})(jQuery);\n\t\t\t<\/script>\n\t\t<div class='avia_cart_buttons '><a href=\"?add-to-cart=2055\" data-quantity=\"1\" class=\"button product_type_simple add_to_cart_button ajax_add_to_cart\" data-product_id=\"2055\" data-product_sku=\"1406\" aria-label=\"&bdquo;PROMIX-UNI KOMFORT, glutenfreie Brotmehlmischung&ldquo; zu deinem Warenkorb hinzuf&uuml;gen\" rel=\"nofollow\" data-pys-event-id=\"69f1bd2983e98\"><span aria-hidden='true' data-av_icon='\ue859' data-av_iconfont='entypo-fontello'><\/span> In den Warenkorb<\/a>\n<a class=\"button show_details_button\" href=\"https:\/\/novalimglutenfree.com\/de\/obchod\/mehl-de\/glutenfreie-mehlmischungen-de\/promix-uni-komfort-glutenfreie-brotmehlmischung\/\"><span aria-hidden='true' data-av_icon='\ue84b' data-av_iconfont='entypo-fontello'><\/span>  Details anzeigen<\/a> <span class='button-mini-delimiter'><\/span><\/div><\/div><\/li>\n<li class=\"product type-product post-2103 status-publish last onbackorder product_cat-mehl-de product_cat-naturlich-glutenfreie-mehle-de has-post-thumbnail taxable shipping-taxable purchasable product-type-simple\">\n\t<div class='inner_product main_color wrapped_style noLightbox  av-product-class-'><div class='thumbnail_container'><img width=\"450\" height=\"450\" src=\"https:\/\/novalimglutenfree.com\/wp-content\/uploads\/2017\/02\/09-2018_novalim_mockup_muka-RYZOVA-450x450.jpg\" class=\"wp-image-9581 avia-img-lazy-loading-9581 attachment-shop_catalog size-shop_catalog wp-post-image\" alt=\"\" loading=\"lazy\" \/><span class='cart-loading'><\/span><\/div><div class='inner_product_header'><div class='avia-arrow'><\/div><div class='inner_product_header_table'><div class='inner_product_header_cell'><\/div><\/div><\/div>\n\t\t\t<script>\n\t\t\t(function($) {\n\t\t\t\t$( '.products .post-2103 a' ).click( function() {\n\t\t\t\t\tif ( true === $(this).hasClass( 'add_to_cart_button' ) ) {\n\t\t\t\t\t\treturn;\n\t\t\t\t\t}\n\n\t\t\t\t\tga( 'ec:addProduct', {\n\t\t\t\t\t\t'id': '2103',\n\t\t\t\t\t\t'name': 'Reismehl',\n\t\t\t\t\t\t'category': 'Mehl\/naturlich-glutenfreie-mehle',\n\t\t\t\t\t\t'position': 45\n\t\t\t\t\t});\n\n\t\t\t\t\tga( 'ec:setAction', 'click', { list: 'Product List' });\n\t\t\t\t\tga( 'send', 'event', 'UX', 'click', ' Product List' );\n\t\t\t\t});\n\t\t\t})(jQuery);\n\t\t\t<\/script>\n\t\t<div class='avia_cart_buttons '><a href=\"?add-to-cart=2103\" data-quantity=\"1\" class=\"button product_type_simple add_to_cart_button ajax_add_to_cart\" data-product_id=\"2103\" data-product_sku=\"1338\" aria-label=\"&bdquo;Reismehl&ldquo; zu deinem Warenkorb hinzuf&uuml;gen\" rel=\"nofollow\" data-pys-event-id=\"69f1bd2985e86\"><span aria-hidden='true' data-av_icon='\ue859' data-av_iconfont='entypo-fontello'><\/span> In den Warenkorb<\/a>\n<a class=\"button show_details_button\" href=\"https:\/\/novalimglutenfree.com\/de\/obchod\/mehl-de\/naturlich-glutenfreie-mehle-de\/reismehl\/\"><span aria-hidden='true' data-av_icon='\ue84b' data-av_iconfont='entypo-fontello'><\/span>  Details anzeigen<\/a> <span class='button-mini-delimiter'><\/span><\/div><\/div><\/li>\n<\/ul><ul class=\"products slide-entry-wrap\"><li class=\"product type-product post-2308 status-publish first onbackorder product_cat-brot-geback-knodel-de product_cat-glutenfreies-brot-geback-knodel-de has-post-thumbnail taxable shipping-taxable purchasable product-type-simple\">\n\t<div class='inner_product main_color wrapped_style noLightbox  av-product-class-'><div class='thumbnail_container'><img width=\"301\" height=\"450\" src=\"https:\/\/novalimglutenfree.com\/wp-content\/uploads\/2016\/05\/Tosty-200g.jpg\" class=\"wp-image-2297 avia-img-lazy-loading-2297 attachment-shop_catalog size-shop_catalog wp-post-image\" alt=\"\" loading=\"lazy\" \/><span class='cart-loading'><\/span><\/div><div class='inner_product_header'><div class='avia-arrow'><\/div><div class='inner_product_header_table'><div class='inner_product_header_cell'><\/div><\/div><\/div>\n\t\t\t<script>\n\t\t\t(function($) {\n\t\t\t\t$( '.products .post-2308 a' ).click( function() {\n\t\t\t\t\tif ( true === $(this).hasClass( 'add_to_cart_button' ) ) {\n\t\t\t\t\t\treturn;\n\t\t\t\t\t}\n\n\t\t\t\t\tga( 'ec:addProduct', {\n\t\t\t\t\t\t'id': '2308',\n\t\t\t\t\t\t'name': 'TOSTY-bezglut\u00e9nov\u00fd chlieb toastov\u00fd, 200g',\n\t\t\t\t\t\t'category': 'Brot-geback-knodel\/Glutenfreies-brot-geback-knodel',\n\t\t\t\t\t\t'position': 46\n\t\t\t\t\t});\n\n\t\t\t\t\tga( 'ec:setAction', 'click', { list: 'Product List' });\n\t\t\t\t\tga( 'send', 'event', 'UX', 'click', ' Product List' );\n\t\t\t\t});\n\t\t\t})(jQuery);\n\t\t\t<\/script>\n\t\t<div class='avia_cart_buttons '><a href=\"?add-to-cart=2308\" data-quantity=\"1\" class=\"button product_type_simple add_to_cart_button ajax_add_to_cart\" data-product_id=\"2308\" data-product_sku=\"4353\" aria-label=\"&bdquo;TOSTY-bezglut&eacute;nov&yacute; chlieb toastov&yacute;, 200g&ldquo; zu deinem Warenkorb hinzuf&uuml;gen\" rel=\"nofollow\" data-pys-event-id=\"69f1bd29879ea\"><span aria-hidden='true' data-av_icon='\ue859' data-av_iconfont='entypo-fontello'><\/span> In den Warenkorb<\/a>\n<a class=\"button show_details_button\" href=\"https:\/\/novalimglutenfree.com\/de\/obchod\/brot-geback-knodel-de\/glutenfreies-brot-geback-knodel-de\/tosty-bezlepkovy-chlieb-toastovy-200g\/\"><span aria-hidden='true' data-av_icon='\ue84b' data-av_iconfont='entypo-fontello'><\/span>  Details anzeigen<\/a> <span class='button-mini-delimiter'><\/span><\/div><\/div><\/li>\n<li class=\"product type-product post-2340 status-publish onbackorder product_cat-brot-geback-knodel-de product_cat-glutenfreies-brot-geback-knodel-de has-post-thumbnail taxable shipping-taxable purchasable product-type-simple\">\n\t<div class='inner_product main_color wrapped_style noLightbox  av-product-class-'><div class='thumbnail_container'><img width=\"301\" height=\"450\" src=\"https:\/\/novalimglutenfree.com\/wp-content\/uploads\/2016\/05\/Tosty.jpg\" class=\"wp-image-2329 avia-img-lazy-loading-2329 attachment-shop_catalog size-shop_catalog wp-post-image\" alt=\"\" loading=\"lazy\" \/><span class='cart-loading'><\/span><\/div><div class='inner_product_header'><div class='avia-arrow'><\/div><div class='inner_product_header_table'><div class='inner_product_header_cell'><\/div><\/div><\/div>\n\t\t\t<script>\n\t\t\t(function($) {\n\t\t\t\t$( '.products .post-2340 a' ).click( function() {\n\t\t\t\t\tif ( true === $(this).hasClass( 'add_to_cart_button' ) ) {\n\t\t\t\t\t\treturn;\n\t\t\t\t\t}\n\n\t\t\t\t\tga( 'ec:addProduct', {\n\t\t\t\t\t\t'id': '2340',\n\t\t\t\t\t\t'name': 'TOSTY-bezglut\u00e9nov\u00fd chlieb toastov\u00fd, 400g',\n\t\t\t\t\t\t'category': 'Brot-geback-knodel\/Glutenfreies-brot-geback-knodel',\n\t\t\t\t\t\t'position': 47\n\t\t\t\t\t});\n\n\t\t\t\t\tga( 'ec:setAction', 'click', { list: 'Product List' });\n\t\t\t\t\tga( 'send', 'event', 'UX', 'click', ' Product List' );\n\t\t\t\t});\n\t\t\t})(jQuery);\n\t\t\t<\/script>\n\t\t<div class='avia_cart_buttons '><a href=\"?add-to-cart=2340\" data-quantity=\"1\" class=\"button product_type_simple add_to_cart_button ajax_add_to_cart\" data-product_id=\"2340\" data-product_sku=\"4339\" aria-label=\"&bdquo;TOSTY-bezglut&eacute;nov&yacute; chlieb toastov&yacute;, 400g&ldquo; zu deinem Warenkorb hinzuf&uuml;gen\" rel=\"nofollow\" data-pys-event-id=\"69f1bd29892ab\"><span aria-hidden='true' data-av_icon='\ue859' data-av_iconfont='entypo-fontello'><\/span> In den Warenkorb<\/a>\n<a class=\"button show_details_button\" href=\"https:\/\/novalimglutenfree.com\/de\/obchod\/brot-geback-knodel-de\/glutenfreies-brot-geback-knodel-de\/tosty-bezlepkovy-chlieb-toastovy-400g\/\"><span aria-hidden='true' data-av_icon='\ue84b' data-av_iconfont='entypo-fontello'><\/span>  Details anzeigen<\/a> <span class='button-mini-delimiter'><\/span><\/div><\/div><\/li>\n<li class=\"product type-product post-2443 status-publish instock product_cat-glutenfreies-brot-geback-knodel-de has-post-thumbnail taxable shipping-taxable purchasable product-type-simple\">\n\t<div class='inner_product main_color wrapped_style noLightbox  av-product-class-'><div class='thumbnail_container'><img width=\"314\" height=\"275\" src=\"https:\/\/novalimglutenfree.com\/wp-content\/uploads\/2016\/05\/cerstvy-tmavy-bezlepkovy-chlieb-40.jpg\" class=\"wp-image-2444 avia-img-lazy-loading-2444 attachment-shop_catalog size-shop_catalog wp-post-image\" alt=\"\" loading=\"lazy\" \/><span class='cart-loading'><\/span><\/div><div class='inner_product_header'><div class='avia-arrow'><\/div><div class='inner_product_header_table'><div class='inner_product_header_cell'><\/div><\/div><\/div>\n\t\t\t<script>\n\t\t\t(function($) {\n\t\t\t\t$( '.products .post-2443 a' ).click( function() {\n\t\t\t\t\tif ( true === $(this).hasClass( 'add_to_cart_button' ) ) {\n\t\t\t\t\t\treturn;\n\t\t\t\t\t}\n\n\t\t\t\t\tga( 'ec:addProduct', {\n\t\t\t\t\t\t'id': '2443',\n\t\t\t\t\t\t'name': 'TOSTY-glutenfreies Toastbrot 400g',\n\t\t\t\t\t\t'category': 'Glutenfreies-brot-geback-knodel',\n\t\t\t\t\t\t'position': 48\n\t\t\t\t\t});\n\n\t\t\t\t\tga( 'ec:setAction', 'click', { list: 'Product List' });\n\t\t\t\t\tga( 'send', 'event', 'UX', 'click', ' Product List' );\n\t\t\t\t});\n\t\t\t})(jQuery);\n\t\t\t<\/script>\n\t\t<div class='avia_cart_buttons '><a href=\"?add-to-cart=2443\" data-quantity=\"1\" class=\"button product_type_simple add_to_cart_button ajax_add_to_cart\" data-product_id=\"2443\" data-product_sku=\"4261\" aria-label=\"&bdquo;TOSTY-glutenfreies Toastbrot 400g&ldquo; zu deinem Warenkorb hinzuf&uuml;gen\" rel=\"nofollow\" data-pys-event-id=\"69f1bd298af5a\"><span aria-hidden='true' data-av_icon='\ue859' data-av_iconfont='entypo-fontello'><\/span> In den Warenkorb<\/a>\n<a class=\"button show_details_button\" href=\"https:\/\/novalimglutenfree.com\/de\/obchod\/brot-geback-knodel-de\/glutenfreies-brot-geback-knodel-de\/tosty-glutenfreies-toastbrot-400g\/\"><span aria-hidden='true' data-av_icon='\ue84b' data-av_iconfont='entypo-fontello'><\/span>  Details anzeigen<\/a> <span class='button-mini-delimiter'><\/span><\/div><\/div><\/li>\n<\/ul><\/div><div class='avia-slideshow-arrows avia-slideshow-controls'><a href='#prev' class='prev-slide' aria-hidden='true' data-av_icon='\ue87c' data-av_iconfont='entypo-fontello'>Zur\u00fcck<\/a><a href='#next' class='next-slide' aria-hidden='true' data-av_icon='\ue87d' data-av_iconfont='entypo-fontello'>Weiter<\/a><\/div><\/div><div class=\"clear\"><\/div>\n<\/div><\/div><\/div><!-- close content main div --><\/div><\/div><div id='after_section_2'  class='main_color av_default_container_wrap container_wrap sidebar_right' style=' '  ><div class='container' ><div class='template-page content  av-content-small alpha units'><div class='post-entry post-entry-type-page post-entry-1346'><div class='entry-content-wrapper clearfix'>\n","protected":false},"excerpt":{"rendered":"","protected":false},"author":1,"featured_media":0,"parent":0,"menu_order":0,"comment_status":"closed","ping_status":"closed","template":"","meta":[],"yoast_head":"<!-- This site is optimized with the Yoast SEO plugin v15.7 - https:\/\/yoast.com\/wordpress\/plugins\/seo\/ -->\n<title>Glutenfreie Novalim - Novalim<\/title>\n<meta name=\"description\" content=\"Bereits 25 Jahren ersetzen wir Gluten mit Erfahrung, . Das Ergebnis ist ein traditioneller k\u00f6stlicher Geschmack unserer glutenfreien Lebensmittel.\" \/>\n<meta name=\"robots\" content=\"index, follow, max-snippet:-1, max-image-preview:large, max-video-preview:-1\" \/>\n<link rel=\"canonical\" href=\"https:\/\/novalimglutenfree.com\/de\/uvod\/\" \/>\n<meta property=\"og:locale\" content=\"de_DE\" \/>\n<meta property=\"og:type\" content=\"article\" \/>\n<meta property=\"og:title\" content=\"Glutenfreie Novalim - Novalim\" \/>\n<meta property=\"og:description\" content=\"Bereits 25 Jahren ersetzen wir Gluten mit Erfahrung, . Das Ergebnis ist ein traditioneller k\u00f6stlicher Geschmack unserer glutenfreien Lebensmittel.\" \/>\n<meta property=\"og:url\" content=\"https:\/\/novalimglutenfree.com\/de\/uvod\/\" \/>\n<meta property=\"og:site_name\" content=\"Novalim\" \/>\n<meta property=\"article:modified_time\" content=\"2019-02-07T06:40:15+00:00\" \/>\n<meta property=\"og:image\" content=\"http:\/\/novalimglutenfree.com\/wp-content\/uploads\/2016\/04\/Novalim_BANNER_B1_b.png\" \/>\n<meta name=\"twitter:card\" content=\"summary\" \/>\n<meta name=\"twitter:label1\" content=\"Est. reading time\">\n\t<meta name=\"twitter:data1\" content=\"4 minutes\">\n<script type=\"application\/ld+json\" class=\"yoast-schema-graph\">{\"@context\":\"https:\/\/schema.org\",\"@graph\":[{\"@type\":\"WebSite\",\"@id\":\"https:\/\/www.novalimglutenfree.com\/de\/#website\",\"url\":\"https:\/\/www.novalimglutenfree.com\/de\/\",\"name\":\"Novalim\",\"description\":\"Bezlepkov\\u00e9 potraviny, bezlepkov\\u00e9 recepty, celiakia, PKU\",\"potentialAction\":[{\"@type\":\"SearchAction\",\"target\":\"https:\/\/www.novalimglutenfree.com\/de\/?s={search_term_string}\",\"query-input\":\"required name=search_term_string\"}],\"inLanguage\":\"de-DE\"},{\"@type\":\"WebPage\",\"@id\":\"https:\/\/novalimglutenfree.com\/de\/uvod\/#webpage\",\"url\":\"https:\/\/novalimglutenfree.com\/de\/uvod\/\",\"name\":\"Glutenfreie Novalim - Novalim\",\"isPartOf\":{\"@id\":\"https:\/\/www.novalimglutenfree.com\/de\/#website\"},\"datePublished\":\"2016-04-27T15:01:42+00:00\",\"dateModified\":\"2019-02-07T06:40:15+00:00\",\"description\":\"Bereits 25 Jahren ersetzen wir Gluten mit Erfahrung, . Das Ergebnis ist ein traditioneller k\\u00f6stlicher Geschmack unserer glutenfreien Lebensmittel.\",\"inLanguage\":\"de-DE\",\"potentialAction\":[{\"@type\":\"ReadAction\",\"target\":[\"https:\/\/novalimglutenfree.com\/de\/uvod\/\"]}]}]}<\/script>\n<!-- \/ Yoast SEO plugin. -->","_links":{"self":[{"href":"https:\/\/novalimglutenfree.com\/de\/wp-json\/wp\/v2\/pages\/1346"}],"collection":[{"href":"https:\/\/novalimglutenfree.com\/de\/wp-json\/wp\/v2\/pages"}],"about":[{"href":"https:\/\/novalimglutenfree.com\/de\/wp-json\/wp\/v2\/types\/page"}],"author":[{"embeddable":true,"href":"https:\/\/novalimglutenfree.com\/de\/wp-json\/wp\/v2\/users\/1"}],"replies":[{"embeddable":true,"href":"https:\/\/novalimglutenfree.com\/de\/wp-json\/wp\/v2\/comments?post=1346"}],"version-history":[{"count":7,"href":"https:\/\/novalimglutenfree.com\/de\/wp-json\/wp\/v2\/pages\/1346\/revisions"}],"predecessor-version":[{"id":10291,"href":"https:\/\/novalimglutenfree.com\/de\/wp-json\/wp\/v2\/pages\/1346\/revisions\/10291"}],"wp:attachment":[{"href":"https:\/\/novalimglutenfree.com\/de\/wp-json\/wp\/v2\/media?parent=1346"}],"curies":[{"name":"wp","href":"https:\/\/api.w.org\/{rel}","templated":true}]}}