{"id":6089,"date":"2016-05-06T09:41:00","date_gmt":"2016-05-06T07:41:00","guid":{"rendered":"http:\/\/novalimglutenfree.com\/obchod\/nezaraden\u00e9\/nizkobielkovinove-cestoviny-aprocel-kolienka\/"},"modified":"2018-09-21T13:03:53","modified_gmt":"2018-09-21T11:03:53","slug":"nizkobielkovinove-cestoviny-aprocel-kolienka","status":"publish","type":"product","link":"https:\/\/novalimglutenfree.com\/cs\/obchod\/cestoviny-cs\/nizkobielkovinove-cestoviny-cs\/nizkobielkovinove-cestoviny-aprocel-kolienka\/","title":{"rendered":"N\u00edzkobielkovinov\u00e9 cestoviny APROCEL-kolienka"},"content":{"rendered":"<p>APROCEL\u00ae je registrovan\u00e1 ochrann\u00e1 zn\u00e1mka pre n\u00edzkobielkovinov\u00e9 cestoviny. Obsah bielkov\u00edn maxim\u00e1lne 0,5 g\/100 g, fenylalanin max. 20 mg\/100 g. N\u00edzkobielkovinov\u00e9 cestoviny sa vyr\u00e1baj\u00fa v \u0161irokom sortimente.<br \/>\nPon\u00fakame nasledovn\u00e9 tvary:<br \/>\nni\u0165ovky, abeceda, rezance, mu\u0161le, kolienka ve\u013ek\u00e9 a mal\u00e9, flia\u010dky ve\u013ek\u00e9 a mal\u00e9, tarho\u0148a, \u0161pir\u00e1ly, \u0161pagety.<br \/>\nV\u0161etky cestoviny maj\u00fa 12-mesa\u010dn\u00fa trvanlivos\u0165.<\/p>\n<p>Dietetick\u00e1 potravina na osobitn\u00e9 medic\u00ednske \u00fa\u010dely. Potravina nie je vhodn\u00e1 na pou\u017e\u00edvanie ako jedin\u00fd zdroj v\u00fd\u017eivy. Prirodzene bezglut\u00e9nov\u00fd produkt. <strong>Di\u00e9ta pri celiakii a fenylketon\u00farii (PKU). <\/strong><\/p>\n<p>Balenie: 250g<\/p>\n<p>Inform\u00e1cie o v\u00fdrobku:<\/p>\n<p>Zlo\u017eenie:<br \/>\nkukuri\u010dn\u00fd \u0161krob, emulg\u00e1tor E471, pr\u00edrodn\u00e9 farbivo kurkuma (E100).<br \/>\n(glut\u00e9n &lt; 20 mg\/kg)<\/p>\n<p>100 g v\u00fdrobku priemerne obsahuje:<\/p>\n<p><strong>Energetick\u00e1 hodnota:<\/strong> 1558 kJ, 367 kcal; <strong>Tuky:<\/strong> 1,4 g z toho nas\u00fdten\u00e9 mastn\u00e9 kyseliny 0 g; <strong>Sacharidy:<\/strong> 87,7 g z toho cukry 0 g; <strong>Vl\u00e1knina:<\/strong> 1 g; <strong>Bielkoviny:<\/strong> 0,4 g; <b>So\u013e<\/b>: 0,02 g; <strong>Fenylalan\u00edn: <\/strong>15 mg;<\/p>\n","protected":false},"excerpt":{"rendered":"<p>APROCEL\u00ae je registrovan\u00e1 ochrann\u00e1 zn\u00e1mka pre n\u00edzkobielkovinov\u00e9 cestoviny. Obsah bielkov\u00edn maxim\u00e1lne 0,5 g\/100 g, fenylalanin max. 20 mg\/100 g. N\u00edzkobielkovinov\u00e9 cestoviny sa vyr\u00e1baj\u00fa v \u0161irokom sortimente.<br \/>\nPon\u00fakame nasledovn\u00e9 tvary:<br \/>\nni\u0165ovky, abeceda, rezance, mu\u0161le, kolienka ve\u013ek\u00e9 a mal\u00e9, flia\u010dky ve\u013ek\u00e9 a mal\u00e9, tarho\u0148a, \u0161pir\u00e1ly, \u0161pagety.<br \/>\nV\u0161etky cestoviny maj\u00fa 12-mesa\u010dn\u00fa trvanlivos\u0165.<\/p>\n<p>Dietetick\u00e1 potravina na osobitn\u00e9 medic\u00ednske \u00fa\u010dely. Potravina nie je vhodn\u00e1 na pou\u017e\u00edvanie ako jedin\u00fd zdroj v\u00fd\u017eivy. Prirodzene bezglut\u00e9nov\u00fd produkt. <strong>Di\u00e9ta pri celiakii a fenylketon\u00farii (PKU). <\/strong><\/p>\n","protected":false},"featured_media":6075,"comment_status":"closed","ping_status":"closed","template":"","meta":[],"yoast_head":"<!-- This site is optimized with the Yoast SEO plugin v15.7 - https:\/\/yoast.com\/wordpress\/plugins\/seo\/ -->\n<title>N\u00edzkobielkovinov\u00e9 cestoviny APROCEL-kolienka - Novalim<\/title>\n<meta name=\"robots\" content=\"index, follow, max-snippet:-1, max-image-preview:large, max-video-preview:-1\" \/>\n<link rel=\"canonical\" href=\"https:\/\/www.novalimglutenfree.com\/cs\/obchod\/cestoviny-cs\/nizkobielkovinove-cestoviny-cs\/nizkobielkovinove-cestoviny-aprocel-kolienka\/\" \/>\n<meta property=\"og:locale\" content=\"cs_CZ\" \/>\n<meta property=\"og:type\" content=\"article\" \/>\n<meta property=\"og:title\" content=\"N\u00edzkobielkovinov\u00e9 cestoviny APROCEL-kolienka - Novalim\" \/>\n<meta property=\"og:description\" content=\"APROCEL\u00ae je registrovan\u00e1 ochrann\u00e1 zn\u00e1mka pre n\u00edzkobielkovinov\u00e9 cestoviny. Obsah bielkov\u00edn maxim\u00e1lne 0,5 g\/100 g, fenylalanin max. 20 mg\/100 g. N\u00edzkobielkovinov\u00e9 cestoviny sa vyr\u00e1baj\u00fa v \u0161irokom sortimente. Pon\u00fakame nasledovn\u00e9 tvary: ni\u0165ovky, abeceda, rezance, mu\u0161le, kolienka ve\u013ek\u00e9 a mal\u00e9, flia\u010dky ve\u013ek\u00e9 a mal\u00e9, tarho\u0148a, \u0161pir\u00e1ly, \u0161pagety. V\u0161etky cestoviny maj\u00fa 12-mesa\u010dn\u00fa trvanlivos\u0165.  Dietetick\u00e1 potravina na osobitn\u00e9 medic\u00ednske \u00fa\u010dely. Potravina nie je vhodn\u00e1 na pou\u017e\u00edvanie ako jedin\u00fd zdroj v\u00fd\u017eivy. Prirodzene bezglut\u00e9nov\u00fd produkt. Di\u00e9ta pri celiakii a fenylketon\u00farii (PKU).\" \/>\n<meta property=\"og:url\" content=\"https:\/\/www.novalimglutenfree.com\/cs\/obchod\/cestoviny-cs\/nizkobielkovinove-cestoviny-cs\/nizkobielkovinove-cestoviny-aprocel-kolienka\/\" \/>\n<meta property=\"og:site_name\" content=\"Novalim\" \/>\n<meta property=\"article:modified_time\" content=\"2018-09-21T11:03:53+00:00\" \/>\n<meta property=\"og:image\" content=\"https:\/\/novalimglutenfree.com\/wp-content\/uploads\/2016\/05\/Aprocel-3.jpg\" \/>\n\t<meta property=\"og:image:width\" content=\"456\" \/>\n\t<meta property=\"og:image:height\" content=\"617\" \/>\n<meta name=\"twitter:card\" content=\"summary\" \/>\n<meta name=\"twitter:label1\" content=\"Odhadovan\u00e1 doba \u010dten\u00ed\">\n\t<meta name=\"twitter:data1\" content=\"1 minuta\">\n<script type=\"application\/ld+json\" class=\"yoast-schema-graph\">{\"@context\":\"https:\/\/schema.org\",\"@graph\":[{\"@type\":\"WebSite\",\"@id\":\"https:\/\/www.novalimglutenfree.com\/de\/#website\",\"url\":\"https:\/\/www.novalimglutenfree.com\/de\/\",\"name\":\"Novalim\",\"description\":\"Bezlepkov\\u00e9 potraviny, bezlepkov\\u00e9 recepty, celiakia, PKU\",\"potentialAction\":[{\"@type\":\"SearchAction\",\"target\":\"https:\/\/www.novalimglutenfree.com\/de\/?s={search_term_string}\",\"query-input\":\"required name=search_term_string\"}],\"inLanguage\":\"cs\"},{\"@type\":\"ImageObject\",\"@id\":\"https:\/\/www.novalimglutenfree.com\/cs\/obchod\/cestoviny-cs\/nizkobielkovinove-cestoviny-cs\/nizkobielkovinove-cestoviny-aprocel-kolienka\/#primaryimage\",\"inLanguage\":\"cs\",\"url\":\"https:\/\/novalimglutenfree.com\/wp-content\/uploads\/2016\/05\/Aprocel-3.jpg\",\"width\":456,\"height\":617},{\"@type\":\"WebPage\",\"@id\":\"https:\/\/www.novalimglutenfree.com\/cs\/obchod\/cestoviny-cs\/nizkobielkovinove-cestoviny-cs\/nizkobielkovinove-cestoviny-aprocel-kolienka\/#webpage\",\"url\":\"https:\/\/www.novalimglutenfree.com\/cs\/obchod\/cestoviny-cs\/nizkobielkovinove-cestoviny-cs\/nizkobielkovinove-cestoviny-aprocel-kolienka\/\",\"name\":\"N\\u00edzkobielkovinov\\u00e9 cestoviny APROCEL-kolienka - Novalim\",\"isPartOf\":{\"@id\":\"https:\/\/www.novalimglutenfree.com\/de\/#website\"},\"primaryImageOfPage\":{\"@id\":\"https:\/\/www.novalimglutenfree.com\/cs\/obchod\/cestoviny-cs\/nizkobielkovinove-cestoviny-cs\/nizkobielkovinove-cestoviny-aprocel-kolienka\/#primaryimage\"},\"datePublished\":\"2016-05-06T07:41:00+00:00\",\"dateModified\":\"2018-09-21T11:03:53+00:00\",\"inLanguage\":\"cs\",\"potentialAction\":[{\"@type\":\"ReadAction\",\"target\":[\"https:\/\/www.novalimglutenfree.com\/cs\/obchod\/cestoviny-cs\/nizkobielkovinove-cestoviny-cs\/nizkobielkovinove-cestoviny-aprocel-kolienka\/\"]}]}]}<\/script>\n<!-- \/ Yoast SEO plugin. -->","_links":{"self":[{"href":"https:\/\/novalimglutenfree.com\/cs\/wp-json\/wp\/v2\/product\/6089"}],"collection":[{"href":"https:\/\/novalimglutenfree.com\/cs\/wp-json\/wp\/v2\/product"}],"about":[{"href":"https:\/\/novalimglutenfree.com\/cs\/wp-json\/wp\/v2\/types\/product"}],"replies":[{"embeddable":true,"href":"https:\/\/novalimglutenfree.com\/cs\/wp-json\/wp\/v2\/comments?post=6089"}],"version-history":[{"count":0,"href":"https:\/\/novalimglutenfree.com\/cs\/wp-json\/wp\/v2\/product\/6089\/revisions"}],"wp:featuredmedia":[{"embeddable":true,"href":"https:\/\/novalimglutenfree.com\/cs\/wp-json\/wp\/v2\/media\/6075"}],"wp:attachment":[{"href":"https:\/\/novalimglutenfree.com\/cs\/wp-json\/wp\/v2\/media?parent=6089"}],"curies":[{"name":"wp","href":"https:\/\/api.w.org\/{rel}","templated":true}]}}