{"id":10814,"date":"2016-05-06T09:40:34","date_gmt":"2016-05-06T07:40:34","guid":{"rendered":"http:\/\/novalimglutenfree.com\/obchod\/nezaraden\u00e9\/bezlepkove-cestoviny-procel-nitovky\/"},"modified":"2023-03-31T14:01:59","modified_gmt":"2023-03-31T12:01:59","slug":"bezlepkove-cestoviny-procel-nitovky","status":"publish","type":"product","link":"https:\/\/novalimglutenfree.com\/cs\/obchod\/cestoviny-cs\/bezlepkove-cestoviny-cs\/bezlepkove-cestoviny-procel-nitovky\/","title":{"rendered":"Bezglut\u00e9nov\u00e9 cestoviny PROCEL &#8211; ni\u0165ovky"},"content":{"rendered":"<p>PROCEL\u00ae &#8211; \u0161tandardn\u00e9 cestoviny na b\u00e1ze kukuri\u010dn\u00e9ho \u0161krobu s obsahom vaje\u010dn\u00e9ho bielku. S\u00fa vyroben\u00e9 <strong>z prirodzene bezlepkov\u00fdch<\/strong> a bezp\u0161eni\u010dn\u00fdch surov\u00edn. Vhodn\u00e9 pre v\u00fd\u017eivu pri celiakii, resp. sprue.<\/p>\n<p>Hmotnos\u0165: 250 g<\/p>\n<p><strong>Inform\u00e1cie o v\u00fdrobku:<\/strong><\/p>\n<p>Zlo\u017eenie:<br \/>\nkuku\u0159i\u010dn\u00fd \u0161krob, modifikovan\u00fd kuku\u0159i\u010dn\u00fd \u0161krob, <strong>su\u0161en\u00fd vaje\u010dn\u00fd b\u00edlek<\/strong>, emulg\u00e1tor: mono a diglyceridy nenasycen\u00fdch mastn\u00fdch kysel\u00edn, p\u0159\u00edrodn\u00ed barvivo kurkuma.<br \/>\n(glut\u00e9n &lt; 20 mg\/kg)<\/p>\n<p>100 g v\u00fdrobku priemerne obsahuje:<br \/>\n<strong>Energetick\u00e1 hodnota:<\/strong> 1542 kJ, 363 kcal; <strong>Tuky:<\/strong> 0,8 g z toho 0,1 g nas\u00fdten\u00e9 mastn\u00e9 kyseliny; <strong>Sacharidy:<\/strong> 86,4 g z toho 0,1 g cukry; <strong>Vl\u00e1knina:<\/strong> 1,0 g; <strong>Bielkoviny:<\/strong> 2,1 g; <strong>So\u013e:<\/strong> 0,1 g;<\/p>\n","protected":false},"excerpt":{"rendered":"<p>PROCEL\u00ae &#8211; \u0161tandardn\u00e9 cestoviny na b\u00e1ze kukuri\u010dn\u00e9ho \u0161krobu s obsahom vaje\u010dn\u00e9ho bielku. S\u00fa vyroben\u00e9 <strong>z prirodzene bezlepkov\u00fdch<\/strong> a bezp\u0161eni\u010dn\u00fdch surov\u00edn. Vhodn\u00e9 pre v\u00fd\u017eivu pri celiakii, resp. sprue.<\/p>\n","protected":false},"featured_media":10810,"comment_status":"closed","ping_status":"closed","template":"","meta":[],"yoast_head":"<!-- This site is optimized with the Yoast SEO plugin v15.7 - https:\/\/yoast.com\/wordpress\/plugins\/seo\/ -->\n<title>Bezglut\u00e9nov\u00e9 cestoviny PROCEL - ni\u0165ovky - Novalim<\/title>\n<meta name=\"robots\" content=\"index, follow, max-snippet:-1, max-image-preview:large, max-video-preview:-1\" \/>\n<link rel=\"canonical\" href=\"https:\/\/www.novalimglutenfree.com\/cs\/obchod\/cestoviny-cs\/bezlepkove-cestoviny-cs\/bezlepkove-cestoviny-procel-nitovky\/\" \/>\n<meta property=\"og:locale\" content=\"cs_CZ\" \/>\n<meta property=\"og:type\" content=\"article\" \/>\n<meta property=\"og:title\" content=\"Bezglut\u00e9nov\u00e9 cestoviny PROCEL - ni\u0165ovky - Novalim\" \/>\n<meta property=\"og:description\" content=\"PROCEL\u00ae - \u0161tandardn\u00e9 cestoviny na b\u00e1ze kukuri\u010dn\u00e9ho \u0161krobu s obsahom vaje\u010dn\u00e9ho bielku. S\u00fa vyroben\u00e9 z prirodzene bezlepkov\u00fdch a bezp\u0161eni\u010dn\u00fdch surov\u00edn. Vhodn\u00e9 pre v\u00fd\u017eivu pri celiakii, resp. sprue.\" \/>\n<meta property=\"og:url\" content=\"https:\/\/www.novalimglutenfree.com\/cs\/obchod\/cestoviny-cs\/bezlepkove-cestoviny-cs\/bezlepkove-cestoviny-procel-nitovky\/\" \/>\n<meta property=\"og:site_name\" content=\"Novalim\" \/>\n<meta property=\"article:modified_time\" content=\"2023-03-31T12:01:59+00:00\" \/>\n<meta property=\"og:image\" content=\"https:\/\/novalimglutenfree.com\/wp-content\/uploads\/2016\/05\/NOVALIM_cestoviny_hruby-mockup_NITOVKY-1.jpg\" \/>\n\t<meta property=\"og:image:width\" content=\"1171\" \/>\n\t<meta property=\"og:image:height\" content=\"1240\" \/>\n<meta name=\"twitter:card\" content=\"summary\" \/>\n<meta name=\"twitter:label1\" content=\"Odhadovan\u00e1 doba \u010dten\u00ed\">\n\t<meta name=\"twitter:data1\" content=\"1 minuta\">\n<script type=\"application\/ld+json\" class=\"yoast-schema-graph\">{\"@context\":\"https:\/\/schema.org\",\"@graph\":[{\"@type\":\"WebSite\",\"@id\":\"https:\/\/www.novalimglutenfree.com\/de\/#website\",\"url\":\"https:\/\/www.novalimglutenfree.com\/de\/\",\"name\":\"Novalim\",\"description\":\"Bezlepkov\\u00e9 potraviny, bezlepkov\\u00e9 recepty, celiakia, PKU\",\"potentialAction\":[{\"@type\":\"SearchAction\",\"target\":\"https:\/\/www.novalimglutenfree.com\/de\/?s={search_term_string}\",\"query-input\":\"required name=search_term_string\"}],\"inLanguage\":\"cs\"},{\"@type\":\"ImageObject\",\"@id\":\"https:\/\/www.novalimglutenfree.com\/cs\/obchod\/cestoviny-cs\/bezlepkove-cestoviny-cs\/bezlepkove-cestoviny-procel-nitovky\/#primaryimage\",\"inLanguage\":\"cs\",\"url\":\"https:\/\/novalimglutenfree.com\/wp-content\/uploads\/2016\/05\/NOVALIM_cestoviny_hruby-mockup_NITOVKY-1.jpg\",\"width\":1171,\"height\":1240},{\"@type\":\"WebPage\",\"@id\":\"https:\/\/www.novalimglutenfree.com\/cs\/obchod\/cestoviny-cs\/bezlepkove-cestoviny-cs\/bezlepkove-cestoviny-procel-nitovky\/#webpage\",\"url\":\"https:\/\/www.novalimglutenfree.com\/cs\/obchod\/cestoviny-cs\/bezlepkove-cestoviny-cs\/bezlepkove-cestoviny-procel-nitovky\/\",\"name\":\"Bezglut\\u00e9nov\\u00e9 cestoviny PROCEL - ni\\u0165ovky - Novalim\",\"isPartOf\":{\"@id\":\"https:\/\/www.novalimglutenfree.com\/de\/#website\"},\"primaryImageOfPage\":{\"@id\":\"https:\/\/www.novalimglutenfree.com\/cs\/obchod\/cestoviny-cs\/bezlepkove-cestoviny-cs\/bezlepkove-cestoviny-procel-nitovky\/#primaryimage\"},\"datePublished\":\"2016-05-06T07:40:34+00:00\",\"dateModified\":\"2023-03-31T12:01:59+00:00\",\"inLanguage\":\"cs\",\"potentialAction\":[{\"@type\":\"ReadAction\",\"target\":[\"https:\/\/www.novalimglutenfree.com\/cs\/obchod\/cestoviny-cs\/bezlepkove-cestoviny-cs\/bezlepkove-cestoviny-procel-nitovky\/\"]}]}]}<\/script>\n<!-- \/ Yoast SEO plugin. -->","_links":{"self":[{"href":"https:\/\/novalimglutenfree.com\/cs\/wp-json\/wp\/v2\/product\/10814"}],"collection":[{"href":"https:\/\/novalimglutenfree.com\/cs\/wp-json\/wp\/v2\/product"}],"about":[{"href":"https:\/\/novalimglutenfree.com\/cs\/wp-json\/wp\/v2\/types\/product"}],"replies":[{"embeddable":true,"href":"https:\/\/novalimglutenfree.com\/cs\/wp-json\/wp\/v2\/comments?post=10814"}],"version-history":[{"count":0,"href":"https:\/\/novalimglutenfree.com\/cs\/wp-json\/wp\/v2\/product\/10814\/revisions"}],"wp:featuredmedia":[{"embeddable":true,"href":"https:\/\/novalimglutenfree.com\/cs\/wp-json\/wp\/v2\/media\/10810"}],"wp:attachment":[{"href":"https:\/\/novalimglutenfree.com\/cs\/wp-json\/wp\/v2\/media?parent=10814"}],"curies":[{"name":"wp","href":"https:\/\/api.w.org\/{rel}","templated":true}]}}